{"id":2041,"date":"2021-01-08T13:48:21","date_gmt":"2021-01-08T12:48:21","guid":{"rendered":"https:\/\/regions-snetap-fsu.fr\/na\/?page_id=2041"},"modified":"2021-06-29T11:09:22","modified_gmt":"2021-06-29T09:09:22","slug":"action-sociale","status":"publish","type":"page","link":"https:\/\/regions-snetap-fsu.fr\/na\/action-sociale\/","title":{"rendered":"ACTION SOCIALE"},"content":{"rendered":"\n\t\t<div class=\"wppdfemb-frame-container-1\" style=\"-webkit-overflow-scrolling:auto;\">\n\t\t\t<iframe class=\"pdfembed-iframe nonfullscreen wppdf-emb-iframe-1\"\n\t\t\t\tsrc=\"https:\/\/regions-snetap-fsu.fr\/na\/?pdfemb-data=eyJ1cmwiOiJodHRwczpcL1wvcmVnaW9ucy1zbmV0YXAtZnN1LmZyXC9uYVwvd3AtY29udGVudFwvdXBsb2Fkc1wvc2l0ZXNcLzNcLzIwMjFcLzA2XC9TUklBUy1OQV9iaWxsZXR0ZXJpZS10aGVhdHJlcy1ib3JkZWxhaXMtMjAyMS5wZGYiLCJ0aXRsZSI6IlNSSUFTIE5BX2JpbGxldHRlcmllIHRoXHUwMGU5XHUwMGUydHJlcyBib3JkZWxhaXMgMjAyMSIsImluZGV4IjoxLCJwZGZJRCI6MjQ2Nn0\"\n\t\t\t\ttitle=\"SRIAS NA_billetterie th\u00e9\u00e2tres bordelais 2021\"\t\t\t\tdata-pdf-id=\"2466\"\n\t\t\t\tdata-pdf-index=\"1\"\n\t\t\t\tstyle=\"border:none;width:100%;max-width:100%;height:100vh;\"\n\t\t\t\tscrolling=\"yes\">\n\t\t\t<\/iframe>\n\t\t<\/div>\n\n\t\t\n<p>&nbsp;<\/p>\n<hr \/>\n<p><span style=\"font-family: Calibri\"><span style=\"font-size: large\">\n\t\t<div class=\"wppdfemb-frame-container-2\" style=\"-webkit-overflow-scrolling:auto;\">\n\t\t\t<iframe class=\"pdfembed-iframe nonfullscreen wppdf-emb-iframe-2\"\n\t\t\t\tsrc=\"https:\/\/regions-snetap-fsu.fr\/na\/?pdfemb-data=eyJ1cmwiOiJodHRwczpcL1wvcmVnaW9ucy1zbmV0YXAtZnN1LmZyXC9uYVwvd3AtY29udGVudFwvdXBsb2Fkc1wvc2l0ZXNcLzNcLzIwMjFcLzA2XC9Cb3JkZWF1eC1ndWlkZS12b3RyZS1hcGVyby5wZGYiLCJ0aXRsZSI6IkJvcmRlYXV4IGd1aWRlIHZvdHJlIGFwXHUwMGU5cm8iLCJpbmRleCI6MiwicGRmSUQiOjI0NTF9\"\n\t\t\t\ttitle=\"Bordeaux guide votre ap\u00e9ro\"\t\t\t\tdata-pdf-id=\"2451\"\n\t\t\t\tdata-pdf-index=\"2\"\n\t\t\t\tstyle=\"border:none;width:100%;max-width:100%;height:100vh;\"\n\t\t\t\tscrolling=\"yes\">\n\t\t\t<\/iframe>\n\t\t<\/div>\n\n\t\t<br \/>\nApr\u00e8s le Pays Basque et Arcachon, La SRIAS Nouvelle-Aquitaine vous propose une nouvelle escapade r\u00e9gionale : Bordeaux guide votre ap\u00e9ro &#8211; Les Chartrons : visite + d\u00e9gustation, le vendredi 2 juillet de 19 \u00e0 22h.<br \/>\nVous trouverez toutes les informations utiles sur la fiche jointe et l&rsquo;ensemble de nos actions sur <a href=\"https:\/\/www.sriasnouvelleaquitaine.fr\/\" target=\"_blank\" rel=\"noopener\">https:\/\/www.sriasnouvelleaquitaine.fr\/<\/a><\/span><\/span><\/p>\n<p>Bonne visite !<br \/>\nCordialement,<\/p>\n<hr \/>\n<p>La SRIAS Nouvelle-Aquitaine reconduit cette ann\u00e9e encore sa journ\u00e9e groupe au parc WALYGATOR \u00e0 AGEN (anciennement WALIBI).<\/p>\n<p>Cette journ\u00e9e aura lieu <strong>samedi 3 juillet<\/strong>, le parc nous ayant inform\u00e9s de sa r\u00e9ouverture \u00e0 compter du 12 juin.<\/p>\n<p><strong>Important : le pass sanitaire ne sera pas n\u00e9cessaire.<\/strong><\/p>\n<p>Vous trouverez la fiche d&rsquo;information et le bulletin d&rsquo;inscription sur le nouveau site internet : www.sriasnouvelleaquitaine.fr<\/p>\n<hr \/>\n<p>La SRIAS Nouvelle-Aquitaine reconduit cette ann\u00e9e encore ses escapades r\u00e9gionales : ARCACHON (5 juin), PAYS BASQUE (12 juin) et BRUGES r\u00e9serve naturelle (26 juin).<\/p>\n<p>Information et tarifs sur le nouveau site internet : www.sriasnouvelleaquitaine.fr<\/p>\n<hr \/>\n<p>La SRIAS Nouvelle-Aquitaine vous propose en partenariat avec CEZAM Nouvelle-Aquitaine de b\u00e9n\u00e9ficier de billets \u00e0 tarif r\u00e9duit pour le festival des FRANCOFOLIES \u00e0 LA ROCHELLE qui se tiendra du 10 au 14 juillet 2021.<\/p>\n<p>Vous trouverez toutes les informations utiles sur le nouveau site internet www.sriasnouvelleaquitaine.fr<\/p>\n<hr \/>\n<p>La catalogue 2021 des campings TOHAPI est disponible \u00e0 l&rsquo;adresse suivante :\u00a0<a href=\"https:\/\/fr.calameo.com\/read\/005040929bc0748b65b82\" target=\"_blank\" rel=\"noopener noreferrer\">https:\/\/fr.calameo.com\/read\/005040929bc0748b65b82<\/a><\/p>\n<hr \/>\n<p>Retrouvez les derni\u00e8res offres de la SRIAS (canyoning, escalade, initiation poney, d\u00e9couverte surf, escape game dans la cit\u00e9) sur leur tout nouveau site<\/p>\n<p><a href=\"https:\/\/www.sriasnouvelleaquitaine.fr\/\">https:\/\/www.sriasnouvelleaquitaine.fr\/<\/a><\/p>\n<hr \/>\n\n\t\t<div class=\"wppdfemb-frame-container-3\" style=\"-webkit-overflow-scrolling:auto;\">\n\t\t\t<iframe class=\"pdfembed-iframe nonfullscreen wppdf-emb-iframe-3\"\n\t\t\t\tsrc=\"https:\/\/regions-snetap-fsu.fr\/na\/?pdfemb-data=eyJ1cmwiOiJodHRwczpcL1wvcmVnaW9ucy1zbmV0YXAtZnN1LmZyXC9uYVwvd3AtY29udGVudFwvdXBsb2Fkc1wvc2l0ZXNcLzNcLzIwMjFcLzAzXC9jb3Vycy1kZS1zdXJmLnBkZiIsInRpdGxlIjoiY291cnMgZGUgc3VyZiIsImluZGV4IjozLCJwZGZJRCI6MjM0Mn0\"\n\t\t\t\ttitle=\"cours de surf\"\t\t\t\tdata-pdf-id=\"2342\"\n\t\t\t\tdata-pdf-index=\"3\"\n\t\t\t\tstyle=\"border:none;width:100%;max-width:100%;height:100vh;\"\n\t\t\t\tscrolling=\"yes\">\n\t\t\t<\/iframe>\n\t\t<\/div>\n\n\t\t\n<hr \/>\n\n\t\t<div class=\"wppdfemb-frame-container-4\" style=\"-webkit-overflow-scrolling:auto;\">\n\t\t\t<iframe class=\"pdfembed-iframe nonfullscreen wppdf-emb-iframe-4\"\n\t\t\t\tsrc=\"https:\/\/regions-snetap-fsu.fr\/na\/?pdfemb-data=eyJ1cmwiOiJodHRwczpcL1wvcmVnaW9ucy1zbmV0YXAtZnN1LmZyXC9uYVwvd3AtY29udGVudFwvdXBsb2Fkc1wvc2l0ZXNcLzNcLzIwMjFcLzAzXC9PREFMWVNfc2Vqb3Vycy1zdWJ2ZW50aW9ubmVzLWVuLWZvbmN0aW9uLWR1LVFGLnBkZiIsInRpdGxlIjoiT0RBTFlTX3NcdTAwZTlqb3VycyBzdWJ2ZW50aW9ublx1MDBlOXMgZW4gZm9uY3Rpb24gZHUgUUYiLCJpbmRleCI6NCwicGRmSUQiOjIzMjZ9\"\n\t\t\t\ttitle=\"ODALYS_s\u00e9jours subventionn\u00e9s en fonction du QF\"\t\t\t\tdata-pdf-id=\"2326\"\n\t\t\t\tdata-pdf-index=\"4\"\n\t\t\t\tstyle=\"border:none;width:100%;max-width:100%;height:100vh;\"\n\t\t\t\tscrolling=\"yes\">\n\t\t\t<\/iframe>\n\t\t<\/div>\n\n\t\t\n<hr \/>\n\n\t\t<div class=\"wppdfemb-frame-container-5\" style=\"-webkit-overflow-scrolling:auto;\">\n\t\t\t<iframe class=\"pdfembed-iframe nonfullscreen wppdf-emb-iframe-5\"\n\t\t\t\tsrc=\"https:\/\/regions-snetap-fsu.fr\/na\/?pdfemb-data=eyJ1cmwiOiJodHRwczpcL1wvcmVnaW9ucy1zbmV0YXAtZnN1LmZyXC9uYVwvd3AtY29udGVudFwvdXBsb2Fkc1wvc2l0ZXNcLzNcLzIwMjFcLzAzXC9UT1VSSVNUUkFfcGFzcy12YWNhbmNlcy0yMDIxLnBkZiIsInRpdGxlIjoiVE9VUklTVFJBX3Bhc3MgdmFjYW5jZXMgMjAyMSIsImluZGV4Ijo1LCJwZGZJRCI6MjI4N30\"\n\t\t\t\ttitle=\"TOURISTRA_pass vacances 2021\"\t\t\t\tdata-pdf-id=\"2287\"\n\t\t\t\tdata-pdf-index=\"5\"\n\t\t\t\tstyle=\"border:none;width:100%;max-width:100%;height:100vh;\"\n\t\t\t\tscrolling=\"yes\">\n\t\t\t<\/iframe>\n\t\t<\/div>\n\n\t\t\n<hr \/>\n<p><span style=\"font-size: xx-small\"><span style=\"font-family: Calibri\"><span style=\"font-size: 12pt\">Vous trouverez ci-joint l&rsquo;offre de PIERRE &amp; VACANCES pour l&rsquo;\u00e9t\u00e9 2021, en r\u00e9sidence, avec 3 destinations en Espagne (BENIDORM, SEVILLE et ANDORRE) et 2 destinations montagne : VALMEINIER et VAL THORENS.<\/span><br \/>\n<span style=\"font-size: 12pt\">Les tarifs pour une semaine de location vont de 151 \u20ac \u00e0 494 \u20ac selon la destination et les dates.<\/span><br \/>\n<\/span><\/span><\/p>\n<p>&nbsp;<\/p>\n<p>&nbsp;<\/p>\n<p>&nbsp;<\/p>\n<p>&nbsp;<\/p>\n\n\t\t<div class=\"wppdfemb-frame-container-6\" style=\"-webkit-overflow-scrolling:auto;\">\n\t\t\t<iframe class=\"pdfembed-iframe nonfullscreen wppdf-emb-iframe-6\"\n\t\t\t\tsrc=\"https:\/\/regions-snetap-fsu.fr\/na\/?pdfemb-data=eyJ1cmwiOiJodHRwczpcL1wvcmVnaW9ucy1zbmV0YXAtZnN1LmZyXC9uYVwvd3AtY29udGVudFwvdXBsb2Fkc1wvc2l0ZXNcLzNcLzIwMjFcLzAzXC9QSUVSUkUtVkFDQU5DRVNfZmljaGUtbG9jYXRpb24tZXRlLTIwMjExLnBkZiIsInRpdGxlIjoiUElFUlJFICZhbXA7IFZBQ0FOQ0VTX2ZpY2hlIGxvY2F0aW9uIFx1MDBlOXRcdTAwZTkgMjAyMSgxKSIsImluZGV4Ijo2LCJwZGZJRCI6MjI4Mn0\"\n\t\t\t\ttitle=\"PIERRE &amp; VACANCES_fiche location \u00e9t\u00e9 2021(1)\"\t\t\t\tdata-pdf-id=\"2282\"\n\t\t\t\tdata-pdf-index=\"6\"\n\t\t\t\tstyle=\"border:none;width:100%;max-width:100%;height:100vh;\"\n\t\t\t\tscrolling=\"yes\">\n\t\t\t<\/iframe>\n\t\t<\/div>\n\n\t\t\n<hr \/>\n\n\t\t<div class=\"wppdfemb-frame-container-7\" style=\"-webkit-overflow-scrolling:auto;\">\n\t\t\t<iframe class=\"pdfembed-iframe nonfullscreen wppdf-emb-iframe-7\"\n\t\t\t\tsrc=\"https:\/\/regions-snetap-fsu.fr\/na\/?pdfemb-data=eyJ1cmwiOiJodHRwczpcL1wvcmVnaW9ucy1zbmV0YXAtZnN1LmZyXC9uYVwvd3AtY29udGVudFwvdXBsb2Fkc1wvc2l0ZXNcLzNcLzIwMjFcLzAzXC9maWNoZS1qb3VybmVlcy1kZWNvdXZlcnRlLWVxdWl0YXRpb24ucGRmIiwidGl0bGUiOiJmaWNoZSBqb3Vyblx1MDBlOWVzIGRcdTAwZTljb3V2ZXJ0ZSBcdTAwZTlxdWl0YXRpb24iLCJpbmRleCI6NywicGRmSUQiOjIyNzV9\"\n\t\t\t\ttitle=\"fiche journ\u00e9es d\u00e9couverte \u00e9quitation\"\t\t\t\tdata-pdf-id=\"2275\"\n\t\t\t\tdata-pdf-index=\"7\"\n\t\t\t\tstyle=\"border:none;width:100%;max-width:100%;height:100vh;\"\n\t\t\t\tscrolling=\"yes\">\n\t\t\t<\/iframe>\n\t\t<\/div>\n\n\t\t\n<hr \/>\n\n\t\t<div class=\"wppdfemb-frame-container-8\" style=\"-webkit-overflow-scrolling:auto;\">\n\t\t\t<iframe class=\"pdfembed-iframe nonfullscreen wppdf-emb-iframe-8\"\n\t\t\t\tsrc=\"https:\/\/regions-snetap-fsu.fr\/na\/?pdfemb-data=eyJ1cmwiOiJodHRwczpcL1wvcmVnaW9ucy1zbmV0YXAtZnN1LmZyXC9uYVwvd3AtY29udGVudFwvdXBsb2Fkc1wvc2l0ZXNcLzNcLzIwMjFcLzAzXC9maWNoZS1iaWxsZXRzLUxhLVZhbGxlZS1kZXMtU2luZ2VzLnBkZiIsInRpdGxlIjoiZmljaGUgYmlsbGV0cyBMYSBWYWxsXHUwMGU5ZSBkZXMgU2luZ2VzIiwiaW5kZXgiOjgsInBkZklEIjoyMjc0fQ\"\n\t\t\t\ttitle=\"fiche billets La Vall\u00e9e des Singes\"\t\t\t\tdata-pdf-id=\"2274\"\n\t\t\t\tdata-pdf-index=\"8\"\n\t\t\t\tstyle=\"border:none;width:100%;max-width:100%;height:100vh;\"\n\t\t\t\tscrolling=\"yes\">\n\t\t\t<\/iframe>\n\t\t<\/div>\n\n\t\t\n<hr \/>\n<p>La SRIAS Nouvelle-Aquitaine vous propose cette ann\u00e9e un s\u00e9jour groupe en pension compl\u00e8te du 24 au 31 juillet 2021 en Provence ou \u00e0 l&rsquo;Ile d&rsquo;Ol\u00e9ron \u00e0 partir de 85\u20ac par personne.<\/p>\n<p>Vous trouverez ci-joint la fiche d&rsquo;information.<\/p>\n\n\t\t<div class=\"wppdfemb-frame-container-9\" style=\"-webkit-overflow-scrolling:auto;\">\n\t\t\t<iframe class=\"pdfembed-iframe nonfullscreen wppdf-emb-iframe-9\"\n\t\t\t\tsrc=\"https:\/\/regions-snetap-fsu.fr\/na\/?pdfemb-data=eyJ1cmwiOiJodHRwczpcL1wvcmVnaW9ucy1zbmV0YXAtZnN1LmZyXC9uYVwvd3AtY29udGVudFwvdXBsb2Fkc1wvc2l0ZXNcLzNcLzIwMjFcLzAyXC9maWNoZS1zZWpvdXItZ3JvdXBlLXBlbnNpb24tY29tcGxldGUtVUxGVi1Qcm92ZW5jZS1vdS1JbGUtRG9sZXJvbi5wZGYiLCJ0aXRsZSI6ImZpY2hlIHNcdTAwZTlqb3VyIGdyb3VwZSBwZW5zaW9uIGNvbXBsXHUwMGU4dGUgVUxGViBQcm92ZW5jZSBvdSBJbGUgRCdvbFx1MDBlOXJvbiIsImluZGV4Ijo5LCJwZGZJRCI6MjI2M30\"\n\t\t\t\ttitle=\"fiche s\u00e9jour groupe pension compl\u00e8te ULFV Provence ou Ile D&#039;ol\u00e9ron\"\t\t\t\tdata-pdf-id=\"2263\"\n\t\t\t\tdata-pdf-index=\"9\"\n\t\t\t\tstyle=\"border:none;width:100%;max-width:100%;height:100vh;\"\n\t\t\t\tscrolling=\"yes\">\n\t\t\t<\/iframe>\n\t\t<\/div>\n\n\t\t\n<p>&nbsp;<\/p>\n<hr \/>\n<p><span style=\"font-size: xx-small\"><span style=\"font-family: Calibri\"><span style=\"font-family: arial, helvetica, sans-serif;font-size: 12pt\">La SRIAS Nouvelle-Aquitaine vous propose cette ann\u00e9e (sous r\u00e9serve que les conditions sanitaires le permettent) un week-end au zooparc de Beauval les 11 et 12 septembre 2021.<\/span><\/span><\/span><\/p>\n<p><span style=\"font-family: arial, helvetica, sans-serif;font-size: 12pt\">Vous trouverez toutes les informations sur la fiche jointe.<\/span><\/p>\n<p><span style=\"font-family: arial, helvetica, sans-serif;font-size: 12pt\">L&rsquo;ensemble des offres est disponible sur le site de la Pr\u00e9fecture de R\u00e9gion.<\/span><br \/>\n<span style=\"font-family: arial, helvetica, sans-serif;font-size: 12pt\">Le nouveau site de la SRIAS devrait voir le jour fin mars.<\/span><br \/>\n&#8212;\n\t\t<div class=\"wppdfemb-frame-container-10\" style=\"-webkit-overflow-scrolling:auto;\">\n\t\t\t<iframe class=\"pdfembed-iframe nonfullscreen wppdf-emb-iframe-10\"\n\t\t\t\tsrc=\"https:\/\/regions-snetap-fsu.fr\/na\/?pdfemb-data=eyJ1cmwiOiJodHRwczpcL1wvcmVnaW9ucy1zbmV0YXAtZnN1LmZyXC9uYVwvd3AtY29udGVudFwvdXBsb2Fkc1wvc2l0ZXNcLzNcLzIwMjFcLzAyXC9maWNoZS1XRS1CRUFVVkFMLnBkZiIsInRpdGxlIjoiZmljaGUgV0UgQkVBVVZBTCIsImluZGV4IjoxMCwicGRmSUQiOjIyNjB9\"\n\t\t\t\ttitle=\"fiche WE BEAUVAL\"\t\t\t\tdata-pdf-id=\"2260\"\n\t\t\t\tdata-pdf-index=\"10\"\n\t\t\t\tstyle=\"border:none;width:100%;max-width:100%;height:100vh;\"\n\t\t\t\tscrolling=\"yes\">\n\t\t\t<\/iframe>\n\t\t<\/div>\n\n\t\t<\/p>\n<div class=\"moz-signature\">\n<div class=\"form\">\n<table style=\"width: 0%;height: 96px\" border=\"0\" cellspacing=\"0\" cellpadding=\"0\">\n<tbody>\n<tr style=\"height: 24px\">\n<td id=\"TexteNomPrenom\" style=\"height: 24px;width: 98.9744%\">Fanny MOROTE<\/td>\n<\/tr>\n<tr style=\"height: 24px\">\n<td id=\"TexteFonction\" style=\"height: 24px;width: 98.9744%\">Assistante<\/td>\n<\/tr>\n<tr style=\"height: 24px\">\n<td id=\"TexteFonction\" style=\"height: 24px;width: 98.9744%\">SRIAS Nouvelle-Aquitaine<\/td>\n<\/tr>\n<tr>\n<td id=\"TexteLibre\" style=\"width: 98.9744%\">T\u00e9l\u00e9phone :\u00a005 57 95 02 97<\/td>\n<\/tr>\n<\/tbody>\n<\/table>\n<table style=\"width: 66.1524%;height: 34px\" border=\"0\" cellspacing=\"2\" cellpadding=\"2\">\n<tbody>\n<tr style=\"height: 24px\">\n<td id=\"TexteInternet\" style=\"width: 421px;height: 24px\"><a href=\"http:\/\/www.prefectures-regions.gouv.fr\/aquitaine-limousin-poitou-charentes\" target=\"_blank\" rel=\"noopener noreferrer\">http:\/\/www.prefectures-regions.gouv.fr\/nouvelle-aquitaine<\/a><\/td>\n<\/tr>\n<tr style=\"height: 10px\">\n<td id=\"TexteSite\" style=\"width: 421px;height: 10px\"><\/td>\n<\/tr>\n<\/tbody>\n<\/table>\n<\/div>\n<\/div>\n<p>&nbsp;<\/p>\n<p>____________________________________________________________<\/p>\n<p>Retrouvez les derni\u00e8res offres vacances de la SRIAS Nouvelle Aquitaine.<\/p>\n<p>Mondiapic, VTF, Palmier Oc\u00e9an, Touristra<\/p>\n<p>L&rsquo;ensemble des offres est consultable sur le site de la Pr\u00e9fecture de R\u00e9gion.<br \/>\nLe nouveau site de la SRIAS devrait voir le jour fin mars.<\/p>\n<p>https:\/\/www.prefectures-regions.gouv.fr\/nouvelle-aquitaine\/Region-et-institutions\/Organisation-administrative-de-la-region\/Ressources-humaines-et-action-sociale\/La-Section-Regionale-Interministerielle-d-Action-Sociale-SRIAS<\/p>\n<p>Pour toute information contactez :<\/p>\n<table border=\"0\" cellspacing=\"0\" cellpadding=\"0\">\n<tbody>\n<tr>\n<td id=\"TexteNomPrenom\">Fanny MOROTE<\/td>\n<\/tr>\n<tr>\n<td id=\"TexteFonction\">Assistante<\/td>\n<\/tr>\n<tr>\n<td id=\"TexteFonction\">SRIAS Nouvelle-Aquitaine<\/td>\n<\/tr>\n<tr>\n<td id=\"TexteBureau\">Secr\u00e9tariat G\u00e9n\u00e9ral pour les Affaires R\u00e9gionales<\/td>\n<\/tr>\n<\/tbody>\n<\/table>\n<p>&nbsp;<\/p>\n<table border=\"0\" cellspacing=\"0\" cellpadding=\"0\">\n<tbody>\n<tr>\n<td id=\"TexteLibre\">4 b, Esplanade Charles-de-Gaulle 33077 BORDEAUX Cedex<\/td>\n<\/tr>\n<\/tbody>\n<\/table>\n<table border=\"0\" cellspacing=\"0\" cellpadding=\"0\">\n<tbody>\n<tr>\n<td id=\"TexteLibre\">T\u00e9l\u00e9phone :\u00a005 57 95 02 97<\/td>\n<\/tr>\n<\/tbody>\n<\/table>\n<table border=\"0\" cellspacing=\"2\" cellpadding=\"2\">\n<tbody>\n<tr>\n<td id=\"TexteInternet\"><a href=\"http:\/\/www.prefectures-regions.gouv.fr\/aquitaine-limousin-poitou-charentes\" target=\"_blank\" rel=\"noopener noreferrer\">http:\/\/www.prefectures-regions.gouv.fr\/nouvelle-aquitaine<\/a><\/td>\n<\/tr>\n<\/tbody>\n<\/table>\n<p>&nbsp;<\/p>\n<p><span style=\"font-size: 12pt\"><span style=\"font-family: Calibri\">______________________________________________________________________________________________________________<\/span><\/span><\/p>\n<p><span style=\"font-size: 12pt\"><span style=\"font-family: Calibri\">Vous trouverez ci-joint la fiche d&rsquo;information concernant les journ\u00e9es de pr\u00e9paration \u00e0 la retraite, pour l&rsquo;instant, uniquement pour le 1er trimestre 2021 et en ex Aquitaine.<br \/>\nDes journ\u00e9es sont en cours d&rsquo;\u00e9laboration en ex Poitou et ex Limousin.<br \/>\nBien \u00e9videmment, elles ne pourront se tenir en pr\u00e9sentiel, uniquement si d&rsquo;ici l\u00e0 l&rsquo;accueil d&rsquo;un groupe est possible.<\/span><\/span><\/p>\n<p><span style=\"font-size: 12pt\"><span style=\"font-family: Calibri\">\n\t\t<div class=\"wppdfemb-frame-container-11\" style=\"-webkit-overflow-scrolling:auto;\">\n\t\t\t<iframe class=\"pdfembed-iframe nonfullscreen wppdf-emb-iframe-11\"\n\t\t\t\tsrc=\"https:\/\/regions-snetap-fsu.fr\/na\/?pdfemb-data=eyJ1cmwiOiJodHRwczpcL1wvcmVnaW9ucy1zbmV0YXAtZnN1LmZyXC9uYVwvd3AtY29udGVudFwvdXBsb2Fkc1wvc2l0ZXNcLzNcLzIwMjFcLzAyXC9maWNoZS1qb3VybmVlcy1yZXRyYWl0ZS1QaGlsaXBwZS1DSEFSUklFUl8xZXItdHJpbWVzdHJlLTIwMjEtMS5wZGYiLCJ0aXRsZSI6ImZpY2hlIGpvdXJuXHUwMGU5ZXMgcmV0cmFpdGUgUGhpbGlwcGUgQ0hBUlJJRVJfMWVyIHRyaW1lc3RyZSAyMDIxLTEiLCJpbmRleCI6MTEsInBkZklEIjoyMjA1fQ\"\n\t\t\t\ttitle=\"fiche journ\u00e9es retraite Philippe CHARRIER_1er trimestre 2021-1\"\t\t\t\tdata-pdf-id=\"2205\"\n\t\t\t\tdata-pdf-index=\"11\"\n\t\t\t\tstyle=\"border:none;width:100%;max-width:100%;height:100vh;\"\n\t\t\t\tscrolling=\"yes\">\n\t\t\t<\/iframe>\n\t\t<\/div>\n\n\t\t<\/span><\/span><\/p>\n<p><span style=\"font-size: 12pt\"><span style=\"font-family: Calibri\"><br \/>\nL&rsquo;ensemble des actions de la SRIAS est consultable sur le site de la Pr\u00e9fecture de r\u00e9gion.<br \/>\nUn nouveau site internet est en cours d&rsquo;\u00e9laboration et devrait voir le jour \u00e0 la fin de ce premier trimestre 2021.<\/span><\/span><\/p>\n<p>______________________________________________________________________<\/p>\n<p><span style=\"font-size: xx-small\"><span style=\"font-family: Yu Gothic\">Vous trouverez ci-dessous un message de notre partenair<span style=\"font-size: 10pt\">e Le Cr\u00e9dit Municipal de Bordeaux.<\/span><br \/>\n<\/span><\/span><br \/>\nBonjour,<\/p>\n<p>J&rsquo;ai le plaisir de vous informer que nous organisons la semaine prochaine trois \u00e9v\u00e9nements :<\/p>\n<div class=\"moz-forward-container\">\n<div dir=\"ltr\">\n<div>\n<p>&#8211;<b>\u00a0Une vente aux ench\u00e8res qui se d\u00e9roulera le 21 janvier<\/b>\u00a0dans nos locaux, \u00e0 9h et \u00e0 14h<\/p>\n<div>\n<div dir=\"ltr\">\n<div dir=\"ltr\">\n<div dir=\"ltr\">\n<div dir=\"ltr\">\n<div dir=\"ltr\">\n<div dir=\"ltr\">\n<div dir=\"ltr\">\n<div dir=\"ltr\">\n<div>\u00a0 Le catalogue de la vente est disponible sur notre site :<\/div>\n<div>\u00a0\u00a0<a href=\"http:\/\/www.creditmunicipal-bordeaux.fr\/\" target=\"_blank\" rel=\"noopener noreferrer\">WWW.CREDITMUNICIPAL-BORDEAUX.FR<\/a><\/div>\n<div>&#8211;\u00a0<b>Des expertises gratuites de vos objets le 22 janvier<\/b>\u00a0dans nos locaux, de 9h30 \u00e0 12h30 et<\/div>\n<div>\u00a0 \u00e0 14h<\/div>\n<div>&#8211;\u00a0<b>Un atelier gemmologie (pierres pr\u00e9cieuses) le 22 janvier\u00a0<\/b>dans nos locaux de 14h30 \u00e0 16h.<\/div>\n<div>\u00a0 Sur inscription uniquement<\/div>\n<div>_____________________________________________________________________________<\/div>\n<\/div>\n<\/div>\n<\/div>\n<\/div>\n<\/div>\n<\/div>\n<\/div>\n<\/div>\n<\/div>\n<\/div>\n<\/div>\n<\/div>\n<p>Nous vous informons de l&rsquo;ouverture des r\u00e9servations \u00e9t\u00e9 chez notre partenaire vacances NEMEA.<br \/>\nNEMEA c&rsquo;est un large \u00e9ventail de destinations \u00e0 la mer, \u00e0 la montagne, \u00e0 la campagne et en ville.<br \/>\nCette saison NEMEA vous invite \u00e0 d\u00e9couvrir sa nouvelle destination \u00ab\u00a0Le Domaine d&rsquo;Uhaina\u00a0\u00bb \u00e0 URRUGNE, une r\u00e9sidence tout confort au coeur du Pays Basque avec piscines int\u00e9rieure et ext\u00e9rieure chauff\u00e9es, salle de sport, hammam et mini-club pour les 4-12 ans gratuit en juillet\/ao\u00fbt.<\/p>\n<p>Renseignements et r\u00e9servation sur\u00a0<a class=\"moz-txt-link-abbreviated\" href=\"http:\/\/www.nemea.fr\/\" target=\"_blank\" rel=\"noopener noreferrer\">www.nemea.fr<\/a>\u00a0ou au 05 56 01 73 00<br \/>\n______________________________________________________________________________<\/p>\n<p>Vous trouverez ci-dessous une offre de notre partenaire vacances ULVF pour le printemps et l&rsquo;\u00e9t\u00e9 2021 : jusqu&rsquo;\u00e0 15% de r\u00e9duction pour toute r\u00e9servation avant le 6 mars cumulable avec les 10% habituels.<br \/>\nLocation ou pension (demi ou compl\u00e8te).<br \/>\nDestinations \u00e0 d\u00e9couvrir sur\u00a0<a class=\"moz-txt-link-abbreviated\" href=\"http:\/\/www.vacances-ulvf.com\/\" target=\"_blank\" rel=\"noopener noreferrer\">www.vacances-ulvf.com<\/a><br \/>\nInformations et r\u00e9servation au 04 77 56 66 09<br \/>\nCode partenaire : 151123<\/p>\n<p>L&rsquo;ensemble de nos offres est disponible sur le site de la pr\u00e9fecture de r\u00e9gion.<\/p>\n\n\t\t<div class=\"wppdfemb-frame-container-12\" style=\"-webkit-overflow-scrolling:auto;\">\n\t\t\t<iframe class=\"pdfembed-iframe nonfullscreen wppdf-emb-iframe-12\"\n\t\t\t\tsrc=\"https:\/\/regions-snetap-fsu.fr\/na\/?pdfemb-data=eyJ1cmwiOiJodHRwczpcL1wvcmVnaW9ucy1zbmV0YXAtZnN1LmZyXC9uYVwvd3AtY29udGVudFwvdXBsb2Fkc1wvc2l0ZXNcLzNcLzIwMjFcLzAxXC9VTFZGX29mZnJlLTIwMjFfcmVzZXJ2YXRpb24tYXZhbnQtbGUtNi1tYXJzLnBkZiIsInRpdGxlIjoiVUxWRl9vZmZyZSAyMDIxX3JcdTAwZTlzZXJ2YXRpb24gYXZhbnQgbGUgNiBtYXJzIiwiaW5kZXgiOjEyLCJwZGZJRCI6MjA4OX0\"\n\t\t\t\ttitle=\"ULVF_offre 2021_r\u00e9servation avant le 6 mars\"\t\t\t\tdata-pdf-id=\"2089\"\n\t\t\t\tdata-pdf-index=\"12\"\n\t\t\t\tstyle=\"border:none;width:100%;max-width:100%;height:100vh;\"\n\t\t\t\tscrolling=\"yes\">\n\t\t\t<\/iframe>\n\t\t<\/div>\n\n\t\t\n<p>________________________________________________________<\/p>\n<p><span style=\"font-size: 12pt\"><span style=\"font-family: Yu Gothic\">Vous trouverez ci-joint une offre du prestataire CAMPING DIRECT \u00ab\u00a0Early booking\u00a0\u00bb : jusqu&rsquo;\u00e0 35% de remise &#8211; d\u00e8s 199\u20ac la semaine de location.<\/span><\/span><\/p>\n<p>Cette offre est valable pour <u><b>toute r\u00e9servation jusqu&rsquo;au 31 janvier 2021<\/b><\/u><b><u> sur des s\u00e9jours d&rsquo;une semaine<\/u><\/b> en location<b> <\/b>:<br \/>\n&gt; sur l&rsquo;ensemble des h\u00e9bergements : mobil-homes, roulottes, emplacements, cabanes dans les arbres, etc.<br \/>\n&gt; dans des campings haut de gamme 4 et 5*<\/p>\n<p>Information et r\u00e9servation sur <a class=\"moz-txt-link-freetext\" href=\"https:\/\/www.ce-campingdirect.com\/565\/fr\" target=\"_blank\" rel=\"noopener noreferrer\">https:\/\/www.ce-campingdirect.com\/565\/fr<\/a><\/p>\n<p>L&rsquo;ensemble de nos offres est disponible sur le site de la pr\u00e9fecture de r\u00e9gion.<\/p>\n<p>_______________________________________________________________________________________<\/p>\n<p><span style=\"font-size: xx-small\"><span style=\"font-family: Yu Gothic\"><span style=\"font-size: 12pt\">L&rsquo;offre du partenaire vacances AZUREVA pour 2021 est sortie !<\/span><\/span><\/span><\/p>\n<p><span style=\"font-size: 12pt\">Offres en pension compl\u00e8te, demi-pension, location ou camping.<\/span><br \/>\n<span style=\"font-size: 12pt\">Retrouvez toutes les informations sur le site <a class=\"moz-txt-link-abbreviated\" href=\"http:\/\/www.azureva-vacances.com\" target=\"_blank\" rel=\"noopener noreferrer\">www.azureva-vacances.com<\/a><\/span><\/p>\n<p><span style=\"font-size: 12pt\">R\u00e9servation par t\u00e9l\u00e9phone au 04 84 311 311 avec le code partenaire SBH pour b\u00e9n\u00e9ficier de 14% de r\u00e9duction.<\/span><\/p>\n<p>_____________________________________________________________________________________<\/p>\n<p>Vous trouverez ci-dessous une offre de notre partenaire vacances NEMEA pour l\u2019\u00e9t\u00e9 2021 : 12% de remise minimum sur les r\u00e9sidences NEMEA et 8% de remise minimum sur les r\u00e9sidences partenaires.<\/p>\n<p>R\u00e9servation directement aupr\u00e8s de NEMEA au 05 57 26 00 30 ou 05 57 26 99 31 ou sur <a class=\"moz-txt-link-abbreviated\" href=\"http:\/\/www.nemea.fr\" target=\"_blank\" rel=\"noopener noreferrer\">www.nemea.fr<\/a> avec le code partenaire SRIAS33.<\/p>\n<p><a href=\"https:\/\/regions-snetap-fsu.fr\/na\/wp-content\/uploads\/sites\/3\/2020\/12\/NEMEA_offre-ete-2021.pdf\">NEMEA_offre-ete-2021.pdf<\/a><\/p>\n<div class=\"pdfemb-viewer\">\n<div class=\"pdfemb-pagescontainer scrollbar-none grab-to-pan-grab\">\n<div class=\"pdfemb-inner-div pdfemb-page1\">_____________________________________________________________________________________<\/div>\n<\/div>\n<\/div>\n<div class=\"annotationLayer pdfembAnnotationLayer\"><\/div>\n<div class=\"textLayer pdfembTextLayer\"><\/div>\n<p>PIERRE &amp; VACANCES comprend les marques MAEVA, ADAGIO, CENTER PARCS et VILLAGES NATURE PARIS.<\/p>\n<p>Vous pouvez r\u00e9server votre s\u00e9jour par internet ou t\u00e9l\u00e9phone et b\u00e9n\u00e9ficier de remises importantes jusqu\u2019\u00e0 35%.<\/p>\n<p>Catalogue multi marques disponible sur\u00a0<a href=\"http:\/\/ce.groupepvcp.com\/\">ce.groupepvcp.com<\/a><\/p>\n<p>&gt;\u00a0<strong><u>R\u00e9servation par internet<\/u><\/strong>\u00a0sur\u00a0<a href=\"http:\/\/ce.groupepvcp.com\/\">ce.groupepvcp.com<\/a><br \/>\n&gt; Renseigner votre identifiant : 33sri<br \/>\n&gt; Saisir votre mot de passe : 89004<\/p>\n<p>&gt;\u00a0<u><strong>R\u00e9servation par t\u00e9l\u00e9phone<\/strong><\/u>\u00a0au 0 891 700 220 (0.25\u20ac\/min + prix appel)<br \/>\n&gt; Code PIERRE &amp; VACANCES, MAEVA, ADAGIO : 89004<br \/>\n&gt; Code CENTER PARCS et VILLAGES NATURE PARIS : CE099627<\/p>\n<hr \/>\n<p>&nbsp;<\/p>\n<p><span style=\"font-size: xx-small\"><span style=\"font-family: Yu Gothic\"><span style=\"font-size: 12pt\">La SRIAS Nouvelle-Aquitaine reconduit son op\u00e9ration \u00ab\u00a0billet 1 jour \u00e0 date libre\u00a0\u00bb avec le parc FUTUROSCOPE.<\/span><\/span><\/span><\/p>\n<p><span style=\"font-size: 12pt\">Vous trouverez\u00a0 toutes les informations sur le site de la pr\u00e9fecture : <a href=\"https:\/\/www.prefectures-regions.gouv.fr\/nouvelle-aquitaine\/Region-et-institutions\/Organisation-administrative-de-la-region\/Ressources-humaines-et-action-sociale\/La-Section-Regionale-Interministerielle-d-Action-Sociale-SRIAS\/Actions-en-faveur-des-familles\/#titre\">https:\/\/www.prefectures-regions.gouv.fr\/nouvelle-aquitaine\/Region-et-institutions\/Organisation-administrative-de-la-region\/Ressources-humaines-et-action-sociale\/La-Section-Regionale-Interministerielle-d-Action-Sociale-SRIAS\/Actions-en-faveur-des-familles\/#titre<\/a><\/span><\/p>\n","protected":false},"excerpt":{"rendered":"<p>&nbsp; Apr\u00e8s le Pays Basque et Arcachon, La SRIAS Nouvelle-Aquitaine vous propose une nouvelle escapade r\u00e9gionale : Bordeaux guide votre ap\u00e9ro &#8211; Les Chartrons : visite + d\u00e9gustation, le vendredi 2 juillet de 19 \u00e0 22h. Vous trouverez toutes les informations utiles sur la fiche jointe et l&rsquo;ensemble de nos actions sur https:\/\/www.sriasnouvelleaquitaine.fr\/ Bonne visite [&hellip;]<\/p>\n","protected":false},"author":99,"featured_media":1995,"parent":0,"menu_order":0,"comment_status":"closed","ping_status":"closed","template":"","meta":{"ocean_post_layout":"","ocean_both_sidebars_style":"","ocean_both_sidebars_content_width":0,"ocean_both_sidebars_sidebars_width":0,"ocean_sidebar":"0","ocean_second_sidebar":"0","ocean_disable_margins":"enable","ocean_add_body_class":"","ocean_shortcode_before_top_bar":"","ocean_shortcode_after_top_bar":"","ocean_shortcode_before_header":"","ocean_shortcode_after_header":"","ocean_has_shortcode":"","ocean_shortcode_after_title":"","ocean_shortcode_before_footer_widgets":"","ocean_shortcode_after_footer_widgets":"","ocean_shortcode_before_footer_bottom":"","ocean_shortcode_after_footer_bottom":"","ocean_display_top_bar":"default","ocean_display_header":"default","ocean_header_style":"","ocean_center_header_left_menu":"0","ocean_custom_header_template":"0","ocean_custom_logo":0,"ocean_custom_retina_logo":0,"ocean_custom_logo_max_width":0,"ocean_custom_logo_tablet_max_width":0,"ocean_custom_logo_mobile_max_width":0,"ocean_custom_logo_max_height":0,"ocean_custom_logo_tablet_max_height":0,"ocean_custom_logo_mobile_max_height":0,"ocean_header_custom_menu":"0","ocean_menu_typo_font_family":"0","ocean_menu_typo_font_subset":"","ocean_menu_typo_font_size":0,"ocean_menu_typo_font_size_tablet":0,"ocean_menu_typo_font_size_mobile":0,"ocean_menu_typo_font_size_unit":"px","ocean_menu_typo_font_weight":"","ocean_menu_typo_font_weight_tablet":"","ocean_menu_typo_font_weight_mobile":"","ocean_menu_typo_transform":"","ocean_menu_typo_transform_tablet":"","ocean_menu_typo_transform_mobile":"","ocean_menu_typo_line_height":0,"ocean_menu_typo_line_height_tablet":0,"ocean_menu_typo_line_height_mobile":0,"ocean_menu_typo_line_height_unit":"","ocean_menu_typo_spacing":0,"ocean_menu_typo_spacing_tablet":0,"ocean_menu_typo_spacing_mobile":0,"ocean_menu_typo_spacing_unit":"","ocean_menu_link_color":"","ocean_menu_link_color_hover":"","ocean_menu_link_color_active":"","ocean_menu_link_background":"","ocean_menu_link_hover_background":"","ocean_menu_link_active_background":"","ocean_menu_social_links_bg":"","ocean_menu_social_hover_links_bg":"","ocean_menu_social_links_color":"","ocean_menu_social_hover_links_color":"","ocean_disable_title":"default","ocean_disable_heading":"default","ocean_post_title":"","ocean_post_subheading":"","ocean_post_title_style":"","ocean_post_title_background_color":"","ocean_post_title_background":0,"ocean_post_title_bg_image_position":"","ocean_post_title_bg_image_attachment":"","ocean_post_title_bg_image_repeat":"","ocean_post_title_bg_image_size":"","ocean_post_title_height":0,"ocean_post_title_bg_overlay":0.5,"ocean_post_title_bg_overlay_color":"","ocean_disable_breadcrumbs":"default","ocean_breadcrumbs_color":"","ocean_breadcrumbs_separator_color":"","ocean_breadcrumbs_links_color":"","ocean_breadcrumbs_links_hover_color":"","ocean_display_footer_widgets":"default","ocean_display_footer_bottom":"default","ocean_custom_footer_template":"0","footnotes":""},"folder":[],"class_list":["post-2041","page","type-page","status-publish","has-post-thumbnail","hentry","entry","has-media"],"yoast_head":"<!-- This site is optimized with the Yoast SEO plugin v27.4 - https:\/\/yoast.com\/product\/yoast-seo-wordpress\/ -->\n<title>ACTION SOCIALE - NOUVELLE AQUITAINE<\/title>\n<meta name=\"robots\" content=\"index, follow, max-snippet:-1, max-image-preview:large, max-video-preview:-1\" \/>\n<link rel=\"canonical\" href=\"https:\/\/regions-snetap-fsu.fr\/na\/action-sociale\/\" \/>\n<meta property=\"og:locale\" content=\"fr_FR\" \/>\n<meta property=\"og:type\" content=\"article\" \/>\n<meta property=\"og:title\" content=\"ACTION SOCIALE - NOUVELLE AQUITAINE\" \/>\n<meta property=\"og:description\" content=\"&nbsp; Apr\u00e8s le Pays Basque et Arcachon, La SRIAS Nouvelle-Aquitaine vous propose une nouvelle escapade r\u00e9gionale : Bordeaux guide votre ap\u00e9ro &#8211; Les Chartrons : visite + d\u00e9gustation, le vendredi 2 juillet de 19 \u00e0 22h. Vous trouverez toutes les informations utiles sur la fiche jointe et l&rsquo;ensemble de nos actions sur https:\/\/www.sriasnouvelleaquitaine.fr\/ Bonne visite [&hellip;]\" \/>\n<meta property=\"og:url\" content=\"https:\/\/regions-snetap-fsu.fr\/na\/action-sociale\/\" \/>\n<meta property=\"og:site_name\" content=\"NOUVELLE AQUITAINE\" \/>\n<meta property=\"article:modified_time\" content=\"2021-06-29T09:09:22+00:00\" \/>\n<meta property=\"og:image\" content=\"https:\/\/regions-snetap-fsu.fr\/na\/wp-content\/uploads\/sites\/3\/2020\/12\/blog-logo-SRIAS.gif\" \/>\n\t<meta property=\"og:image:width\" content=\"435\" \/>\n\t<meta property=\"og:image:height\" content=\"200\" \/>\n\t<meta property=\"og:image:type\" content=\"image\/gif\" \/>\n<meta name=\"twitter:card\" content=\"summary_large_image\" \/>\n<meta name=\"twitter:label1\" content=\"Dur\u00e9e de lecture estim\u00e9e\" \/>\n\t<meta name=\"twitter:data1\" content=\"7 minutes\" \/>\n<script type=\"application\/ld+json\" class=\"yoast-schema-graph\">{\"@context\":\"https:\\\/\\\/schema.org\",\"@graph\":[{\"@type\":\"WebPage\",\"@id\":\"https:\\\/\\\/regions-snetap-fsu.fr\\\/na\\\/action-sociale\\\/\",\"url\":\"https:\\\/\\\/regions-snetap-fsu.fr\\\/na\\\/action-sociale\\\/\",\"name\":\"ACTION SOCIALE - NOUVELLE AQUITAINE\",\"isPartOf\":{\"@id\":\"https:\\\/\\\/regions-snetap-fsu.fr\\\/na\\\/#website\"},\"primaryImageOfPage\":{\"@id\":\"https:\\\/\\\/regions-snetap-fsu.fr\\\/na\\\/action-sociale\\\/#primaryimage\"},\"image\":{\"@id\":\"https:\\\/\\\/regions-snetap-fsu.fr\\\/na\\\/action-sociale\\\/#primaryimage\"},\"thumbnailUrl\":\"https:\\\/\\\/regions-snetap-fsu.fr\\\/na\\\/wp-content\\\/uploads\\\/sites\\\/3\\\/2020\\\/12\\\/blog-logo-SRIAS.gif\",\"datePublished\":\"2021-01-08T12:48:21+00:00\",\"dateModified\":\"2021-06-29T09:09:22+00:00\",\"breadcrumb\":{\"@id\":\"https:\\\/\\\/regions-snetap-fsu.fr\\\/na\\\/action-sociale\\\/#breadcrumb\"},\"inLanguage\":\"fr-FR\",\"potentialAction\":[{\"@type\":\"ReadAction\",\"target\":[\"https:\\\/\\\/regions-snetap-fsu.fr\\\/na\\\/action-sociale\\\/\"]}]},{\"@type\":\"ImageObject\",\"inLanguage\":\"fr-FR\",\"@id\":\"https:\\\/\\\/regions-snetap-fsu.fr\\\/na\\\/action-sociale\\\/#primaryimage\",\"url\":\"https:\\\/\\\/regions-snetap-fsu.fr\\\/na\\\/wp-content\\\/uploads\\\/sites\\\/3\\\/2020\\\/12\\\/blog-logo-SRIAS.gif\",\"contentUrl\":\"https:\\\/\\\/regions-snetap-fsu.fr\\\/na\\\/wp-content\\\/uploads\\\/sites\\\/3\\\/2020\\\/12\\\/blog-logo-SRIAS.gif\",\"width\":435,\"height\":200},{\"@type\":\"BreadcrumbList\",\"@id\":\"https:\\\/\\\/regions-snetap-fsu.fr\\\/na\\\/action-sociale\\\/#breadcrumb\",\"itemListElement\":[{\"@type\":\"ListItem\",\"position\":1,\"name\":\"Accueil\",\"item\":\"https:\\\/\\\/regions-snetap-fsu.fr\\\/na\\\/\"},{\"@type\":\"ListItem\",\"position\":2,\"name\":\"ACTION SOCIALE\"}]},{\"@type\":\"WebSite\",\"@id\":\"https:\\\/\\\/regions-snetap-fsu.fr\\\/na\\\/#website\",\"url\":\"https:\\\/\\\/regions-snetap-fsu.fr\\\/na\\\/\",\"name\":\"SNETAP-FSU NOUVELLE AQUITAINE\",\"description\":\"Blog de la Section R\u00e9gionale\",\"publisher\":{\"@id\":\"https:\\\/\\\/regions-snetap-fsu.fr\\\/na\\\/#organization\"},\"potentialAction\":[{\"@type\":\"SearchAction\",\"target\":{\"@type\":\"EntryPoint\",\"urlTemplate\":\"https:\\\/\\\/regions-snetap-fsu.fr\\\/na\\\/?s={search_term_string}\"},\"query-input\":{\"@type\":\"PropertyValueSpecification\",\"valueRequired\":true,\"valueName\":\"search_term_string\"}}],\"inLanguage\":\"fr-FR\"},{\"@type\":\"Organization\",\"@id\":\"https:\\\/\\\/regions-snetap-fsu.fr\\\/na\\\/#organization\",\"name\":\"SNETAP-FSU - Nouvelle Aquitaine\",\"url\":\"https:\\\/\\\/regions-snetap-fsu.fr\\\/na\\\/\",\"logo\":{\"@type\":\"ImageObject\",\"inLanguage\":\"fr-FR\",\"@id\":\"https:\\\/\\\/regions-snetap-fsu.fr\\\/na\\\/#\\\/schema\\\/logo\\\/image\\\/\",\"url\":\"https:\\\/\\\/regions-snetap-fsu.fr\\\/na\\\/wp-content\\\/uploads\\\/sites\\\/3\\\/2020\\\/12\\\/SNETAP-Logo.jpg\",\"contentUrl\":\"https:\\\/\\\/regions-snetap-fsu.fr\\\/na\\\/wp-content\\\/uploads\\\/sites\\\/3\\\/2020\\\/12\\\/SNETAP-Logo.jpg\",\"width\":464,\"height\":334,\"caption\":\"SNETAP-FSU - Nouvelle Aquitaine\"},\"image\":{\"@id\":\"https:\\\/\\\/regions-snetap-fsu.fr\\\/na\\\/#\\\/schema\\\/logo\\\/image\\\/\"}}]}<\/script>\n<!-- \/ Yoast SEO plugin. -->","yoast_head_json":{"title":"ACTION SOCIALE - NOUVELLE AQUITAINE","robots":{"index":"index","follow":"follow","max-snippet":"max-snippet:-1","max-image-preview":"max-image-preview:large","max-video-preview":"max-video-preview:-1"},"canonical":"https:\/\/regions-snetap-fsu.fr\/na\/action-sociale\/","og_locale":"fr_FR","og_type":"article","og_title":"ACTION SOCIALE - NOUVELLE AQUITAINE","og_description":"&nbsp; Apr\u00e8s le Pays Basque et Arcachon, La SRIAS Nouvelle-Aquitaine vous propose une nouvelle escapade r\u00e9gionale : Bordeaux guide votre ap\u00e9ro &#8211; Les Chartrons : visite + d\u00e9gustation, le vendredi 2 juillet de 19 \u00e0 22h. Vous trouverez toutes les informations utiles sur la fiche jointe et l&rsquo;ensemble de nos actions sur https:\/\/www.sriasnouvelleaquitaine.fr\/ Bonne visite [&hellip;]","og_url":"https:\/\/regions-snetap-fsu.fr\/na\/action-sociale\/","og_site_name":"NOUVELLE AQUITAINE","article_modified_time":"2021-06-29T09:09:22+00:00","og_image":[{"width":435,"height":200,"url":"https:\/\/regions-snetap-fsu.fr\/na\/wp-content\/uploads\/sites\/3\/2020\/12\/blog-logo-SRIAS.gif","type":"image\/gif"}],"twitter_card":"summary_large_image","twitter_misc":{"Dur\u00e9e de lecture estim\u00e9e":"7 minutes"},"schema":{"@context":"https:\/\/schema.org","@graph":[{"@type":"WebPage","@id":"https:\/\/regions-snetap-fsu.fr\/na\/action-sociale\/","url":"https:\/\/regions-snetap-fsu.fr\/na\/action-sociale\/","name":"ACTION SOCIALE - NOUVELLE AQUITAINE","isPartOf":{"@id":"https:\/\/regions-snetap-fsu.fr\/na\/#website"},"primaryImageOfPage":{"@id":"https:\/\/regions-snetap-fsu.fr\/na\/action-sociale\/#primaryimage"},"image":{"@id":"https:\/\/regions-snetap-fsu.fr\/na\/action-sociale\/#primaryimage"},"thumbnailUrl":"https:\/\/regions-snetap-fsu.fr\/na\/wp-content\/uploads\/sites\/3\/2020\/12\/blog-logo-SRIAS.gif","datePublished":"2021-01-08T12:48:21+00:00","dateModified":"2021-06-29T09:09:22+00:00","breadcrumb":{"@id":"https:\/\/regions-snetap-fsu.fr\/na\/action-sociale\/#breadcrumb"},"inLanguage":"fr-FR","potentialAction":[{"@type":"ReadAction","target":["https:\/\/regions-snetap-fsu.fr\/na\/action-sociale\/"]}]},{"@type":"ImageObject","inLanguage":"fr-FR","@id":"https:\/\/regions-snetap-fsu.fr\/na\/action-sociale\/#primaryimage","url":"https:\/\/regions-snetap-fsu.fr\/na\/wp-content\/uploads\/sites\/3\/2020\/12\/blog-logo-SRIAS.gif","contentUrl":"https:\/\/regions-snetap-fsu.fr\/na\/wp-content\/uploads\/sites\/3\/2020\/12\/blog-logo-SRIAS.gif","width":435,"height":200},{"@type":"BreadcrumbList","@id":"https:\/\/regions-snetap-fsu.fr\/na\/action-sociale\/#breadcrumb","itemListElement":[{"@type":"ListItem","position":1,"name":"Accueil","item":"https:\/\/regions-snetap-fsu.fr\/na\/"},{"@type":"ListItem","position":2,"name":"ACTION SOCIALE"}]},{"@type":"WebSite","@id":"https:\/\/regions-snetap-fsu.fr\/na\/#website","url":"https:\/\/regions-snetap-fsu.fr\/na\/","name":"SNETAP-FSU NOUVELLE AQUITAINE","description":"Blog de la Section R\u00e9gionale","publisher":{"@id":"https:\/\/regions-snetap-fsu.fr\/na\/#organization"},"potentialAction":[{"@type":"SearchAction","target":{"@type":"EntryPoint","urlTemplate":"https:\/\/regions-snetap-fsu.fr\/na\/?s={search_term_string}"},"query-input":{"@type":"PropertyValueSpecification","valueRequired":true,"valueName":"search_term_string"}}],"inLanguage":"fr-FR"},{"@type":"Organization","@id":"https:\/\/regions-snetap-fsu.fr\/na\/#organization","name":"SNETAP-FSU - Nouvelle Aquitaine","url":"https:\/\/regions-snetap-fsu.fr\/na\/","logo":{"@type":"ImageObject","inLanguage":"fr-FR","@id":"https:\/\/regions-snetap-fsu.fr\/na\/#\/schema\/logo\/image\/","url":"https:\/\/regions-snetap-fsu.fr\/na\/wp-content\/uploads\/sites\/3\/2020\/12\/SNETAP-Logo.jpg","contentUrl":"https:\/\/regions-snetap-fsu.fr\/na\/wp-content\/uploads\/sites\/3\/2020\/12\/SNETAP-Logo.jpg","width":464,"height":334,"caption":"SNETAP-FSU - Nouvelle Aquitaine"},"image":{"@id":"https:\/\/regions-snetap-fsu.fr\/na\/#\/schema\/logo\/image\/"}}]}},"_links":{"self":[{"href":"https:\/\/regions-snetap-fsu.fr\/na\/wp-json\/wp\/v2\/pages\/2041","targetHints":{"allow":["GET"]}}],"collection":[{"href":"https:\/\/regions-snetap-fsu.fr\/na\/wp-json\/wp\/v2\/pages"}],"about":[{"href":"https:\/\/regions-snetap-fsu.fr\/na\/wp-json\/wp\/v2\/types\/page"}],"author":[{"embeddable":true,"href":"https:\/\/regions-snetap-fsu.fr\/na\/wp-json\/wp\/v2\/users\/99"}],"replies":[{"embeddable":true,"href":"https:\/\/regions-snetap-fsu.fr\/na\/wp-json\/wp\/v2\/comments?post=2041"}],"version-history":[{"count":26,"href":"https:\/\/regions-snetap-fsu.fr\/na\/wp-json\/wp\/v2\/pages\/2041\/revisions"}],"predecessor-version":[{"id":2467,"href":"https:\/\/regions-snetap-fsu.fr\/na\/wp-json\/wp\/v2\/pages\/2041\/revisions\/2467"}],"wp:featuredmedia":[{"embeddable":true,"href":"https:\/\/regions-snetap-fsu.fr\/na\/wp-json\/wp\/v2\/media\/1995"}],"wp:attachment":[{"href":"https:\/\/regions-snetap-fsu.fr\/na\/wp-json\/wp\/v2\/media?parent=2041"}],"wp:term":[{"taxonomy":"folder","embeddable":true,"href":"https:\/\/regions-snetap-fsu.fr\/na\/wp-json\/wp\/v2\/folder?post=2041"}],"curies":[{"name":"wp","href":"https:\/\/api.w.org\/{rel}","templated":true}]}}