{"id":74,"date":"2018-09-26T01:00:11","date_gmt":"2018-09-25T23:00:11","guid":{"rendered":"http:\/\/snetap-fsu.fr\/comp\/idf\/?page_id=74"},"modified":"2022-09-24T17:28:32","modified_gmt":"2022-09-24T15:28:32","slug":"action-sociale","status":"publish","type":"page","link":"https:\/\/regions-snetap-fsu.fr\/idf\/action-sociale\/","title":{"rendered":"Action sociale"},"content":{"rendered":"<p>Toute l&rsquo;action sociale possible ci-dessous \u00e0 savoir les prestations sociales interminist\u00e9rielles, l&rsquo;acc\u00e8s au logement en \u00cele-de-France,\u00a0L&rsquo;aide \u00e0 la scolarit\u00e9, les frais de s\u00e9jours de vos enfants, les aides \u00ab\u00a0famille\u00a0\u00bb, les prestations d\u00e9di\u00e9es aux enfants handicap\u00e9s, les ch\u00e8ques vacances, les compl\u00e9mentaire sant\u00e9, les aides financi\u00e8res non remboursables et les aides \u00e0 domicile pour les fonctionnaires de l&rsquo;Etat retrait\u00e9s.<\/p>\n<p><span style=\"color: #339966\"><a style=\"color: #339966\" href=\"https:\/\/www.snetap-fsu.fr\/Comment-s-informer-sur-nos-DROITS-SOCIAUX.html\" target=\"_blank\" rel=\"noopener\"><strong>Voir la synth\u00e8se r\u00e9alis\u00e9e par le Snetap-FSU national<\/strong><\/a><\/span><\/p>\n<hr \/>\n<p style=\"text-align: center\"><span style=\"font-size: 18pt\"><strong>Prestations sociales interminist\u00e9rielles\u00a0<\/strong><\/span><\/p>\n<p style=\"text-align: center\"><span style=\"color: #008000\"><a style=\"color: #008000\" href=\"http:\/\/srias.ile-de-france.gouv.fr\" target=\"_blank\" rel=\"noopener noreferrer\">http:\/\/srias.ile-de-france.gouv.fr<\/a><\/span><\/p>\n<p style=\"text-align: center\"><a href=\"https:\/\/fsu77.fsu.fr\/guide-des-prestations-interministerielles-daction-sociale-2020\/\"><br \/>\nCliquez sur l&rsquo;image pour la pr\u00e9sentation des prestations par la FSU (version 2020)<\/a><a href=\"https:\/\/fsu77.fsu.fr\/guide-des-prestations-interministerielles-daction-sociale-2020\/\" target=\"_blank\" rel=\"noopener noreferrer\"><img decoding=\"async\" class=\"aligncenter wp-image-882 size-thumbnail\" src=\"https:\/\/regions-snetap-fsu.fr\/idf\/wp-content\/uploads\/sites\/11\/2020\/10\/Capture-150x150.jpg\" alt=\"\" width=\"150\" height=\"150\" \/><\/a><\/p>\n<hr \/>\n<p style=\"text-align: center\"><span style=\"font-size: 14pt\"><strong>Acc\u00e8s au logement en \u00cele-de-France\u00a0<\/strong><\/span><\/p>\n<p style=\"text-align: left\"><span style=\"color: #008000\"><a style=\"color: #008000\" href=\"http:\/\/www.drihl.ile-de-france.developpement-durable.gouv.fr\/nos-actions-de-l-hebergement-au-logement-r2.html\" target=\"_blank\" rel=\"noopener noreferrer\">Acc\u00e8s au logement social IDF<\/a><\/span><\/p>\n<p style=\"text-align: left\"><span style=\"color: #008000\"><a style=\"color: #008000\" href=\"https:\/\/regions-snetap-fsu.fr\/idf\/wp-content\/uploads\/sites\/11\/2020\/09\/2020-03-26-LogT_Tempo-Hotels_Liste_VSP-1.pdf\" target=\"_blank\" rel=\"noopener noreferrer\">liste h\u00f4tels logements temporaires 2020<\/a><\/span><\/p>\n<p style=\"text-align: left\"><span style=\"color: #008000\"><a style=\"color: #008000\" href=\"https:\/\/regions-snetap-fsu.fr\/idf\/wp-content\/uploads\/sites\/11\/2020\/09\/2020-05-11-Hebergements_hoteliers-Procedure-Note_Signee.pdf\" target=\"_blank\" rel=\"noopener noreferrer\">Proc\u00e9dure r\u00e9servation h\u00f4tel-log tempo 2020<\/a><\/span><\/p>\n<p>&nbsp;<\/p>\n<hr \/>\n<p>&nbsp;<\/p>\n<p style=\"text-align: center\"><a href=\"https:\/\/regions-snetap-fsu.fr\/idf\/wp-content\/uploads\/sites\/11\/2021\/05\/Livret_Naitre_et_grandir-2021-04-26.pdf\" target=\"_blank\" rel=\"noopener\"><strong><span style=\"color: #008000\">GUIDE SRIAS IDF AIDE A LA PARENTALITE 2021\u00a0<\/span><\/strong><\/a><\/p>\n<p>&nbsp;<\/p>\n<hr \/>\n<p style=\"text-align: center\"><span style=\"font-size: 18pt\"><strong>L&rsquo;aide \u00e0 la scolarit\u00e9 \u00a0<\/strong><\/span><\/p>\n<div class=\"listedoc\">\n<p>Cette prestation destin\u00e9e \u00e0 aider les agents \u00e0 faire face aux frais engag\u00e9s pour les \u00e9tudes de leurs enfants.<\/p>\n<p>L\u2019allocation concerne\u00a0:<\/p>\n<ul class=\"spip\">\n<li>les \u00e9tudes sup\u00e9rieurs,<\/li>\n<li>les fili\u00e8res techniques, professionnelles, sports \u00e9tudes, arts plastiques, musicologie,<\/li>\n<li>les enfants en internat (<i>uniquement quand l\u2019\u00e9l\u00e8ve est \u00e0 l\u2019internat dans le cadre d\u2019une formation orient\u00e9e vers l\u2019une des fili\u00e8res techniques ou professionnelles. Par exemples en sports \u00e9tudes, arts plastiques ou en musicologie &#8211; \u00e9tudes sup\u00e9rieures ou pas). Les frais d\u2019internat des fili\u00e8res \u00ab\u00a0classiques\u00a0\u00bb de l\u2019enseignement secondaire sont exclus (par exemples les frais d\u2019internat des coll\u00e9giens et lyc\u00e9ens de l\u2019enseignement g\u00e9n\u00e9ral et technologique<\/i>).<\/li>\n<\/ul>\n<p>L\u2019\u00e9l\u00e8ve ou l\u2019\u00e9tudiant, hors apprentissage, ne doit pas \u00eatre r\u00e9mun\u00e9r\u00e9 dans le cadre de ses \u00e9tudes. Dans le cadre de l\u2019apprentissage le montant de l\u2019indemnit\u00e9 dont b\u00e9n\u00e9ficie l\u2019enfant est \u00e0 incorporer dans le revenu fiscal de r\u00e9f\u00e9rence (RFR) pour le calcul du QF.<\/p>\n<p>Il doit \u00eatre inscrit dans un \u00e9tablissement d\u2019enseignement public ou priv\u00e9 sous contrat avec l\u2019\u00e9tat ou dans un \u00e9tablissement priv\u00e9 donnant acc\u00e8s \u00e0 un dipl\u00f4me d\u2019\u00e9tat, et implant\u00e9 sur le territoire fran\u00e7ais.<\/p>\n<p>Sont \u00e9ligible \u00e0 l\u2019aide, les d\u00e9penses suivantes (<i>sur justificatifs<\/i>)\u00a0:<\/p>\n<ul class=\"spip\">\n<li>les frais de logement ou d\u2019internat,<br class=\"autobr\" \/>et, pour les \u00e9l\u00e8ves dans les fili\u00e8res techniques, professionnelles, sports \u00e9tudes, arts plastiques, musicologie<\/li>\n<li>les frais d\u2019\u00e9quipement scolaire obligatoires (HORS manuels scolaires).<\/li>\n<\/ul>\n<p>Montant de l\u2019aide\u00a0:<br class=\"autobr\" \/>Le montant de l\u2019aide est plafonn\u00e9 \u00e0\u00a0<strong>1 000 \u20ac<\/strong>\u00a0par enfant et par ann\u00e9e scolaire.<br class=\"autobr\" \/>Son montant est calcul\u00e9 sur la base d\u2019un nombre de points attribu\u00e9s en fonction des crit\u00e8res dessous d\u00e9finis\u00a0<i><strong>(<span style=\"color: #339966\"><a class=\"spip_in\" style=\"color: #339966\" href=\"https:\/\/intranet.agriculture.gouv.fr\/intranet.national.agriculture.rie.gouv.fr\/IMG\/pdf\/NdS2022_ANNEXES_F16a_F16b_cle054977.pdf\">Bar\u00e8me<\/a><\/span>)<\/strong>\u00a0<\/i>.<\/p>\n<p>Conditions d\u2019attribution\u00a0:<\/p>\n<ul class=\"spip\">\n<li>enfants fiscalement \u00e0 charge l\u2019ann\u00e9e N, ou, si l\u2019enfant a fait sa propre d\u00e9claration de revenus, il peut n\u00e9anmoins ouvrir droit \u00e0 la prestation et \u00eatre consid\u00e9r\u00e9 comme \u00ab\u00a0personne vivant au foyer\u00a0\u00bb pour le calcul du QF \u00e0 condition que les revenus qu\u2019il a d\u00e9clar\u00e9s soient int\u00e9gr\u00e9s au RFR pour le calcul du QF.<\/li>\n<li>une seule subvention par enfant et par an.<\/li>\n<li>l\u2019aide n\u2019est pas cumulable avec une aide financi\u00e8re vers\u00e9e pour le m\u00eame objet par l\u2019employeur du conjoint, sauf si le cumul est inf\u00e9rieur au montant calcul\u00e9, auquel cas, le diff\u00e9rentiel seul est servi.<\/li>\n<\/ul>\n<p>Le b\u00e9n\u00e9fice de cette aide est soumis \u00e0 conditions de ressources.<\/p>\n<p>Toutes les informations figurent dans la\u00a0<span style=\"color: #339966\"><a class=\"spip_out\" style=\"color: #339966\" title=\"Note de service SG\/SRH\/SDDPRS\/2022-162 (nouvelle fenetre)\" href=\"https:\/\/intranet.agriculture.gouv.fr\/intranet.national.agriculture.rie.gouv.fr\/IMG\/pdf\/__NdS_PrestaSoc_Bareme_2022-162_final__pub21Fev22__cle089263.pdf\" target=\"_blank\" rel=\"noopener noreferrer external\">Note de service SG\/SRH\/SDDPRS\/2022-162<\/a><\/span>\u00a0publi\u00e9e le 21 f\u00e9vrier 2022.<\/p>\n<p>Vous y trouverez la fiche\u00a0<i><strong>(<span style=\"color: #339966\"><a class=\"spip_in\" style=\"color: #339966\" href=\"https:\/\/intranet.agriculture.gouv.fr\/intranet.national.agriculture.rie.gouv.fr\/IMG\/pdf\/F16_AideSco__NdS2022-p32-35__cle89671d.pdf\">F16<\/a><\/span>)<\/strong>\u00a0<\/i>d\u00e9taillant les nouvelles conditions d\u2019attribution et les modalit\u00e9s de demande de cette prestation qui est applicable pour toutes d\u00e9penses relatives \u00e0 l\u2019ann\u00e9e scolaire et universitaire 2020-2021.<\/p>\n<p><strong>O\u00f9 d\u00e9poser votre demande ?\u00a0:<\/strong> <i><b>agent.e EPL ou agent.e \u00e9tablissement\u00a0SUP &#8211;&gt;RH de proximit\u00e9<\/b><\/i><\/p>\n<div class=\"texte\">\n<p>(Envoyez un seul exemplaire : l\u2019original).<\/p>\n<\/div>\n<hr \/>\n<p style=\"text-align: center\"><span style=\"font-size: 18pt\"><strong>Frais de s\u00e9jours de vos enfants\u00a0<\/strong><\/span><\/p>\n<div class=\"texte\">\n<p>Le minist\u00e8re participe aux frais de s\u00e9jours des enfants de ses agents. Diff\u00e9rents types d\u2019allocation sont octroy\u00e9s selon le niveau de revenu du foyer (Quotient Familial \u00e0 d\u00e9terminer) et selon le type de s\u00e9jour\u00a0: Cf.\u00a0:\u00a0<span class=\"spip_document_178865806 spip_documents\"><a class=\"LienTelecharg\" title=\"note de service SG\/SRH\/SDDPRS\/BASS\/2022-162 publi\u00e9e le 21 f\u00e9vrier 2022. - pdf - 2.1 Mo (ouverture nouvelle fen\u00eatre)\" href=\"https:\/\/intranet.agriculture.gouv.fr\/intranet.national.agriculture.rie.gouv.fr\/IMG\/pdf\/__NdS_PrestaSoc_Bareme_2022-162_final__pub21Fev22__cle089263-1.pdf\" target=\"_blank\" rel=\"noopener noreferrer\"><span style=\"color: #339966\">note de service SG\/SRH\/SDDPRS\/BASS\/2022-162 publi\u00e9e le 21 f\u00e9vrier 2022<\/span>.<\/a>\u00a0(format pdf &#8211; 2.1 Mo &#8211; 01\/03\/2022)\u00a0<\/span>.<\/p>\n<p><strong>O\u00f9 d\u00e9poser votre demande ?\u00a0:<\/strong><\/p>\n<p># Si vous \u00eates personnel de DRIAAF, DRAAF, DAAF ou personnel d\u2019\u00e9tablissement d\u2019enseignement agricole technique (publics et priv\u00e9s sous contrat), la responsabilit\u00e9 de l\u2019instruction de votre dossier est confi\u00e9e aux D(R)(I)AAF.<br class=\"autobr\" \/><br class=\"autobr\" \/># Si vous \u00eates personnel d\u2019\u00e9tablissement d\u2019enseignement sup\u00e9rieur agricole, vous transmettez votre dossier au service des ressources humaines de votre \u00e9tablissement qui le fera suivre au bureau de l\u2019action sanitaire et sociale (BASS) \u00e0 Paris.<\/p>\n<p><br class=\"autobr\" \/>Le formulaire de demande de prestation peut \u00eatre t\u00e9l\u00e9charg\u00e9<span style=\"color: #339966\">\u00a0<\/span><strong><span class=\"spip_document_178747237 spip_documents\"><span style=\"color: #339966\"><a class=\"LienTelecharg\" style=\"color: #339966\" title=\"ici - odt - 225.1 ko (ouverture nouvelle fen\u00eatre)\" href=\"https:\/\/intranet.agriculture.gouv.fr\/intranet.national.agriculture.rie.gouv.fr\/IMG\/odt\/Dossier_Agent__NS2022__cle06f6ee.odt\" target=\"_blank\" rel=\"noopener noreferrer\">ici<\/a><\/span>\u00a0(format odt &#8211; 225.1 ko &#8211; 01\/03\/2022)\u00a0<\/span><\/strong>. Chaque dossier devra \u00eatre transmis par courrier accompagn\u00e9 de toutes les pi\u00e8ces justificatives\u00a0:<span style=\"color: #339966\">\u00a0<\/span><strong><span class=\"spip_document_178839970 spip_documents\"><span style=\"color: #339966\"><a class=\"LienTelecharg\" style=\"color: #339966\" title=\"Prestations d'Action Sociale 2022_Annexes - pdf - 3.7 Mo (ouverture nouvelle fen\u00eatre)\" href=\"https:\/\/intranet.agriculture.gouv.fr\/intranet.national.agriculture.rie.gouv.fr\/IMG\/pdf\/NdS2022_Dossier_Agent_Annexes__p36-48__cle8e4773.pdf\" target=\"_blank\" rel=\"noopener noreferrer\">Prestations d\u2019Action Sociale 2022_Annexes<\/a><\/span>\u00a0(format pdf &#8211; 3.7 Mo &#8211; 01\/03\/2022)\u00a0<\/span><\/strong>.<\/p>\n<ul class=\"spip\">\n<li>Allocation trousseau-neige\u00a0<span class=\"spip_document_178747236 spip_documents\"><span style=\"color: #339966\"><a class=\"LienTelecharg\" style=\"color: #339966\" title=\"(Fiche F14_Bar\u00e8me 2022) - pdf - 454.7 ko (ouverture nouvelle fen\u00eatre)\" href=\"https:\/\/intranet.agriculture.gouv.fr\/intranet.national.agriculture.rie.gouv.fr\/IMG\/pdf\/F14_Trousseau__NdS2022-p28__cle019316.pdf\" target=\"_blank\" rel=\"noopener noreferrer\">(Fiche F14_Bar\u00e8me 2022)<\/a><\/span>\u00a0(format pdf &#8211; 454.7 ko &#8211; 01\/03\/2022)\u00a0<\/span>\u00a0: Prestation destin\u00e9e \u00e0 couvrir les frais d\u2019\u00e9quipement vestimentaire engag\u00e9s par les\u00a0<strong>agents MASA<\/strong>\u00a0pour leurs enfants devant participer \u00e0 un s\u00e9jour \u00e0 la neige \u00e0 l\u2019occasion de leurs vacances scolaires dans un centre de vacances avec h\u00e9bergement (fiches F2 et F2 BIS) ou d\u2019un s\u00e9jour dans le cadre du syst\u00e8me \u00e9ducatif (fiches F5 et F5 BIS) se d\u00e9roulant pour tout ou partie en p\u00e9riode scolaire. Elle est cumulable avec ces deux prestations\u00a0<strong>(quand il ne s\u2019agit pas d\u2019un s\u00e9jour organis\u00e9 par l\u2019ASMA).<\/strong><\/li>\n<\/ul>\n<ul class=\"spip\">\n<li>Demande d\u2019allocation aux frais de s\u00e9jours en centre de vacances avec h\u00e9bergement<span style=\"color: #339966\">\u00a0<\/span><span class=\"spip_document_178747227 spip_documents\"><span style=\"color: #339966\"><a class=\"LienTelecharg\" style=\"color: #339966\" title=\"(F2_Bar\u00e8me 2022) - pdf - 549.6 ko (ouverture nouvelle fen\u00eatre)\" href=\"https:\/\/intranet.agriculture.gouv.fr\/intranet.national.agriculture.rie.gouv.fr\/IMG\/pdf\/F2_SejAvecHeb__NdS2022-p11__cle05d52b.pdf\" target=\"_blank\" rel=\"noopener noreferrer\">(F2_Bar\u00e8me 2022)<\/a><\/span>\u00a0(format pdf &#8211; 549.6 ko &#8211; 01\/03\/2022)<\/span><\/li>\n<li>Demande d\u2019allocation aux frais de s\u00e9jours en centre de loisirs sans h\u00e9bergement<span style=\"color: #339966\">\u00a0<\/span><span class=\"spip_document_178747229 spip_documents\"><span style=\"color: #339966\"><a class=\"LienTelecharg\" style=\"color: #339966\" title=\"(F3_Bar\u00e8me 2022) - pdf - 382.7 ko (ouverture nouvelle fen\u00eatre)\" href=\"https:\/\/intranet.agriculture.gouv.fr\/intranet.national.agriculture.rie.gouv.fr\/IMG\/pdf\/F3_SejSansHeb__NdS2022-p13__cle0e985e.pdf\" target=\"_blank\" rel=\"noopener noreferrer\">(F3_Bar\u00e8me 2022)<\/a><\/span>\u00a0(format pdf &#8211; 382.7 ko &#8211; 01\/03\/2022)<\/span><\/li>\n<li>Demande d\u2019allocation aux frais de s\u00e9jours en centre familial de vacances ou en g\u00eete agr\u00e9\u00e9<span style=\"color: #339966\">\u00a0<\/span><span class=\"spip_document_178747231 spip_documents\"><span style=\"color: #339966\"><a class=\"LienTelecharg\" style=\"color: #339966\" title=\"(F4_Bar\u00e8me 2022) - pdf - 532.1 ko (ouverture nouvelle fen\u00eatre)\" href=\"https:\/\/intranet.agriculture.gouv.fr\/intranet.national.agriculture.rie.gouv.fr\/IMG\/pdf\/F4_SejGitesVVF__NdS2022-p15__cle8aff11.pdf\" target=\"_blank\" rel=\"noopener noreferrer\">(F4_Bar\u00e8me 2022)<\/a><\/span>\u00a0(format pdf &#8211; 532.1 ko &#8211; 01\/03\/2022)<\/span><\/li>\n<li>Demande d\u2019allocation aux frais de s\u00e9jours mis en \u0153uvre dans le cadre \u00e9ducatif<span style=\"color: #339966\">\u00a0<\/span><span class=\"spip_document_178747232 spip_documents\"><span style=\"color: #339966\"><a class=\"LienTelecharg\" style=\"color: #339966\" title=\"(F5_Bar\u00e8me 2022) - pdf - 378.2 ko (ouverture nouvelle fen\u00eatre)\" href=\"https:\/\/intranet.agriculture.gouv.fr\/intranet.national.agriculture.rie.gouv.fr\/IMG\/pdf\/F5_SejCadreEduc__NdS2022-p17__cle854578.pdf\" target=\"_blank\" rel=\"noopener noreferrer\">(F5_Bar\u00e8me 2022)<\/a>\u00a0<\/span>(format pdf &#8211; 378.2 ko &#8211; 01\/03\/2022)<\/span><\/li>\n<li>Demande d\u2019allocation de participation aux frais de s\u00e9jours linguistiques\u00a0<span class=\"spip_document_178747234 spip_documents\"><span style=\"color: #339966\"><a class=\"LienTelecharg\" style=\"color: #339966\" title=\"(F6_Bar\u00e8me 2022) - pdf - 512.1 ko (ouverture nouvelle fen\u00eatre)\" href=\"https:\/\/intranet.agriculture.gouv.fr\/intranet.national.agriculture.rie.gouv.fr\/IMG\/pdf\/F6_SejLinguis__NdS2022-p19__cle011bc2.pdf\" target=\"_blank\" rel=\"noopener noreferrer\">(F6_Bar\u00e8me 2022)<\/a>\u00a0<\/span>(format pdf &#8211; 512.1 ko &#8211; 01\/03\/2022)<\/span><\/li>\n<\/ul>\n<p>&nbsp;<\/p>\n<\/div>\n<\/div>\n<hr \/>\n<p style=\"text-align: center\"><span style=\"font-size: 18pt\"><strong>Aides \u00e0 la famille\u00a0<\/strong><\/span><\/p>\n<div class=\"texte\">\n<p>Dans le cadre de l\u2019action sociale interminist\u00e9rielle, les agents du minist\u00e8re peuvent b\u00e9n\u00e9ficier de deux aides \u00e0 la famille\u00a0:<\/p>\n<p><strong>1. Une aide financi\u00e8re sous forme de ch\u00e8ques emploi service universels (CESU) enti\u00e8rement pr\u00e9financ\u00e9s pour la garde des enfants de moins de 6 ans. L\u2019Etat employeur facilite ainsi la vie de ses agents en leur proposant une participation aux frais de garde de leurs enfants \u00e2g\u00e9s de 0 \u00e0 6 ans\u00a0: consultez la\u00a0<span class=\"spip_document_178747239 spip_documents\"><span style=\"color: #339966\"><a class=\"LienTelecharg\" style=\"color: #339966\" title=\"Fiche F11_Bar\u00e8me 2022 - pdf - 391.7 ko (ouverture nouvelle fen\u00eatre)\" href=\"https:\/\/intranet.agriculture.gouv.fr\/intranet.national.agriculture.rie.gouv.fr\/IMG\/pdf\/F11_CESUGardeEnft_0a6_NdS2022-p25__cle8a4e51.pdf\" target=\"_blank\" rel=\"noopener noreferrer\">Fiche F11_Bar\u00e8me 2022<\/a>\u00a0<\/span>(format pdf &#8211; 391.7 ko &#8211; 01\/03\/2022)<\/span><\/strong><\/p>\n<p><strong>A savoir\u00a0:<\/strong><br class=\"autobr\" \/>&gt; La circulaire du 5 novembre 2019 a introduit une troisi\u00e8me tranche d\u2019aide d\u2019un montant de 200 \u20ac au b\u00e9n\u00e9fice des agents vivant maritalement ou en concubinage ainsi que de nouveaux bar\u00e8mes de venus conditionnant le droit \u00e0 la prestation pour l\u2019ensemble des agents.<br class=\"autobr\" \/>&gt; La circulaire du 2 juillet 2020 permet d\u2019assouplir la proc\u00e9dure et de faciliter le parcours b\u00e9n\u00e9ficiaire en permettant au demandeur d\u2019attester sur l\u2019honneur du caract\u00e8re on\u00e9reux de la garde de son enfant. L\u2019attestation existante jusqu\u2019alors n\u2019est donc plus demand\u00e9e en premi\u00e8re intention, mais seulement en cas de contr\u00f4le.<\/p>\n<p><i>O\u00f9 d\u00e9poser votre demande ?\u00a0:<\/i><\/p>\n<p>La gestion de cette prestation est confi\u00e9e \u00e0 un prestataire ext\u00e9rieur \u00e0 l\u2019administration. Le formulaire de demande de ch\u00e8ques emploi service universel garde d\u2019enfant est accessible en ligne sur le site\u00a0:<span style=\"color: #339966\">\u00a0<a class=\"spip_url spip_out auto\" style=\"color: #339966\" title=\"www.cesu-fonctionpublique.fr (nouvelle fenetre)\" href=\"http:\/\/www.cesu-fonctionpublique.fr\/\" target=\"_blank\" rel=\"noopener noreferrer nofollow external\">www.cesu-fonctionpublique.fr<\/a><\/span><\/p>\n<p><br class=\"autobr\" \/><strong><span class=\"spip_document_178919132 spip_documents\"><span style=\"color: #339966\"><a class=\"LienTelecharg\" style=\"color: #339966\" title=\"Informations_CESU - pdf - 917.8 ko (ouverture nouvelle fen\u00eatre)\" href=\"https:\/\/regions-snetap-fsu.fr\/idf\/wp-content\/uploads\/sites\/11\/2022\/09\/Flyer_CESU_cle0a2632.pdf\" target=\"_blank\" rel=\"noopener noreferrer\">Informations_CESU<\/a><\/span>\u00a0(format pdf &#8211; 917.8 ko &#8211; 23\/05\/2022)<\/span><\/strong><\/p>\n<p><br class=\"autobr\" \/><strong>2. Une aide destin\u00e9e aux parents effectuant un s\u00e9jour en maison de repos ou de convalescence, accompagn\u00e9s de leur enfant. Elle est destin\u00e9e \u00e0 prendre en charge partiellement les frais de s\u00e9jour de l\u2019enfant\u00a0: consultez la\u00a0<span class=\"spip_document_178747238 spip_documents\"><a class=\"LienTelecharg\" title=\"Fiche F1_Bar\u00e8me 2022 - pdf - 231.2 ko (ouverture nouvelle fen\u00eatre)\" href=\"https:\/\/intranet.agriculture.gouv.fr\/intranet.national.agriculture.rie.gouv.fr\/IMG\/pdf\/F1_SejParentsEnftsMaisonsRepos__NdS2022-p10__cle82cde6.pdf\" target=\"_blank\" rel=\"noopener noreferrer\"><span style=\"color: #339966\">Fiche F1_Bar\u00e8me<\/span> 2022<\/a>\u00a0(format pdf &#8211; 231.2 ko &#8211; 01\/03\/2022)\u00a0<\/span>.<\/strong><\/p>\n<p><br class=\"autobr\" \/><i>O\u00f9 d\u00e9poser votre demande?<\/i><\/p>\n<p># Si vous \u00eates personnel de DRIAAF, DRAAF, DAAF ou personnel d\u2019\u00e9tablissement d\u2019enseignement agricole technique (publics et priv\u00e9s sous contrat), la responsabilit\u00e9 de l\u2019instruction de votre dossier est confi\u00e9e aux D(R)(I)AAF.<br class=\"autobr\" \/><br class=\"autobr\" \/># Si vous \u00eates personnel d\u2019\u00e9tablissement d\u2019enseignement sup\u00e9rieur agricole, vous transmettez votre dossier au service des ressources humaines de votre \u00e9tablissement qui le fera suivre au bureau de l\u2019action sanitaire et sociale (BASS) \u00e0 Paris.<\/p>\n<p>Le formulaire de demande de prestation peut \u00eatre t\u00e9l\u00e9charg\u00e9\u00a0<strong><span class=\"spip_document_178747240 spip_documents\"><span style=\"color: #339966\"><a class=\"LienTelecharg\" style=\"color: #339966\" title=\"ici - odt - 225.1 ko (ouverture nouvelle fen\u00eatre)\" href=\"https:\/\/intranet.agriculture.gouv.fr\/intranet.national.agriculture.rie.gouv.fr\/IMG\/odt\/Dossier_Agent__NS2022__cle06f6ee-1.odt\" target=\"_blank\" rel=\"noopener noreferrer\">ici<\/a>\u00a0<\/span>(format odt &#8211; 225.1 ko &#8211; 01\/03\/2022)\u00a0<\/span><\/strong>. Chaque dossier devra \u00eatre transmis par courrier accompagn\u00e9 de toutes les pi\u00e8ces justificatives\u00a0:\u00a0<strong><span class=\"spip_document_178839980 spip_documents\"><span style=\"color: #339966\"><a class=\"LienTelecharg\" style=\"color: #339966\" title=\"Prestations d'Action Sociale 2022_Annexes - pdf - 3.7 Mo (ouverture nouvelle fen\u00eatre)\" href=\"https:\/\/intranet.agriculture.gouv.fr\/intranet.national.agriculture.rie.gouv.fr\/IMG\/pdf\/NdS2022_Dossier_Agent_Annexes__p36-48__cle8e4773-1.pdf\" target=\"_blank\" rel=\"noopener noreferrer\">Prestations d\u2019Action Sociale 2022_Annexes<\/a>\u00a0<\/span>(format pdf &#8211; 3.7 Mo &#8211; 01\/03\/2022)\u00a0<\/span><\/strong>.<\/p>\n<div id=\"contenu\">\n<div class=\"main-content\">\n<div id=\"boxcentrale\">\n<div class=\"blc\">\n<div class=\"brc\">\n<div class=\"tlc\">\n<div class=\"trc\">\n<div class=\"innercentrale\">\n<hr \/>\n<div class=\"texte\">\n<p style=\"text-align: center\"><span style=\"font-size: 18pt\"><strong>Prestations d\u00e9di\u00e9es aux enfants en situation d&rsquo;handicap<\/strong><\/span><\/p>\n<p>Il existe plusieurs types de prestations d\u00e9di\u00e9es aux enfants handicap\u00e9s des agents du minist\u00e8re.<\/p>\n<ul class=\"spip\">\n<li>Demande d\u2019allocation vers\u00e9e aux parents d\u2019enfants handicap\u00e9s ou infirmes de moins de 20 ans\u00a0<span class=\"spip_document_178747242 spip_documents\"><span style=\"color: #339966\"><a class=\"LienTelecharg\" style=\"color: #339966\" title=\"(F7)_Bar\u00e8me 2022 - pdf - 440.6 ko (ouverture nouvelle fen\u00eatre)\" href=\"https:\/\/intranet.agriculture.gouv.fr\/intranet.national.agriculture.rie.gouv.fr\/IMG\/pdf\/F7_EnftsHandi_-20a___NdS2022-p21__cle8fce4a.pdf\" target=\"_blank\" rel=\"noopener noreferrer\">(F7)_Bar\u00e8me 2022<\/a><\/span>\u00a0(format pdf &#8211; 440.6 ko &#8211; 01\/03\/2022)<\/span><\/li>\n<\/ul>\n<ul class=\"spip\">\n<li>Demande d\u2019allocation pour jeunes atteints d\u2019une maladie chronique ou d\u2019une infirmit\u00e9 et poursuivant des \u00e9tudes ou un apprentissage au-del\u00e0 de 20 ans et jusqu\u2019\u00e0 27 ans<span style=\"color: #339966\">\u00a0<\/span><span class=\"spip_document_178747243 spip_documents\"><span style=\"color: #339966\"><a class=\"LienTelecharg\" style=\"color: #339966\" title=\"(F8)_Bar\u00e8me (modif-avril 2022) - pdf - 483.2 ko (ouverture nouvelle fen\u00eatre)\" href=\"https:\/\/intranet.agriculture.gouv.fr\/intranet.national.agriculture.rie.gouv.fr\/IMG\/pdf\/_additif-avr22_f8_enfhandi20a27a_cle0bab45.pdf\" target=\"_blank\" rel=\"noopener noreferrer\">(F8)_Bar\u00e8me (modif-avril 2022)<\/a><\/span>\u00a0(format pdf &#8211; 483.2 ko &#8211; 06\/09\/2022)<\/span><\/li>\n<\/ul>\n<ul class=\"spip\">\n<li>Demande d\u2019allocation aux frais de s\u00e9jours en centre de vacances sp\u00e9cialis\u00e9\u00a0<span class=\"spip_document_178747244 spip_documents\"><span style=\"color: #339966\"><a class=\"LienTelecharg\" style=\"color: #339966\" title=\"(F9)_Bar\u00e8me 2022 - pdf - 357.3 ko (ouverture nouvelle fen\u00eatre)\" href=\"https:\/\/intranet.agriculture.gouv.fr\/intranet.national.agriculture.rie.gouv.fr\/IMG\/pdf\/F9_VacSpeEnftHandi__NdS2022-p23__cle02974d.pdf\" target=\"_blank\" rel=\"noopener noreferrer\">(F9)_Bar\u00e8me 2022<\/a><\/span>\u00a0(format pdf &#8211; 357.3 ko &#8211; 01\/03\/2022)<\/span><\/li>\n<\/ul>\n<p>Le formulaire de demande de prestation peut \u00eatre t\u00e9l\u00e9charg\u00e9<span style=\"color: #339966\">\u00a0<\/span><strong><span class=\"spip_document_178747240 spip_documents\"><span style=\"color: #339966\"><a class=\"LienTelecharg\" style=\"color: #339966\" title=\"ici - odt - 225.1 ko (ouverture nouvelle fen\u00eatre)\" href=\"https:\/\/intranet.agriculture.gouv.fr\/intranet.national.agriculture.rie.gouv.fr\/IMG\/odt\/Dossier_Agent__NS2022__cle06f6ee-1.odt\" target=\"_blank\" rel=\"noopener noreferrer\">ici<\/a><\/span>\u00a0(format odt &#8211; 225.1 ko &#8211; 01\/03\/2022)\u00a0<\/span><\/strong>. Chaque dossier devra \u00eatre transmis par courrier accompagn\u00e9 de toutes les pi\u00e8ces justificatives\u00a0:<span style=\"color: #339966\">\u00a0<\/span><strong><span class=\"spip_document_178839980 spip_documents\"><span style=\"color: #339966\"><a class=\"LienTelecharg\" style=\"color: #339966\" title=\"Prestations d'Action Sociale 2022_Annexes - pdf - 3.7 Mo (ouverture nouvelle fen\u00eatre)\" href=\"https:\/\/intranet.agriculture.gouv.fr\/intranet.national.agriculture.rie.gouv.fr\/IMG\/pdf\/NdS2022_Dossier_Agent_Annexes__p36-48__cle8e4773-1.pdf\" target=\"_blank\" rel=\"noopener noreferrer\">Prestations d\u2019Action Sociale 2022_Annexes<\/a><\/span>\u00a0(format pdf &#8211; 3.7 Mo &#8211; 01\/03\/2022)\u00a0<\/span><\/strong>.<\/p>\n<p><br class=\"autobr\" \/><strong>O\u00f9 d\u00e9poser votre demande?<\/strong><\/p>\n<p># Si vous \u00eates personnel de DRIAAF, DRAAF, DAAF ou personnel d\u2019\u00e9tablissement d\u2019enseignement agricole technique (publics et priv\u00e9s sous contrat), la responsabilit\u00e9 de l\u2019instruction de votre dossier est confi\u00e9e aux D(R)(I)AAF.<br class=\"autobr\" \/><br class=\"autobr\" \/># Si vous \u00eates personnel d\u2019\u00e9tablissement d\u2019enseignement sup\u00e9rieur agricole, vous transmettez votre dossier au service des ressources humaines de votre \u00e9tablissement qui le fera suivre au bureau de l\u2019action sanitaire et sociale (BASS) \u00e0 Paris.<\/p>\n<hr \/>\n<\/div>\n<\/div>\n<\/div>\n<\/div>\n<\/div>\n<\/div>\n<\/div>\n<\/div>\n<\/div>\n<div class=\"clearer\">\n<p style=\"text-align: center\"><span style=\"font-size: 14pt\"><strong>\u00a0<span style=\"font-size: 18pt\">Ch\u00e8que vacances et e-ch\u00e8que vacances\u00a0<\/span><\/strong><\/span><\/p>\n<div class=\"texte\">\n<p>Le ch\u00e8que vacance est une prestation\u00a0<strong>interminist\u00e9rielle<\/strong>\u00a0d\u2019aide aux loisirs et aux vacances. C\u2019est un titre nominatif qui permet de financer le d\u00e9part en vacances et un large \u00e9ventail d\u2019activit\u00e9s culturelles et de loisirs.\u00a0<strong>La gestion de cette prestation est confi\u00e9e \u00e0 un prestataire ext\u00e9rieur \u00e0 l\u2019administration<\/strong>.<\/p>\n<p>Il existe d\u00e9sormais des e-ch\u00e8ques vacances \u00e0 d\u00e9penser en ligne. C\u2019est un nouveau produit de la gamme ch\u00e8que-vacances 100% Internet, il permet aux usagers de r\u00e9gler leurs prestations de tourisme et de loisirs directement en ligne.<\/p>\n<p>Les demandes de ch\u00e8ques-vacances accompagn\u00e9es des pi\u00e8ces justificatives doivent \u00eatre envoy\u00e9es par courrier postal \u00e0 l\u2019adresse suivante\u00a0:<\/p>\n<p>CNT CH\u00c8QUES-VACANCES DEMANDE<br class=\"autobr\" \/>TSA 49101<br class=\"autobr\" \/>76934 ROUEN CEDEX 9<\/p>\n<p>Le formulaire de demande de ch\u00e8ques-vacances est accessible en ligne sur le site\u00a0:<br class=\"autobr\" \/><span style=\"color: #339966\"><strong><a class=\"spip_url spip_out\" style=\"color: #339966\" title=\"www.fonctionpublique-chequesvacances.fr (nouvelle fenetre)\" href=\"http:\/\/www.fonctionpublique-chequesvacances.fr\/\" target=\"_blank\" rel=\"noopener noreferrer external\">www.fonctionpublique-chequesvacances.fr<\/a><\/strong><\/span><\/p>\n<ul>\n<li><span style=\"color: #339966\"><a class=\"document\" style=\"color: #339966\" title=\"Flyer_Che_que_vacances - pdf - 1.5 Mo (ouverture nouvelle fen\u00eatre)\" href=\"https:\/\/intranet.agriculture.gouv.fr\/intranet.national.agriculture.rie.gouv.fr\/IMG\/pdf\/Flyer_Che_que_vacances_cle0dda1f.pdf\" target=\"_blank\" rel=\"noopener noreferrer\">Flyer_Che_que_vacances<\/a><\/span>\u00a0(format pdf &#8211; 1.5\u00a0Mo &#8211; 04\/02\/2022)<\/li>\n<\/ul>\n<hr \/>\n<\/div>\n<div class=\"texte\">\n<p style=\"text-align: center\"><span style=\"font-size: 18pt\"><strong>Compl\u00e9mentaire sant\u00e9 et pr\u00e9voyance\u00a0<\/strong><\/span><\/p>\n<\/div>\n<\/div>\n<p>Le nouveau r\u00e9f\u00e9rencement est op\u00e9rationnel \u00e0 partir du 1er janvier 2017, de quoi s\u2019agit-il\u00a0?<br class=\"autobr\" \/>La proc\u00e9dure de r\u00e9f\u00e9rencement est sp\u00e9cifique \u00e0 la fonction publique. Elle permet de proposer \u00e0 ses agents un ou plusieurs organismes de protection sociale compl\u00e9mentaire qu\u2019elle a s\u00e9lectionn\u00e9s sur la base d\u2019un cahier des charges et suite \u00e0 un appel public \u00e0 la concurrence.<\/p>\n<p>Le r\u00e9f\u00e9rencement par le minist\u00e8re est pour l\u2019agent un gage de qualit\u00e9 de la prestation servie, que ce soit en termes de rapport qualit\u00e9\/prix (remboursement\/cotisation), ou de services compl\u00e9mentaires, en particulier l\u2019action sociale. En outre, le MASA apporte une contribution financi\u00e8re pour favoriser une solidarit\u00e9 inter-g\u00e9n\u00e9rationnelle et inter-familiale.<\/p>\n<p>L\u2019adh\u00e9sion \u00e0 l\u2019un de ces organismes est facultative, elle est possible pour tous les agents r\u00e9mun\u00e9r\u00e9s par le MASA, tous les agents de corps du MASA en d\u00e9tachement ou en position normale d\u2019activit\u00e9 dans une autre administration (minist\u00e8re, \u00e9tablissement public&#8230;). Pour les contractuels, les seules conditions sont l\u2019anciennet\u00e9 (12 mois d\u2019anciennet\u00e9 ou contrat de 12 mois). Les agents sur budget des \u00e9tablissement d\u2019enseignement (technique et sup\u00e9rieur), les agents en disponibilit\u00e9 et en cong\u00e9 parental et les retrait\u00e9s sont \u00e9galement concern\u00e9s.<\/p>\n<h2><span style=\"font-size: 14pt\">Comment \u00e7a fonctionne\u00a0?<\/span><\/h2>\n<p>En souscrivant \u00e0 une offre r\u00e9f\u00e9renc\u00e9e vous aurez obligatoirement une compl\u00e9mentaire sant\u00e9 et une pr\u00e9voyance, car les 2 sont obligatoires.<\/p>\n<ul class=\"spip\">\n<li>En mati\u00e8re de compl\u00e9mentaire sant\u00e9<br class=\"autobr\" \/>Il y a, comme dans le pr\u00e9c\u00e9dent r\u00e9f\u00e9rencement, 3 niveaux de remboursement.<br class=\"autobr\" \/>Il est, en plus, propos\u00e9 une sur-compl\u00e9mentaire (qu\u2019on ne peut souscrire que si on a choisi le niveau 3 de l\u2019offre r\u00e9f\u00e9renc\u00e9e qui est le niveau le plus \u00e9lev\u00e9). Cette sur-compl\u00e9mentaire est une option, hors r\u00e9f\u00e9rencement.<br class=\"manualbr\" \/>Contrairement au pr\u00e9c\u00e9dent r\u00e9f\u00e9rencement, la base de cotisation n\u2019est plus le seul revenu indiciaire mais le revenu net imposable (incluant donc les primes).<br class=\"autobr\" \/>Les cotisations sont par contre toujours calcul\u00e9es par tranche d\u2019\u00e2ge (11 au total) et par tranche de revenus (3 ou 4 tranches par cat\u00e9gorie statutaire).<\/li>\n<\/ul>\n<ul class=\"spip\">\n<li>En mati\u00e8re de pr\u00e9voyance<br class=\"autobr\" \/>La pr\u00e9voyance consiste \u00e0 compenser financi\u00e8rement les pertes de r\u00e9mun\u00e9ration en cas de cong\u00e9 maladie sup\u00e9rieur \u00e0 3 mois (incapacit\u00e9), d\u2019invalidit\u00e9 ou de d\u00e9c\u00e8s.<br class=\"autobr\" \/>Plusieurs modifications sont intervenues par rapport au syst\u00e8me actuel\u00a0:<br class=\"autobr\" \/>vous devez toujours souscrire \u00e0 la fois une compl\u00e9mentaire sant\u00e9 et une pr\u00e9voyance mais vous pouvez choisir des niveaux diff\u00e9rents de couverture en pr\u00e9voyance et en sant\u00e9 (d\u00e9couplage partiel)<br class=\"autobr\" \/>Les 3 niveaux incluent une protection en cas d\u2019incapacit\u00e9, d\u2019invalidit\u00e9 et de d\u00e9c\u00e8s.<br class=\"autobr\" \/>Les cotisations ET les prestations sont calcul\u00e9es en fonction du revenu net imposable (donc incluant les primes.)<\/li>\n<\/ul>\n<ul class=\"spip\">\n<li>Et pour la d\u00e9pendance\u00a0?<br class=\"autobr\" \/>Elle ne fait pas \u00e0 proprement parler du r\u00e9f\u00e9rencement mais les trois organismes vous proposent une offre \u00e0 laquelle vous pouvez ou non adh\u00e9rer.<\/li>\n<\/ul>\n<ul class=\"spip\">\n<li>Une offre globale solidaire\u2026.<br class=\"autobr\" \/>Les r\u00e8gles du r\u00e9f\u00e9rencement garantissent un contrat \u00ab\u00a0responsable\u00a0\u00bb c\u2019est-\u00e0-dire qui couvre un socle de base, respecte le parcours de soins et ne pousse pas \u00e0 la d\u00e9pense. Le caract\u00e8re responsable permet \u00e9galement que le contrat b\u00e9n\u00e9ficie d\u2019une taxation moins \u00e9lev\u00e9e.<br class=\"manualbr\" \/>La solidarit\u00e9 c\u2019est \u00e9galement l\u2019int\u00e9gration des tranches de revenu dans la tarification (alors que nombre d\u2019assurances priv\u00e9es ne tiennent compte que de l\u2019\u00e2ge).<\/li>\n<\/ul>\n<h2><span style=\"font-size: 14pt\">Comment choisir\u00a0?<\/span><\/h2>\n<p>Trois organismes sont r\u00e9f\u00e9renc\u00e9s par le MASA\u00a0:<br class=\"autobr\" \/><strong>Ag2R La Mondiale\u00a0;<\/strong><br class=\"autobr\" \/><strong>Groupama<\/strong><br class=\"autobr\" \/><strong>Harmonie Fonction Publique<\/strong><\/p>\n<p>Les 3 organismes respectent les exigences du r\u00e9f\u00e9rencement et offrent les m\u00eames garanties, alors comment choisir\u00a0?<\/p>\n<p>Il n\u2019y a ni bonne ni mauvaise offre, mais il y a des situations personnelles diff\u00e9rentes (statut, famille, revenus etc&#8230;). Ces situations peuvent g\u00e9n\u00e9rer des strat\u00e9gies personnelles qui peuvent \u00eatre diff\u00e9rentes tant en mati\u00e8re de sant\u00e9 que de pr\u00e9voyance.<br class=\"autobr\" \/>Des simulations ont montr\u00e9 que, selon les situations et strat\u00e9gies retenues, la meilleure offre financi\u00e8re ne se trouvait pas forc\u00e9ment toujours chez le m\u00eame organisme. C\u2019est notamment l\u2019une des raisons qui a conduit \u00e0 r\u00e9f\u00e9rencer trois organismes.<\/p>\n<p>En conclusion, la seule solution consiste \u00e0 demander des devis pour pouvoir comparer les niveaux de cotisations, tout en prenant en compte les services compl\u00e9mentaires.<\/p>\n<h2><span style=\"font-size: 14pt\">Et plus concr\u00e8tement ?<\/span><\/h2>\n<p><br class=\"autobr\" \/>Trois cas de figure peuvent se pr\u00e9senter.<\/p>\n<ul class=\"spip\">\n<li>Cas 1\u00a0: Vous n\u2019avez actuellement ni compl\u00e9mentaire sant\u00e9 ni pr\u00e9voyance\u00a0:<br class=\"autobr\" \/>N\u2019\u00e9tant li\u00e9 par aucun contrat vous pouvez adh\u00e9rer \u00e0 tout moment. Il serait opportun de mettre \u00e0 profit cette ann\u00e9e pour r\u00e9-examiner cette situation, demander des devis et proc\u00e9der \u00e0 l\u2019analyse co\u00fbt \/avantages.<\/li>\n<\/ul>\n<ul class=\"spip\">\n<li>Cas 2\u00a0: Vous avez un contrat aupr\u00e8s d\u2019un organisme de protection compl\u00e9mentaire autre que HFP<br class=\"autobr\" \/>Si vous voulez adh\u00e9rer \u00e0 l\u2019une des trois offres il vous faut au pr\u00e9alable r\u00e9silier votre contrat actuel. La loi Chatel vous permet de le faire\u00a0:<br class=\"autobr\" \/>La dur\u00e9e d\u2019un contrat de mutuelle est en principe d\u2019un an. Celui-ci se renouvelle ensuite tacitement d\u2019ann\u00e9e en ann\u00e9e.\u00a0L\u2019assureur doit vous adresser chaque ann\u00e9e un avis d\u2019\u00e9ch\u00e9ance mentionnant la date limite de r\u00e9siliation de votre contrat. Cette limite se situe en g\u00e9n\u00e9ral deux mois avant son terme. Vous pouvez r\u00e9silier votre mutuelle \u00e0 sa prochaine \u00e9ch\u00e9ance, sans justification. Vous devez pour cela adresser une lettre recommand\u00e9e \u00e0 votre assureur, dans le d\u00e9lai inscrit dans l\u2019avis d\u2019\u00e9ch\u00e9ance.<br class=\"autobr\" \/>Par exception, si vous recevez l\u2019avis d\u2019\u00e9ch\u00e9ance moins de 15 jours avant la date limite pr\u00e9vue pour r\u00e9silier votre mutuelle, vous avez 20 jours, \u00e0 compter de son envoi, pour adresser votre lettre recommand\u00e9e. Dans ce cas, la r\u00e9siliation prend quand m\u00eame effet \u00e0 la date anniversaire du contrat.<br class=\"autobr\" \/>Exemple\u00a0: la date d\u2019\u00e9ch\u00e9ance de votre contrat est le 31 d\u00e9cembre 2016, la date limite de r\u00e9siliation \u00e9tait donc le 31 octobre (soit 2 mois avant l\u2019\u00e9ch\u00e9ance). Vous auriez d\u00fb recevoir votre avis d\u2019\u00e9ch\u00e9ance avant le 15 octobre. Si vous l\u2019avez re\u00e7u le 20 novembre vous avez jusqu\u2019au 10 d\u00e9cembre (soit 20 jours) pour r\u00e9silier\u00a0; si vous n\u2019avez rien re\u00e7u vous pourrez r\u00e9silier \u00e0 tout moment.<br class=\"autobr\" \/>V\u00e9rifiez bien ces dates, pour faire la r\u00e9siliation. Vous pourrez ensuite adh\u00e9rer \u00e0 l\u2019une de ces offres r\u00e9f\u00e9renc\u00e9es.<br class=\"autobr\" \/>Mettez \u00e0 profit cette p\u00e9riode pour demander des devis et choisir l\u2019offre qui vous convient le mieux.<\/li>\n<\/ul>\n<ul class=\"spip\">\n<li>Cas 3\u00a0: Vous \u00eates actuellement couvert par l\u2019offre r\u00e9f\u00e9renc\u00e9e HFP\u00a0(ancien r\u00e9f\u00e9rencement)\u00a0:<br class=\"autobr\" \/>Vous avez re\u00e7u un courrier d\u2019HFP qui vous expose la solution transitoire propos\u00e9e par d\u00e9faut, \u00e0 savoir\u00a0: pour 2017 vous gardez votre niveau de couverture actuelle mais dans l\u2019offre statutaire (l\u2019offre statutaire n\u2019est pas l\u2019offre r\u00e9f\u00e9renc\u00e9e par le MASA) et donc au tarif \u00ab\u00a0public\u00a0\u00bb 2017 (que vous devez demander).<\/li>\n<\/ul>\n<p>Trois possibilit\u00e9s s\u2019offrent \u00e0 vous\u00a0:<br class=\"autobr\" \/>vous n\u2019agissez pas\u00a0: dans ce cas vous basculez automatiquement sur l\u2019offre statutaire de HFP \u00e0 des conditions tarifaires qu\u2019il vous revient de demander \u00e0 HFP. Le niveau de prestation sera inchang\u00e9 par rapport \u00e0 celui de votre contrat actuel.<br class=\"autobr\" \/>Vous demandez \u00e0 HFP \u00e0 adh\u00e9rer d\u00e8s le 1er janvier 2017 \u00e0 la nouvelle offre HFP r\u00e9f\u00e9renc\u00e9e par le MASA, n\u2019h\u00e9sitez pas, l\u00e0 aussi, \u00e0 demander un devis.<br class=\"autobr\" \/>Vous pouvez r\u00e9silier votre contrat (dans les m\u00eames conditions que le cas 2) et opter pour une autre offre r\u00e9f\u00e9renc\u00e9e.<\/p>\n<h2><span style=\"font-size: 12pt\">CONCLUSION<\/span><\/h2>\n<p>Vous pouvez d\u00e8s maintenant profiter de ces nouvelles offres qui sont un r\u00e9el \u00ab\u00a0plus\u00a0\u00bb par rapport au r\u00e9f\u00e9rencement pr\u00e9c\u00e9dent\u00a0: prestations au moins \u00e9quivalentes voire sup\u00e9rieures pour une cotisation identique voire inf\u00e9rieure en sant\u00e9.<\/p>\n<p>Si toutefois vous estimez ne pas avoir le temps de proc\u00e9der \u00e0 une analyse sereine dans le temps qui reste avant la fin de l\u2019ann\u00e9e 2016, sachez que vous pouvez \u00e0 tout moment adh\u00e9rer \u00e0 une de ces offres pendant la dur\u00e9e du r\u00e9f\u00e9rencement, soit entre 2017 et 2023.<br class=\"autobr\" \/>N\u00e9anmoins sachez que les conditions ne seront pas forc\u00e9ment exactement les m\u00eames (selon votre \u00e2ge, votre anciennet\u00e9, votre situation etc.\u2026), aussi vous pouvez utilement vous procurer, sur le site de chacun de ces organismes, toutes les informations n\u00e9cessaires pour \u00e9clairer votre choix.<\/p>\n<p><strong>Pour en savoir plus\u00a0:<\/strong><br \/>\n<img decoding=\"async\" class=\"puce\" src=\"https:\/\/intranet.agriculture.gouv.fr\/intranet.national.agriculture.rie.gouv.fr\/plugins-dist\/giseh\/cisquel\/puce.gif\" alt=\"-\" width=\"8\" height=\"11\" \/>\u00a0<a class=\"spip_out\" title=\"AG2R (nouvelle fenetre)\" href=\"http:\/\/www.ag2rlamondiale.fr\/particulier\/solutions-sante\/offre-referencee-par-le-ministere-de-l-agriculture\" target=\"_blank\" rel=\"noopener noreferrer external\">AG2R<\/a><br \/>\n<img decoding=\"async\" class=\"puce\" src=\"https:\/\/intranet.agriculture.gouv.fr\/intranet.national.agriculture.rie.gouv.fr\/plugins-dist\/giseh\/cisquel\/puce.gif\" alt=\"-\" width=\"8\" height=\"11\" \/>\u00a0<a class=\"spip_out\" title=\"GROUPAMA (nouvelle fenetre)\" href=\"http:\/\/mysanteprevoyance-groupama.fr\/\" target=\"_blank\" rel=\"noopener noreferrer external\">GROUPAMA<\/a><br \/>\n<img decoding=\"async\" class=\"puce\" src=\"https:\/\/intranet.agriculture.gouv.fr\/intranet.national.agriculture.rie.gouv.fr\/plugins-dist\/giseh\/cisquel\/puce.gif\" alt=\"-\" width=\"8\" height=\"11\" \/>\u00a0<a class=\"spip_out\" title=\"harmonie-fonction-publique (nouvelle fenetre)\" href=\"https:\/\/www.harmonie-fonction-publique.fr\/web\/harmonie-fonction-publique\/agent-du-ministere-de-l-agriculture\/-\/offre-detaillee\/sante\" target=\"_blank\" rel=\"noopener noreferrer external\">harmonie-fonction-publique<\/a><\/p>\n<\/div>\n<hr \/>\n<p class=\"spip\" style=\"text-align: center\"><span style=\"font-size: 18pt\"><strong>Commission consultative des secours<\/strong>\u00a0<\/span><\/p>\n<p>La Commission consultative des secours statue sur les demandes d\u2019aides financi\u00e8res non remboursables destin\u00e9es aux agents actifs ou retrait\u00e9s en difficult\u00e9.<\/p>\n<p>Les dossiers de ces agents sont pr\u00e9sent\u00e9s par les assistants de services sociaux \u00e0 la commission nationale consultative des secours, qui \u00e9met un avis sur le bien fond\u00e9 de la demande et sur le montant \u00e0 attribuer.<\/p>\n<p>Elle est compos\u00e9e de repr\u00e9sentants des organisations syndicales si\u00e9geant au comit\u00e9 technique minist\u00e9riel (CTM) et est pr\u00e9sid\u00e9e par un repr\u00e9sentant de l\u2019administration (le chef du BASS) qui a voix d\u00e9cisionnelle. Elle est assist\u00e9e d\u2019experts (la conseill\u00e8re technique nationale du service social, des assistants de services sociaux, les repr\u00e9sentants des mutuelles et de l\u2019ASMA nationale). L\u2019aide accord\u00e9e ne peut exc\u00e9der 1500\u20ac ou, dans les cas exceptionnels, 2000\u20ac.<\/p>\n<h2><span style=\"font-size: 12pt\">Les missions du service social du personnel<\/span><\/h2>\n<p>Le service social du personnel est comp\u00e9tent pour l\u2019ensemble des agents et services de notre minist\u00e8re ainsi que ceux des DDI.<\/p>\n<p>Au sein du bureau d\u2019action sanitaire et sociale (BASS), la CTN a pour mission d\u2019assurer l\u2019encadrement, l\u2019animation, la coordination et l\u2019adaptation du r\u00e9seau du service social minist\u00e9riel et de contribuer \u00e0 l\u2019\u00e9laboration et la mise en \u0153uvre des politiques sociales.<\/p>\n<p>Les ASS ont pour missions\u00a0:<\/p>\n<p><img decoding=\"async\" class=\"puce\" src=\"https:\/\/intranet.agriculture.gouv.fr\/intranet.national.agriculture.rie.gouv.fr\/plugins-dist\/giseh\/cisquel\/puce.gif\" alt=\"-\" width=\"8\" height=\"11\" \/>\u00a0d\u2019aider et de soutenir toute personne \u00e9prouvant des difficult\u00e9s d\u2019ordre personnel ou professionnel et de favoriser la recherche des solutions les mieux adapt\u00e9es.<\/p>\n<p><img decoding=\"async\" class=\"puce\" src=\"https:\/\/intranet.agriculture.gouv.fr\/intranet.national.agriculture.rie.gouv.fr\/plugins-dist\/giseh\/cisquel\/puce.gif\" alt=\"-\" width=\"8\" height=\"11\" \/>\u00a0d\u2019impulser et participer \u00e0 des actions collectives d\u2019information et d\u2019\u00e9changes.<\/p>\n<p><img decoding=\"async\" class=\"puce\" src=\"https:\/\/intranet.agriculture.gouv.fr\/intranet.national.agriculture.rie.gouv.fr\/plugins-dist\/giseh\/cisquel\/puce.gif\" alt=\"-\" width=\"8\" height=\"11\" \/>\u00a0de participer \u00e0 la gestion des ressources humaines des services (GRH), en travaillant en concertation avec les diff\u00e9rents services qui concourent \u00e0 la GRH, en assurant une vigilance sociale dans les services afin d\u2019alerter les responsables sur les situations porteuses de risque psychosociaux, de conflits, et proposer des actions de pr\u00e9vention en lien avec les acteurs de pr\u00e9vention.<\/p>\n<p><img decoding=\"async\" class=\"puce\" src=\"https:\/\/intranet.agriculture.gouv.fr\/intranet.national.agriculture.rie.gouv.fr\/plugins-dist\/giseh\/cisquel\/puce.gif\" alt=\"-\" width=\"8\" height=\"11\" \/>\u00a0d\u2019assurer la fonction de veille sociale pour apporter un \u00e9clairage professionnel sur les probl\u00e9matiques communes et sp\u00e9cifiques rencontr\u00e9es par les agents et les services, de suivre leur \u00e9volution. Ils participent ainsi \u00e0 l\u2019orientation de la politique d\u2019action sociale en fonction de l\u2019\u00e9volution du contexte professionnel.<\/p>\n<p><br class=\"autobr\" \/><strong>R\u00e9f\u00e9rence<\/strong><\/p>\n<p><strong><span class=\"spip_document_178772049 spip_documents\"><a class=\"LienTelecharg\" title=\"Circulaire relative aux missions et \u00e0 l'organisation du service social du 29 ao\u00fbt 2012 - pdf - 107.2 ko (ouverture nouvelle fen\u00eatre)\" href=\"https:\/\/intranet.agriculture.gouv.fr\/intranet.national.agriculture.rie.gouv.fr\/IMG\/pdf\/SRHC20121002_CIRCULAIRE_29_AOUT_2012_cle41f341-1.pdf\" target=\"_blank\" rel=\"noopener noreferrer\">Circulaire relative aux missions et \u00e0 l\u2019organisation du service social du 29 ao\u00fbt 2012<\/a>\u00a0(format pdf &#8211; 107.2 ko &#8211; 09\/07\/2018)\u00a0<\/span><\/strong><\/p>\n<p><strong>Lien vers<\/strong><span style=\"color: #008000\"> <a class=\"spip_in\" style=\"color: #008000\" href=\"https:\/\/intranet.agriculture.gouv.fr\/intranet.national.agriculture.rie.gouv.fr\/IMG\/pdf\/Trombinoscope_assistants_Sociaux_Mars_2022_cle0ef51e.pdf\" target=\"_blank\" rel=\"noopener\">trombi assistance social du MASA<\/a><\/span><\/p>\n<hr \/>\n<div class=\"texte\">\n<p style=\"text-align: center\"><span style=\"font-size: 14pt\"><strong>ASMA\u00a0<\/strong><\/span><\/p>\n<p>L\u2019ASMA nationale propose des prestations pour l\u2019ensemble des agents et les ASMA locales organisent des activit\u00e9s de proximit\u00e9 au niveau d\u00e9partemental ou r\u00e9gional dans le cas de l\u2019Ile-de-France. Les agents b\u00e9n\u00e9ficient donc des activit\u00e9s nationales et de celles de leur d\u00e9partement.<\/p>\n<p><!--more--><\/p>\n<p><span style=\"font-size: 10pt\"><strong>Les vacances, les voyages et les loisirs de l\u2019ASMA<\/strong><\/span><\/p>\n<p>L\u2019ASMA nationale propose des s\u00e9jours et des voyages en France et \u00e0 l\u2019\u00e9tranger, des colonies de vacances et des s\u00e9jours \u00e0 th\u00e8mes ainsi que des activit\u00e9s culturelles et sportives. Elle g\u00e8re des centres de s\u00e9jours (Mimizan (40), Meg\u00e8ve (74), Malbuisson (25), Chamonix (74), Alpe d\u2019Huez (38) et Orci\u00e8res (05)) pour organiser des activit\u00e9s de loisirs pour les enfants ou pour les familles.<\/p>\n<p><span style=\"font-size: 10pt\"><strong>Les pr\u00eats et les aides de l\u2019ASMA nationale <\/strong><\/span><\/p>\n<p>L\u2019ASMA nationale accorde des pr\u00eats sociaux aux agents en difficult\u00e9 financi\u00e8re. Le groupe de travail tient compte des ressources et des charges du demandeur. Le montant maximum de ces pr\u00eats sociaux est de 2 000 \u20ac, sans int\u00e9r\u00eat.<br \/>\nSous certaines conditions, l\u2019ASMA nationale accorde des avances individuelles remboursables, reconductibles une fois et d\u2019un montant maximum de 1000 \u20ac.<\/p>\n<p>Les ASMA d\u00e9partementales n\u2019accordent ni pr\u00eats ni aides financi\u00e8res, cette gestion \u00e9tant centralis\u00e9e.<\/p>\n<p><i><strong>Pour plus d\u2019informations, rendez-vous sur le<span style=\"color: #008000\"> <a class=\"spip_out\" style=\"color: #008000\" title=\" (Ouverture dans une nouvelle fen\u00eatre)\" href=\"https:\/\/www.asma-nationale.fr\/com\/homepage\" target=\"_blank\" rel=\"external noopener\">site de l\u2019ASMA<\/a>.<\/span><\/strong><\/i><\/p>\n<hr \/>\n<\/div>\n<div class=\"texte\">\n<p style=\"text-align: center\"><span style=\"font-size: 14pt\"><strong>Aide au maintien \u00e0 domicile pour retrait\u00e9s\u00a0\u00a0<\/strong><\/span><\/p>\n<p>La mise en place de ce dispositif a pour objectif de permettre aux retrait\u00e9s de l\u2019\u00c9tat de b\u00e9n\u00e9ficier d\u2019une aide au maintien \u00e0 domicile.<\/p>\n<p>La mise en \u0153uvre du dispositif est confi\u00e9e \u00e0 titre exclusif \u00e0 la CNAV afin de garantir son d\u00e9ploiement uniforme sur l\u2019ensemble du territoire national.<\/p>\n<p>Les formulaires sont accessibles sur le site du minist\u00e8re de la fonction publique<span style=\"color: #339966\"> (<a class=\"spip_url spip_out\" style=\"color: #339966\" title=\"www.fonction-publique.gouv.fr\/amd (nouvelle fenetre)\" href=\"http:\/\/www.fonction-publique.gouv.fr\/amd\" target=\"_blank\" rel=\"noopener noreferrer external\">www.fonction-publique.gouv.fr\/amd<\/a>).<\/span><\/p>\n<p>Deux mod\u00e8les de formulaires sont disponibles\u00a0:<br class=\"autobr\" \/>&#8211; le formulaire de demande d\u2019aide au maintien \u00e0 domicile (PAP)\u00a0;<br class=\"autobr\" \/>&#8211; le formulaire de demande d\u2019aide au retour \u00e0 domicile apr\u00e8s hospitalisation (ARDH).<\/p>\n<p>Ces formulaires sont accessibles sur le site du minist\u00e8re de la fonction publique\u00a0:<span style=\"color: #339966\">\u00a0<a class=\"spip_url spip_out auto\" style=\"color: #339966\" title=\"www.fonction-publique.gouv.fr\/amd (nouvelle fenetre)\" href=\"http:\/\/www.fonction-publique.gouv.fr\/amd\" target=\"_blank\" rel=\"noopener noreferrer nofollow external\">www.fonction-publique.gouv.fr\/amd<\/a><\/span>\u00a0et aupr\u00e8s des CARSAT qui sont joignables par t\u00e9l\u00e9phone au 39 60 (ou 09 71 10 39 60 depuis un mobile, une box ou l\u2019\u00e9tranger\u00a0: du lundi au vendredi de 8h \u00e0 17h ).<\/p>\n<ul class=\"spip\">\n<li><strong><span class=\"spip_document_178919131 spip_documents\"><span style=\"color: #339966\"><a class=\"LienTelecharg\" style=\"color: #339966\" title=\"L'aide au maintien \u00e0 domicile - pdf - 1.4 Mo (ouverture nouvelle fen\u00eatre)\" href=\"https:\/\/intranet.agriculture.gouv.fr\/intranet.national.agriculture.rie.gouv.fr\/IMG\/pdf\/Flyer_AMD_cle84d1ee.pdf\" target=\"_blank\" rel=\"noopener noreferrer\">L\u2019aide au maintien \u00e0 domicile\u00a0<\/a><\/span>(format pdf &#8211; 1.4 Mo &#8211; 23\/05\/2022)<\/span><\/strong><\/li>\n<\/ul>\n<ul class=\"spip\">\n<li><strong><span class=\"spip_document_178747246 spip_documents\"><span style=\"color: #339966\"><a class=\"LienTelecharg\" style=\"color: #339966\" title=\"Aide au maintien \u00e0 domicile (F12)_Bar\u00e8me 2022 - pdf - 383.2 ko (ouverture nouvelle fen\u00eatre)\" href=\"https:\/\/intranet.agriculture.gouv.fr\/intranet.national.agriculture.rie.gouv.fr\/IMG\/pdf\/F12_MaintienDomRetr__NdS2022-p26__cle8c411e.pdf\" target=\"_blank\" rel=\"noopener noreferrer\">Aide au maintien \u00e0 domicile (F12)_Bar\u00e8me 2022<\/a>\u00a0<\/span>(format pdf &#8211; 383.2 ko &#8211; 01\/03\/2022)<\/span><\/strong><\/li>\n<\/ul>\n<\/div>\n<p>&nbsp;<\/p>\n","protected":false},"excerpt":{"rendered":"<p>Toute l&rsquo;action sociale possible ci-dessous \u00e0 savoir les prestations sociales interminist\u00e9rielles, l&rsquo;acc\u00e8s au logement en \u00cele-de-France,\u00a0L&rsquo;aide \u00e0 la scolarit\u00e9, les frais de s\u00e9jours de vos enfants, les aides \u00ab\u00a0famille\u00a0\u00bb, les prestations d\u00e9di\u00e9es aux enfants handicap\u00e9s, les ch\u00e8ques vacances, les compl\u00e9mentaire sant\u00e9, les aides financi\u00e8res non remboursables et les aides \u00e0 domicile pour les fonctionnaires de [&hellip;]<\/p>\n","protected":false},"author":1,"featured_media":0,"parent":0,"menu_order":0,"comment_status":"closed","ping_status":"closed","template":"","meta":{"ocean_post_layout":"","ocean_both_sidebars_style":"","ocean_both_sidebars_content_width":0,"ocean_both_sidebars_sidebars_width":0,"ocean_sidebar":"0","ocean_second_sidebar":"0","ocean_disable_margins":"enable","ocean_add_body_class":"","ocean_shortcode_before_top_bar":"","ocean_shortcode_after_top_bar":"","ocean_shortcode_before_header":"","ocean_shortcode_after_header":"","ocean_has_shortcode":"","ocean_shortcode_after_title":"","ocean_shortcode_before_footer_widgets":"","ocean_shortcode_after_footer_widgets":"","ocean_shortcode_before_footer_bottom":"","ocean_shortcode_after_footer_bottom":"","ocean_display_top_bar":"default","ocean_display_header":"default","ocean_header_style":"","ocean_center_header_left_menu":"0","ocean_custom_header_template":"0","ocean_custom_logo":0,"ocean_custom_retina_logo":0,"ocean_custom_logo_max_width":0,"ocean_custom_logo_tablet_max_width":0,"ocean_custom_logo_mobile_max_width":0,"ocean_custom_logo_max_height":0,"ocean_custom_logo_tablet_max_height":0,"ocean_custom_logo_mobile_max_height":0,"ocean_header_custom_menu":"0","ocean_menu_typo_font_family":"0","ocean_menu_typo_font_subset":"","ocean_menu_typo_font_size":0,"ocean_menu_typo_font_size_tablet":0,"ocean_menu_typo_font_size_mobile":0,"ocean_menu_typo_font_size_unit":"px","ocean_menu_typo_font_weight":"","ocean_menu_typo_font_weight_tablet":"","ocean_menu_typo_font_weight_mobile":"","ocean_menu_typo_transform":"","ocean_menu_typo_transform_tablet":"","ocean_menu_typo_transform_mobile":"","ocean_menu_typo_line_height":0,"ocean_menu_typo_line_height_tablet":0,"ocean_menu_typo_line_height_mobile":0,"ocean_menu_typo_line_height_unit":"","ocean_menu_typo_spacing":0,"ocean_menu_typo_spacing_tablet":0,"ocean_menu_typo_spacing_mobile":0,"ocean_menu_typo_spacing_unit":"","ocean_menu_link_color":"","ocean_menu_link_color_hover":"","ocean_menu_link_color_active":"","ocean_menu_link_background":"","ocean_menu_link_hover_background":"","ocean_menu_link_active_background":"","ocean_menu_social_links_bg":"","ocean_menu_social_hover_links_bg":"","ocean_menu_social_links_color":"","ocean_menu_social_hover_links_color":"","ocean_disable_title":"default","ocean_disable_heading":"default","ocean_post_title":"","ocean_post_subheading":"","ocean_post_title_style":"","ocean_post_title_background_color":"","ocean_post_title_background":0,"ocean_post_title_bg_image_position":"","ocean_post_title_bg_image_attachment":"","ocean_post_title_bg_image_repeat":"","ocean_post_title_bg_image_size":"","ocean_post_title_height":0,"ocean_post_title_bg_overlay":0.5,"ocean_post_title_bg_overlay_color":"","ocean_disable_breadcrumbs":"default","ocean_breadcrumbs_color":"","ocean_breadcrumbs_separator_color":"","ocean_breadcrumbs_links_color":"","ocean_breadcrumbs_links_hover_color":"","ocean_display_footer_widgets":"default","ocean_display_footer_bottom":"default","ocean_custom_footer_template":"0","footnotes":""},"folder":[],"class_list":["post-74","page","type-page","status-publish","hentry","entry"],"yoast_head":"<!-- This site is optimized with the Yoast SEO plugin v27.4 - https:\/\/yoast.com\/product\/yoast-seo-wordpress\/ -->\n<title>Action sociale - \u00ceLE-DE-FRANCE<\/title>\n<meta name=\"robots\" content=\"index, follow, max-snippet:-1, max-image-preview:large, max-video-preview:-1\" \/>\n<link rel=\"canonical\" href=\"https:\/\/regions-snetap-fsu.fr\/idf\/action-sociale\/\" \/>\n<meta property=\"og:locale\" content=\"fr_FR\" \/>\n<meta property=\"og:type\" content=\"article\" \/>\n<meta property=\"og:title\" content=\"Action sociale - \u00ceLE-DE-FRANCE\" \/>\n<meta property=\"og:description\" content=\"Toute l&rsquo;action sociale possible ci-dessous \u00e0 savoir les prestations sociales interminist\u00e9rielles, l&rsquo;acc\u00e8s au logement en \u00cele-de-France,\u00a0L&rsquo;aide \u00e0 la scolarit\u00e9, les frais de s\u00e9jours de vos enfants, les aides \u00ab\u00a0famille\u00a0\u00bb, les prestations d\u00e9di\u00e9es aux enfants handicap\u00e9s, les ch\u00e8ques vacances, les compl\u00e9mentaire sant\u00e9, les aides financi\u00e8res non remboursables et les aides \u00e0 domicile pour les fonctionnaires de [&hellip;]\" \/>\n<meta property=\"og:url\" content=\"https:\/\/regions-snetap-fsu.fr\/idf\/action-sociale\/\" \/>\n<meta property=\"og:site_name\" content=\"\u00ceLE-DE-FRANCE\" \/>\n<meta property=\"article:modified_time\" content=\"2022-09-24T15:28:32+00:00\" \/>\n<meta property=\"og:image\" content=\"https:\/\/regions-snetap-fsu.fr\/idf\/wp-content\/uploads\/sites\/11\/2020\/10\/Capture-150x150.jpg\" \/>\n<meta name=\"twitter:card\" content=\"summary_large_image\" \/>\n<meta name=\"twitter:label1\" content=\"Dur\u00e9e de lecture estim\u00e9e\" \/>\n\t<meta name=\"twitter:data1\" content=\"20 minutes\" \/>\n<script type=\"application\/ld+json\" class=\"yoast-schema-graph\">{\"@context\":\"https:\\\/\\\/schema.org\",\"@graph\":[{\"@type\":\"WebPage\",\"@id\":\"https:\\\/\\\/regions-snetap-fsu.fr\\\/idf\\\/action-sociale\\\/\",\"url\":\"https:\\\/\\\/regions-snetap-fsu.fr\\\/idf\\\/action-sociale\\\/\",\"name\":\"Action sociale - \u00ceLE-DE-FRANCE\",\"isPartOf\":{\"@id\":\"https:\\\/\\\/regions-snetap-fsu.fr\\\/idf\\\/#website\"},\"primaryImageOfPage\":{\"@id\":\"https:\\\/\\\/regions-snetap-fsu.fr\\\/idf\\\/action-sociale\\\/#primaryimage\"},\"image\":{\"@id\":\"https:\\\/\\\/regions-snetap-fsu.fr\\\/idf\\\/action-sociale\\\/#primaryimage\"},\"thumbnailUrl\":\"https:\\\/\\\/regions-snetap-fsu.fr\\\/idf\\\/wp-content\\\/uploads\\\/sites\\\/11\\\/2020\\\/10\\\/Capture-150x150.jpg\",\"datePublished\":\"2018-09-25T23:00:11+00:00\",\"dateModified\":\"2022-09-24T15:28:32+00:00\",\"breadcrumb\":{\"@id\":\"https:\\\/\\\/regions-snetap-fsu.fr\\\/idf\\\/action-sociale\\\/#breadcrumb\"},\"inLanguage\":\"fr-FR\",\"potentialAction\":[{\"@type\":\"ReadAction\",\"target\":[\"https:\\\/\\\/regions-snetap-fsu.fr\\\/idf\\\/action-sociale\\\/\"]}]},{\"@type\":\"ImageObject\",\"inLanguage\":\"fr-FR\",\"@id\":\"https:\\\/\\\/regions-snetap-fsu.fr\\\/idf\\\/action-sociale\\\/#primaryimage\",\"url\":\"https:\\\/\\\/regions-snetap-fsu.fr\\\/idf\\\/wp-content\\\/uploads\\\/sites\\\/11\\\/2020\\\/10\\\/Capture.jpg\",\"contentUrl\":\"https:\\\/\\\/regions-snetap-fsu.fr\\\/idf\\\/wp-content\\\/uploads\\\/sites\\\/11\\\/2020\\\/10\\\/Capture.jpg\",\"width\":225,\"height\":310},{\"@type\":\"BreadcrumbList\",\"@id\":\"https:\\\/\\\/regions-snetap-fsu.fr\\\/idf\\\/action-sociale\\\/#breadcrumb\",\"itemListElement\":[{\"@type\":\"ListItem\",\"position\":1,\"name\":\"Accueil\",\"item\":\"https:\\\/\\\/regions-snetap-fsu.fr\\\/idf\\\/\"},{\"@type\":\"ListItem\",\"position\":2,\"name\":\"Action sociale\"}]},{\"@type\":\"WebSite\",\"@id\":\"https:\\\/\\\/regions-snetap-fsu.fr\\\/idf\\\/#website\",\"url\":\"https:\\\/\\\/regions-snetap-fsu.fr\\\/idf\\\/\",\"name\":\"\u00ceLE-DE-FRANCE\",\"description\":\"Le blog de la Section R\u00e9gionale\",\"potentialAction\":[{\"@type\":\"SearchAction\",\"target\":{\"@type\":\"EntryPoint\",\"urlTemplate\":\"https:\\\/\\\/regions-snetap-fsu.fr\\\/idf\\\/?s={search_term_string}\"},\"query-input\":{\"@type\":\"PropertyValueSpecification\",\"valueRequired\":true,\"valueName\":\"search_term_string\"}}],\"inLanguage\":\"fr-FR\"}]}<\/script>\n<!-- \/ Yoast SEO plugin. -->","yoast_head_json":{"title":"Action sociale - \u00ceLE-DE-FRANCE","robots":{"index":"index","follow":"follow","max-snippet":"max-snippet:-1","max-image-preview":"max-image-preview:large","max-video-preview":"max-video-preview:-1"},"canonical":"https:\/\/regions-snetap-fsu.fr\/idf\/action-sociale\/","og_locale":"fr_FR","og_type":"article","og_title":"Action sociale - \u00ceLE-DE-FRANCE","og_description":"Toute l&rsquo;action sociale possible ci-dessous \u00e0 savoir les prestations sociales interminist\u00e9rielles, l&rsquo;acc\u00e8s au logement en \u00cele-de-France,\u00a0L&rsquo;aide \u00e0 la scolarit\u00e9, les frais de s\u00e9jours de vos enfants, les aides \u00ab\u00a0famille\u00a0\u00bb, les prestations d\u00e9di\u00e9es aux enfants handicap\u00e9s, les ch\u00e8ques vacances, les compl\u00e9mentaire sant\u00e9, les aides financi\u00e8res non remboursables et les aides \u00e0 domicile pour les fonctionnaires de [&hellip;]","og_url":"https:\/\/regions-snetap-fsu.fr\/idf\/action-sociale\/","og_site_name":"\u00ceLE-DE-FRANCE","article_modified_time":"2022-09-24T15:28:32+00:00","og_image":[{"url":"https:\/\/regions-snetap-fsu.fr\/idf\/wp-content\/uploads\/sites\/11\/2020\/10\/Capture-150x150.jpg","type":"","width":"","height":""}],"twitter_card":"summary_large_image","twitter_misc":{"Dur\u00e9e de lecture estim\u00e9e":"20 minutes"},"schema":{"@context":"https:\/\/schema.org","@graph":[{"@type":"WebPage","@id":"https:\/\/regions-snetap-fsu.fr\/idf\/action-sociale\/","url":"https:\/\/regions-snetap-fsu.fr\/idf\/action-sociale\/","name":"Action sociale - \u00ceLE-DE-FRANCE","isPartOf":{"@id":"https:\/\/regions-snetap-fsu.fr\/idf\/#website"},"primaryImageOfPage":{"@id":"https:\/\/regions-snetap-fsu.fr\/idf\/action-sociale\/#primaryimage"},"image":{"@id":"https:\/\/regions-snetap-fsu.fr\/idf\/action-sociale\/#primaryimage"},"thumbnailUrl":"https:\/\/regions-snetap-fsu.fr\/idf\/wp-content\/uploads\/sites\/11\/2020\/10\/Capture-150x150.jpg","datePublished":"2018-09-25T23:00:11+00:00","dateModified":"2022-09-24T15:28:32+00:00","breadcrumb":{"@id":"https:\/\/regions-snetap-fsu.fr\/idf\/action-sociale\/#breadcrumb"},"inLanguage":"fr-FR","potentialAction":[{"@type":"ReadAction","target":["https:\/\/regions-snetap-fsu.fr\/idf\/action-sociale\/"]}]},{"@type":"ImageObject","inLanguage":"fr-FR","@id":"https:\/\/regions-snetap-fsu.fr\/idf\/action-sociale\/#primaryimage","url":"https:\/\/regions-snetap-fsu.fr\/idf\/wp-content\/uploads\/sites\/11\/2020\/10\/Capture.jpg","contentUrl":"https:\/\/regions-snetap-fsu.fr\/idf\/wp-content\/uploads\/sites\/11\/2020\/10\/Capture.jpg","width":225,"height":310},{"@type":"BreadcrumbList","@id":"https:\/\/regions-snetap-fsu.fr\/idf\/action-sociale\/#breadcrumb","itemListElement":[{"@type":"ListItem","position":1,"name":"Accueil","item":"https:\/\/regions-snetap-fsu.fr\/idf\/"},{"@type":"ListItem","position":2,"name":"Action sociale"}]},{"@type":"WebSite","@id":"https:\/\/regions-snetap-fsu.fr\/idf\/#website","url":"https:\/\/regions-snetap-fsu.fr\/idf\/","name":"\u00ceLE-DE-FRANCE","description":"Le blog de la Section R\u00e9gionale","potentialAction":[{"@type":"SearchAction","target":{"@type":"EntryPoint","urlTemplate":"https:\/\/regions-snetap-fsu.fr\/idf\/?s={search_term_string}"},"query-input":{"@type":"PropertyValueSpecification","valueRequired":true,"valueName":"search_term_string"}}],"inLanguage":"fr-FR"}]}},"_links":{"self":[{"href":"https:\/\/regions-snetap-fsu.fr\/idf\/wp-json\/wp\/v2\/pages\/74","targetHints":{"allow":["GET"]}}],"collection":[{"href":"https:\/\/regions-snetap-fsu.fr\/idf\/wp-json\/wp\/v2\/pages"}],"about":[{"href":"https:\/\/regions-snetap-fsu.fr\/idf\/wp-json\/wp\/v2\/types\/page"}],"author":[{"embeddable":true,"href":"https:\/\/regions-snetap-fsu.fr\/idf\/wp-json\/wp\/v2\/users\/1"}],"replies":[{"embeddable":true,"href":"https:\/\/regions-snetap-fsu.fr\/idf\/wp-json\/wp\/v2\/comments?post=74"}],"version-history":[{"count":43,"href":"https:\/\/regions-snetap-fsu.fr\/idf\/wp-json\/wp\/v2\/pages\/74\/revisions"}],"predecessor-version":[{"id":1479,"href":"https:\/\/regions-snetap-fsu.fr\/idf\/wp-json\/wp\/v2\/pages\/74\/revisions\/1479"}],"wp:attachment":[{"href":"https:\/\/regions-snetap-fsu.fr\/idf\/wp-json\/wp\/v2\/media?parent=74"}],"wp:term":[{"taxonomy":"folder","embeddable":true,"href":"https:\/\/regions-snetap-fsu.fr\/idf\/wp-json\/wp\/v2\/folder?post=74"}],"curies":[{"name":"wp","href":"https:\/\/api.w.org\/{rel}","templated":true}]}}