{"version":"1.0","provider_name":"\u00ceLE-DE-FRANCE","provider_url":"https:\/\/regions-snetap-fsu.fr\/idf","author_name":"admin","author_url":"https:\/\/regions-snetap-fsu.fr\/idf\/author\/admin\/","title":"16 NOVEMBRE : APPEL \u00c0 LA GR\u00c8VE - \u00ceLE-DE-FRANCE","type":"rich","width":600,"height":338,"html":"<blockquote class=\"wp-embedded-content\" data-secret=\"dh9auU4dwF\"><a href=\"https:\/\/regions-snetap-fsu.fr\/idf\/2017\/11\/15\/16-novembre-appel-a-la-greve\/\">16 NOVEMBRE : APPEL \u00c0 LA GR\u00c8VE<\/a><\/blockquote><iframe sandbox=\"allow-scripts\" security=\"restricted\" src=\"https:\/\/regions-snetap-fsu.fr\/idf\/2017\/11\/15\/16-novembre-appel-a-la-greve\/embed\/#?secret=dh9auU4dwF\" width=\"600\" height=\"338\" title=\"\u00ab\u00a016 NOVEMBRE : APPEL \u00c0 LA GR\u00c8VE\u00a0\u00bb &#8212; \u00ceLE-DE-FRANCE\" data-secret=\"dh9auU4dwF\" frameborder=\"0\" marginwidth=\"0\" marginheight=\"0\" scrolling=\"no\" class=\"wp-embedded-content\"><\/iframe><script>\n\/*! This file is auto-generated *\/\n!function(d,l){\"use strict\";l.querySelector&&d.addEventListener&&\"undefined\"!=typeof URL&&(d.wp=d.wp||{},d.wp.receiveEmbedMessage||(d.wp.receiveEmbedMessage=function(e){var t=e.data;if((t||t.secret||t.message||t.value)&&!\/[^a-zA-Z0-9]\/.test(t.secret)){for(var s,r,n,a=l.querySelectorAll('iframe[data-secret=\"'+t.secret+'\"]'),o=l.querySelectorAll('blockquote[data-secret=\"'+t.secret+'\"]'),c=new RegExp(\"^https?:$\",\"i\"),i=0;i<o.length;i++)o[i].style.display=\"none\";for(i=0;i<a.length;i++)s=a[i],e.source===s.contentWindow&&(s.removeAttribute(\"style\"),\"height\"===t.message?(1e3<(r=parseInt(t.value,10))?r=1e3:~~r<200&&(r=200),s.height=r):\"link\"===t.message&&(r=new URL(s.getAttribute(\"src\")),n=new URL(t.value),c.test(n.protocol))&&n.host===r.host&&l.activeElement===s&&(d.top.location.href=t.value))}},d.addEventListener(\"message\",d.wp.receiveEmbedMessage,!1),l.addEventListener(\"DOMContentLoaded\",function(){for(var e,t,s=l.querySelectorAll(\"iframe.wp-embedded-content\"),r=0;r<s.length;r++)(t=(e=s[r]).getAttribute(\"data-secret\"))||(t=Math.random().toString(36).substring(2,12),e.src+=\"#?secret=\"+t,e.setAttribute(\"data-secret\",t)),e.contentWindow.postMessage({message:\"ready\",secret:t},\"*\")},!1)))}(window,document);\n\/\/# sourceURL=https:\/\/regions-snetap-fsu.fr\/idf\/wp-includes\/js\/wp-embed.min.js\n<\/script>\n","description":"Mobilisez vous le 16 novembre contre la politique de casse sociale initi\u00e9e par le gouvernement. La manifestation partira \u00e0 14h place de la R\u00e9publique et se terminera place de la Nation. La FSU partira en t\u00eate de cort\u00e8ge."}