{"id":1764,"date":"2019-02-28T23:11:53","date_gmt":"2019-02-28T22:11:53","guid":{"rendered":"https:\/\/regions-snetap-fsu.fr\/hdf\/?page_id=1764"},"modified":"2023-05-29T16:55:18","modified_gmt":"2023-05-29T14:55:18","slug":"ccp-regionale-des-hauts-de-france","status":"publish","type":"page","link":"https:\/\/regions-snetap-fsu.fr\/hdf\/ccp-regionale-des-hauts-de-france\/","title":{"rendered":"CCP R\u00e9gionale des Hauts-de-France"},"content":{"rendered":"<h2 style=\"text-align: center\"><span style=\"color: #ff0000\">Repr\u00e9sentant\u00b7es de la CCPR<\/span><\/h2>\n<h2 style=\"text-align: center\"><span style=\"color: #ff0000\">des Hauts-de-France<\/span><\/h2>\n<p><img decoding=\"async\" class=\"size-medium wp-image-8131 aligncenter\" src=\"https:\/\/regions-snetap-fsu.fr\/hdf\/wp-content\/uploads\/sites\/5\/2022\/12\/logo-elancommun-300x165.png\" alt=\"\" width=\"300\" height=\"165\" srcset=\"https:\/\/regions-snetap-fsu.fr\/hdf\/wp-content\/uploads\/sites\/5\/2022\/12\/logo-elancommun-300x165.png 300w, https:\/\/regions-snetap-fsu.fr\/hdf\/wp-content\/uploads\/sites\/5\/2022\/12\/logo-elancommun-1024x562.png 1024w, https:\/\/regions-snetap-fsu.fr\/hdf\/wp-content\/uploads\/sites\/5\/2022\/12\/logo-elancommun-768x421.png 768w, https:\/\/regions-snetap-fsu.fr\/hdf\/wp-content\/uploads\/sites\/5\/2022\/12\/logo-elancommun-1536x843.png 1536w, https:\/\/regions-snetap-fsu.fr\/hdf\/wp-content\/uploads\/sites\/5\/2022\/12\/logo-elancommun-2048x1124.png 2048w\" sizes=\"(max-width: 300px) 100vw, 300px\" \/><\/p>\n<p style=\"text-align: justify\"><strong><span style=\"color: #008000\">La CCPR c\u2019est la Commission Consultative Paritaire R\u00e9gionale. C\u2019est la commission o\u00f9 vos repr\u00e9sentant\u00b7e\u00b7s \u00c9lan commun d\u00e9fendent en responsabilit\u00e9 tous les agent\u00b7e\u00b7s contractuel\u00b7le\u00b7s sur budget lors de licenciements ou de sanctions disciplinaires.<\/span><\/strong><\/p>\n<p><strong><span style=\"color: #129447;font-family: tahoma, arial, helvetica, sans-serif\">Ci-dessous vos repr\u00e9sentant\u00b7e\u00b7s titulaires du CCP A :<\/span><\/strong><\/p>\n<table style=\"height: 168px;width: 57.2484%\">\n<tbody>\n<tr style=\"height: 24px\">\n<td style=\"height: 24px;width: 12.093%;text-align: center\"><span style=\"color: #129447;font-family: tahoma, arial, helvetica, sans-serif\"><strong>Ordre<\/strong><\/span><\/td>\n<td style=\"height: 24px;width: 48.6523%;text-align: center\"><span style=\"color: #129447;font-family: tahoma, arial, helvetica, sans-serif\"><strong>Titulaires<\/strong><\/span><\/td>\n<td style=\"height: 24px;width: 6.61356%;text-align: center\"><span style=\"color: #129447;font-family: tahoma, arial, helvetica, sans-serif\"><strong>\u00c9tablissements<\/strong><\/span><\/td>\n<td style=\"width: 38.0161%;text-align: center\"><span style=\"color: #129447;font-family: tahoma, arial, helvetica, sans-serif\"><strong>OS<br \/>\n<\/strong><\/span><\/td>\n<\/tr>\n<tr style=\"height: 24px\">\n<td style=\"height: 24px;width: 12.093%;text-align: center\"><span style=\"color: #129447;font-family: tahoma, arial, helvetica, sans-serif\">1<\/span><\/td>\n<td style=\"height: 24px;width: 48.6523%\"><span style=\"font-family: tahoma, arial, helvetica, sans-serif;color: #129447\">Isabel Goncalves<\/span><\/td>\n<td style=\"height: 24px;width: 6.61356%\"><span style=\"color: #129447;font-family: tahoma, arial, helvetica, sans-serif\">Lomme<\/span><\/td>\n<td style=\"width: 38.0161%\"><span style=\"color: #129447;font-family: tahoma, arial, helvetica, sans-serif\">SNETAP-FSU<br \/>\n<\/span><\/td>\n<\/tr>\n<tr style=\"height: 24px\">\n<td style=\"height: 24px;width: 12.093%;text-align: center\"><span style=\"color: #129447;font-family: tahoma, arial, helvetica, sans-serif\">2<\/span><\/td>\n<td style=\"height: 24px;width: 48.6523%\"><span style=\"font-family: tahoma, arial, helvetica, sans-serif;color: #129447\">Dominique Baras<\/span><\/td>\n<td style=\"height: 24px;width: 6.61356%\"><span style=\"color: #129447;font-family: tahoma, arial, helvetica, sans-serif\">Douai<\/span><\/td>\n<td style=\"width: 38.0161%\"><span style=\"color: #129447;font-family: tahoma, arial, helvetica, sans-serif\">SNETAP-FSU<br \/>\n<\/span><\/td>\n<\/tr>\n<tr style=\"height: 24px\">\n<td style=\"height: 24px;width: 12.093%;text-align: center\"><span style=\"color: #129447;font-family: tahoma, arial, helvetica, sans-serif\">3<\/span><\/td>\n<td style=\"height: 24px;width: 48.6523%\"><span style=\"font-family: tahoma, arial, helvetica, sans-serif;color: #129447\">Elsa Barbier<\/span><\/td>\n<td style=\"height: 24px;width: 6.61356%\"><span style=\"color: #129447;font-family: tahoma, arial, helvetica, sans-serif\">St Omer<br \/>\n<\/span><\/td>\n<td style=\"width: 38.0161%\"><span style=\"color: #0000ff\"><span style=\"font-family: tahoma, arial, helvetica, sans-serif;color: #129447\">Sud Rural<\/span><br \/>\n<\/span><\/td>\n<\/tr>\n<\/tbody>\n<\/table>\n<p>&nbsp;<\/p>\n<p><strong><span style=\"color: #129447;font-family: tahoma, arial, helvetica, sans-serif\">Ci-dessous vos repr\u00e9sentant\u00b7e\u00b7s suppl\u00e9ant\u00b7e\u00b7s du CCP A:<\/span><\/strong><\/p>\n<table style=\"width: 61.8397%\">\n<tbody>\n<tr>\n<td style=\"width: 50px;text-align: center\"><span style=\"color: #129447;font-family: tahoma, arial, helvetica, sans-serif\"><strong>Ordre<\/strong><\/span><\/td>\n<td style=\"width: 149px;text-align: center\"><span style=\"color: #129447;font-family: tahoma, arial, helvetica, sans-serif\"><strong>Suppl\u00e9ant\u00b7e\u00b7s<\/strong><\/span><\/td>\n<td style=\"width: 129px;text-align: center\"><span style=\"color: #129447;font-family: tahoma, arial, helvetica, sans-serif\"><strong>\u00c9tablissements<\/strong><\/span><\/td>\n<td style=\"width: 129px;text-align: center\"><span style=\"font-family: tahoma, arial, helvetica, sans-serif;color: #129447\"><strong>OS<br \/>\n<\/strong><\/span><\/td>\n<\/tr>\n<tr>\n<td style=\"width: 50px;text-align: center\"><span style=\"color: #129447;font-family: tahoma, arial, helvetica, sans-serif\">1<\/span><\/td>\n<td style=\"width: 149px\"><span style=\"font-family: tahoma, arial, helvetica, sans-serif;color: #129447\">Arnaud Dupont<\/span><\/td>\n<td style=\"width: 129px\"><span style=\"color: #129447;font-family: tahoma, arial, helvetica, sans-serif\">Lomme<\/span><\/td>\n<td style=\"width: 129px\"><span style=\"color: #129447;font-family: tahoma, arial, helvetica, sans-serif\">SNETAP-FSU<br \/>\n<\/span><\/td>\n<\/tr>\n<tr>\n<td style=\"width: 50px;text-align: center\"><span style=\"color: #129447;font-family: tahoma, arial, helvetica, sans-serif\">2<\/span><\/td>\n<td style=\"width: 149px\"><span style=\"font-family: tahoma, arial, helvetica, sans-serif;color: #129447\">Nicolas Bres<\/span><\/td>\n<td style=\"width: 129px\"><span style=\"color: #129447;font-family: tahoma, arial, helvetica, sans-serif\">Lomme<\/span><\/td>\n<td style=\"width: 129px\"><span style=\"color: #129447;font-family: tahoma, arial, helvetica, sans-serif\">\u00a0CGT Agri<br \/>\n<\/span><\/td>\n<\/tr>\n<\/tbody>\n<\/table>\n<p>&nbsp;<\/p>\n<p><strong><span style=\"color: #129447;font-family: tahoma, arial, helvetica, sans-serif\">Ci-dessous vos repr\u00e9sentant\u00b7e\u00b7s titulaires du CCP BC :<\/span><\/strong><\/p>\n<table style=\"width: 58.9724%\">\n<tbody>\n<tr>\n<td style=\"width: 11.9266%;text-align: center\"><span style=\"color: #129447;font-family: tahoma, arial, helvetica, sans-serif\"><strong>Ordre<\/strong><\/span><\/td>\n<td style=\"width: 43.1193%;text-align: center\"><span style=\"color: #129447;font-family: tahoma, arial, helvetica, sans-serif\"><strong>Titulaires<\/strong><\/span><\/td>\n<td style=\"width: 19.266%;text-align: center\"><span style=\"color: #129447;font-family: tahoma, arial, helvetica, sans-serif\"><strong>\u00c9tablissements<\/strong><\/span><\/td>\n<td style=\"width: 23.1652%;text-align: center\"><span style=\"font-family: tahoma, arial, helvetica, sans-serif;color: #129447\"><strong>OS<br \/>\n<\/strong><\/span><\/td>\n<\/tr>\n<tr>\n<td style=\"width: 11.9266%;text-align: center\"><span style=\"color: #129447;font-family: tahoma, arial, helvetica, sans-serif\">1<\/span><\/td>\n<td style=\"width: 43.1193%\"><span style=\"font-family: tahoma, arial, helvetica, sans-serif;color: #129447\">Perrine Crinquette<\/span><\/td>\n<td style=\"width: 19.266%\"><span style=\"color: #129447;font-family: tahoma, arial, helvetica, sans-serif\">Lomme<\/span><\/td>\n<td style=\"width: 23.1652%\"><span style=\"color: #129447;font-family: tahoma, arial, helvetica, sans-serif\">CGT Agri<br \/>\n<\/span><\/td>\n<\/tr>\n<tr>\n<td style=\"width: 11.9266%;text-align: center\"><span style=\"color: #129447;font-family: tahoma, arial, helvetica, sans-serif\">2<\/span><\/td>\n<td style=\"width: 43.1193%\"><span style=\"font-family: tahoma, arial, helvetica, sans-serif;color: #129447\">Faustine Demaret<\/span><\/td>\n<td style=\"width: 19.266%\"><span style=\"color: #129447;font-family: tahoma, arial, helvetica, sans-serif\">Lomme<\/span><\/td>\n<td style=\"width: 23.1652%\"><span style=\"color: #129447;font-family: tahoma, arial, helvetica, sans-serif\">\u00a0<\/span><\/td>\n<\/tr>\n<tr>\n<td style=\"width: 11.9266%;text-align: center\"><span style=\"color: #129447;font-family: tahoma, arial, helvetica, sans-serif\">3<br \/>\n<\/span><\/td>\n<td style=\"width: 43.1193%\"><span style=\"font-family: tahoma, arial, helvetica, sans-serif;color: #129447\">Sylvie Durand<\/span><\/td>\n<td style=\"width: 19.266%\"><span style=\"color: #129447;font-family: tahoma, arial, helvetica, sans-serif\">Dunkerque<br \/>\n<\/span><\/td>\n<td style=\"width: 23.1652%\"><span style=\"color: #0000ff\">\u00a0<\/span><\/td>\n<\/tr>\n<\/tbody>\n<\/table>\n<p>&nbsp;<\/p>\n","protected":false},"excerpt":{"rendered":"<p>Repr\u00e9sentant\u00b7es de la CCPR des Hauts-de-France La CCPR c\u2019est la Commission Consultative Paritaire R\u00e9gionale. C\u2019est la commission o\u00f9 vos repr\u00e9sentant\u00b7e\u00b7s \u00c9lan commun d\u00e9fendent en responsabilit\u00e9 tous les agent\u00b7e\u00b7s contractuel\u00b7le\u00b7s sur budget lors de licenciements ou de sanctions disciplinaires. Ci-dessous vos repr\u00e9sentant\u00b7e\u00b7s titulaires du CCP A : Ordre Titulaires \u00c9tablissements OS 1 Isabel Goncalves Lomme SNETAP-FSU [&hellip;]<\/p>\n","protected":false},"author":88,"featured_media":0,"parent":0,"menu_order":0,"comment_status":"closed","ping_status":"closed","template":"","meta":{"ocean_post_layout":"","ocean_both_sidebars_style":"","ocean_both_sidebars_content_width":0,"ocean_both_sidebars_sidebars_width":0,"ocean_sidebar":"0","ocean_second_sidebar":"0","ocean_disable_margins":"enable","ocean_add_body_class":"","ocean_shortcode_before_top_bar":"","ocean_shortcode_after_top_bar":"","ocean_shortcode_before_header":"","ocean_shortcode_after_header":"","ocean_has_shortcode":"","ocean_shortcode_after_title":"","ocean_shortcode_before_footer_widgets":"","ocean_shortcode_after_footer_widgets":"","ocean_shortcode_before_footer_bottom":"","ocean_shortcode_after_footer_bottom":"","ocean_display_top_bar":"default","ocean_display_header":"default","ocean_header_style":"","ocean_center_header_left_menu":"0","ocean_custom_header_template":"0","ocean_custom_logo":0,"ocean_custom_retina_logo":0,"ocean_custom_logo_max_width":0,"ocean_custom_logo_tablet_max_width":0,"ocean_custom_logo_mobile_max_width":0,"ocean_custom_logo_max_height":0,"ocean_custom_logo_tablet_max_height":0,"ocean_custom_logo_mobile_max_height":0,"ocean_header_custom_menu":"0","ocean_menu_typo_font_family":"0","ocean_menu_typo_font_subset":"","ocean_menu_typo_font_size":0,"ocean_menu_typo_font_size_tablet":0,"ocean_menu_typo_font_size_mobile":0,"ocean_menu_typo_font_size_unit":"px","ocean_menu_typo_font_weight":"","ocean_menu_typo_font_weight_tablet":"","ocean_menu_typo_font_weight_mobile":"","ocean_menu_typo_transform":"","ocean_menu_typo_transform_tablet":"","ocean_menu_typo_transform_mobile":"","ocean_menu_typo_line_height":0,"ocean_menu_typo_line_height_tablet":0,"ocean_menu_typo_line_height_mobile":0,"ocean_menu_typo_line_height_unit":"","ocean_menu_typo_spacing":0,"ocean_menu_typo_spacing_tablet":0,"ocean_menu_typo_spacing_mobile":0,"ocean_menu_typo_spacing_unit":"","ocean_menu_link_color":"","ocean_menu_link_color_hover":"","ocean_menu_link_color_active":"","ocean_menu_link_background":"","ocean_menu_link_hover_background":"","ocean_menu_link_active_background":"","ocean_menu_social_links_bg":"","ocean_menu_social_hover_links_bg":"","ocean_menu_social_links_color":"","ocean_menu_social_hover_links_color":"","ocean_disable_title":"default","ocean_disable_heading":"default","ocean_post_title":"","ocean_post_subheading":"","ocean_post_title_style":"","ocean_post_title_background_color":"","ocean_post_title_background":0,"ocean_post_title_bg_image_position":"","ocean_post_title_bg_image_attachment":"","ocean_post_title_bg_image_repeat":"","ocean_post_title_bg_image_size":"","ocean_post_title_height":0,"ocean_post_title_bg_overlay":0.5,"ocean_post_title_bg_overlay_color":"","ocean_disable_breadcrumbs":"default","ocean_breadcrumbs_color":"","ocean_breadcrumbs_separator_color":"","ocean_breadcrumbs_links_color":"","ocean_breadcrumbs_links_hover_color":"","ocean_display_footer_widgets":"default","ocean_display_footer_bottom":"default","ocean_custom_footer_template":"0","footnotes":""},"folder":[],"class_list":["post-1764","page","type-page","status-publish","hentry","entry"],"yoast_head":"<!-- This site is optimized with the Yoast SEO plugin v27.4 - https:\/\/yoast.com\/product\/yoast-seo-wordpress\/ -->\n<title>CCP R\u00e9gionale des Hauts-de-France - HAUTS-DE-FRANCE<\/title>\n<meta name=\"robots\" content=\"index, follow, max-snippet:-1, max-image-preview:large, max-video-preview:-1\" \/>\n<link rel=\"canonical\" href=\"https:\/\/regions-snetap-fsu.fr\/hdf\/ccp-regionale-des-hauts-de-france\/\" \/>\n<meta property=\"og:locale\" content=\"fr_FR\" \/>\n<meta property=\"og:type\" content=\"article\" \/>\n<meta property=\"og:title\" content=\"CCP R\u00e9gionale des Hauts-de-France - HAUTS-DE-FRANCE\" \/>\n<meta property=\"og:description\" content=\"Repr\u00e9sentant\u00b7es de la CCPR des Hauts-de-France La CCPR c\u2019est la Commission Consultative Paritaire R\u00e9gionale. C\u2019est la commission o\u00f9 vos repr\u00e9sentant\u00b7e\u00b7s \u00c9lan commun d\u00e9fendent en responsabilit\u00e9 tous les agent\u00b7e\u00b7s contractuel\u00b7le\u00b7s sur budget lors de licenciements ou de sanctions disciplinaires. Ci-dessous vos repr\u00e9sentant\u00b7e\u00b7s titulaires du CCP A : Ordre Titulaires \u00c9tablissements OS 1 Isabel Goncalves Lomme SNETAP-FSU [&hellip;]\" \/>\n<meta property=\"og:url\" content=\"https:\/\/regions-snetap-fsu.fr\/hdf\/ccp-regionale-des-hauts-de-france\/\" \/>\n<meta property=\"og:site_name\" content=\"HAUTS-DE-FRANCE\" \/>\n<meta property=\"article:modified_time\" content=\"2023-05-29T14:55:18+00:00\" \/>\n<meta name=\"twitter:card\" content=\"summary_large_image\" \/>\n<meta name=\"twitter:site\" content=\"@MartinageSnetap\" \/>\n<meta name=\"twitter:label1\" content=\"Dur\u00e9e de lecture estim\u00e9e\" \/>\n\t<meta name=\"twitter:data1\" content=\"1 minute\" \/>\n<script type=\"application\/ld+json\" class=\"yoast-schema-graph\">{\"@context\":\"https:\\\/\\\/schema.org\",\"@graph\":[{\"@type\":\"WebPage\",\"@id\":\"https:\\\/\\\/regions-snetap-fsu.fr\\\/hdf\\\/ccp-regionale-des-hauts-de-france\\\/\",\"url\":\"https:\\\/\\\/regions-snetap-fsu.fr\\\/hdf\\\/ccp-regionale-des-hauts-de-france\\\/\",\"name\":\"CCP R\u00e9gionale des Hauts-de-France - HAUTS-DE-FRANCE\",\"isPartOf\":{\"@id\":\"https:\\\/\\\/regions-snetap-fsu.fr\\\/hdf\\\/#website\"},\"primaryImageOfPage\":{\"@id\":\"https:\\\/\\\/regions-snetap-fsu.fr\\\/hdf\\\/ccp-regionale-des-hauts-de-france\\\/#primaryimage\"},\"image\":{\"@id\":\"https:\\\/\\\/regions-snetap-fsu.fr\\\/hdf\\\/ccp-regionale-des-hauts-de-france\\\/#primaryimage\"},\"thumbnailUrl\":\"https:\\\/\\\/regions-snetap-fsu.fr\\\/hdf\\\/wp-content\\\/uploads\\\/sites\\\/5\\\/2022\\\/12\\\/logo-elancommun-300x165.png\",\"datePublished\":\"2019-02-28T22:11:53+00:00\",\"dateModified\":\"2023-05-29T14:55:18+00:00\",\"breadcrumb\":{\"@id\":\"https:\\\/\\\/regions-snetap-fsu.fr\\\/hdf\\\/ccp-regionale-des-hauts-de-france\\\/#breadcrumb\"},\"inLanguage\":\"fr-FR\",\"potentialAction\":[{\"@type\":\"ReadAction\",\"target\":[\"https:\\\/\\\/regions-snetap-fsu.fr\\\/hdf\\\/ccp-regionale-des-hauts-de-france\\\/\"]}]},{\"@type\":\"ImageObject\",\"inLanguage\":\"fr-FR\",\"@id\":\"https:\\\/\\\/regions-snetap-fsu.fr\\\/hdf\\\/ccp-regionale-des-hauts-de-france\\\/#primaryimage\",\"url\":\"https:\\\/\\\/regions-snetap-fsu.fr\\\/hdf\\\/wp-content\\\/uploads\\\/sites\\\/5\\\/2022\\\/12\\\/logo-elancommun.png\",\"contentUrl\":\"https:\\\/\\\/regions-snetap-fsu.fr\\\/hdf\\\/wp-content\\\/uploads\\\/sites\\\/5\\\/2022\\\/12\\\/logo-elancommun.png\",\"width\":2814,\"height\":1544},{\"@type\":\"BreadcrumbList\",\"@id\":\"https:\\\/\\\/regions-snetap-fsu.fr\\\/hdf\\\/ccp-regionale-des-hauts-de-france\\\/#breadcrumb\",\"itemListElement\":[{\"@type\":\"ListItem\",\"position\":1,\"name\":\"Accueil\",\"item\":\"https:\\\/\\\/regions-snetap-fsu.fr\\\/hdf\\\/\"},{\"@type\":\"ListItem\",\"position\":2,\"name\":\"CCP R\u00e9gionale des Hauts-de-France\"}]},{\"@type\":\"WebSite\",\"@id\":\"https:\\\/\\\/regions-snetap-fsu.fr\\\/hdf\\\/#website\",\"url\":\"https:\\\/\\\/regions-snetap-fsu.fr\\\/hdf\\\/\",\"name\":\"HAUTS-DE-FRANCE\",\"description\":\"Section r\u00e9gionale\",\"publisher\":{\"@id\":\"https:\\\/\\\/regions-snetap-fsu.fr\\\/hdf\\\/#organization\"},\"potentialAction\":[{\"@type\":\"SearchAction\",\"target\":{\"@type\":\"EntryPoint\",\"urlTemplate\":\"https:\\\/\\\/regions-snetap-fsu.fr\\\/hdf\\\/?s={search_term_string}\"},\"query-input\":{\"@type\":\"PropertyValueSpecification\",\"valueRequired\":true,\"valueName\":\"search_term_string\"}}],\"inLanguage\":\"fr-FR\"},{\"@type\":\"Organization\",\"@id\":\"https:\\\/\\\/regions-snetap-fsu.fr\\\/hdf\\\/#organization\",\"name\":\"SNETAP-FSU - HAUTS-DE-FRANCE\",\"url\":\"https:\\\/\\\/regions-snetap-fsu.fr\\\/hdf\\\/\",\"logo\":{\"@type\":\"ImageObject\",\"inLanguage\":\"fr-FR\",\"@id\":\"https:\\\/\\\/regions-snetap-fsu.fr\\\/hdf\\\/#\\\/schema\\\/logo\\\/image\\\/\",\"url\":\"https:\\\/\\\/regions-snetap-fsu.fr\\\/hdf\\\/wp-content\\\/uploads\\\/sites\\\/5\\\/2020\\\/12\\\/SNETAP-Logo.jpg\",\"contentUrl\":\"https:\\\/\\\/regions-snetap-fsu.fr\\\/hdf\\\/wp-content\\\/uploads\\\/sites\\\/5\\\/2020\\\/12\\\/SNETAP-Logo.jpg\",\"width\":464,\"height\":334,\"caption\":\"SNETAP-FSU - HAUTS-DE-FRANCE\"},\"image\":{\"@id\":\"https:\\\/\\\/regions-snetap-fsu.fr\\\/hdf\\\/#\\\/schema\\\/logo\\\/image\\\/\"},\"sameAs\":[\"https:\\\/\\\/x.com\\\/MartinageSnetap\"]}]}<\/script>\n<!-- \/ Yoast SEO plugin. -->","yoast_head_json":{"title":"CCP R\u00e9gionale des Hauts-de-France - HAUTS-DE-FRANCE","robots":{"index":"index","follow":"follow","max-snippet":"max-snippet:-1","max-image-preview":"max-image-preview:large","max-video-preview":"max-video-preview:-1"},"canonical":"https:\/\/regions-snetap-fsu.fr\/hdf\/ccp-regionale-des-hauts-de-france\/","og_locale":"fr_FR","og_type":"article","og_title":"CCP R\u00e9gionale des Hauts-de-France - HAUTS-DE-FRANCE","og_description":"Repr\u00e9sentant\u00b7es de la CCPR des Hauts-de-France La CCPR c\u2019est la Commission Consultative Paritaire R\u00e9gionale. C\u2019est la commission o\u00f9 vos repr\u00e9sentant\u00b7e\u00b7s \u00c9lan commun d\u00e9fendent en responsabilit\u00e9 tous les agent\u00b7e\u00b7s contractuel\u00b7le\u00b7s sur budget lors de licenciements ou de sanctions disciplinaires. Ci-dessous vos repr\u00e9sentant\u00b7e\u00b7s titulaires du CCP A : Ordre Titulaires \u00c9tablissements OS 1 Isabel Goncalves Lomme SNETAP-FSU [&hellip;]","og_url":"https:\/\/regions-snetap-fsu.fr\/hdf\/ccp-regionale-des-hauts-de-france\/","og_site_name":"HAUTS-DE-FRANCE","article_modified_time":"2023-05-29T14:55:18+00:00","twitter_card":"summary_large_image","twitter_site":"@MartinageSnetap","twitter_misc":{"Dur\u00e9e de lecture estim\u00e9e":"1 minute"},"schema":{"@context":"https:\/\/schema.org","@graph":[{"@type":"WebPage","@id":"https:\/\/regions-snetap-fsu.fr\/hdf\/ccp-regionale-des-hauts-de-france\/","url":"https:\/\/regions-snetap-fsu.fr\/hdf\/ccp-regionale-des-hauts-de-france\/","name":"CCP R\u00e9gionale des Hauts-de-France - HAUTS-DE-FRANCE","isPartOf":{"@id":"https:\/\/regions-snetap-fsu.fr\/hdf\/#website"},"primaryImageOfPage":{"@id":"https:\/\/regions-snetap-fsu.fr\/hdf\/ccp-regionale-des-hauts-de-france\/#primaryimage"},"image":{"@id":"https:\/\/regions-snetap-fsu.fr\/hdf\/ccp-regionale-des-hauts-de-france\/#primaryimage"},"thumbnailUrl":"https:\/\/regions-snetap-fsu.fr\/hdf\/wp-content\/uploads\/sites\/5\/2022\/12\/logo-elancommun-300x165.png","datePublished":"2019-02-28T22:11:53+00:00","dateModified":"2023-05-29T14:55:18+00:00","breadcrumb":{"@id":"https:\/\/regions-snetap-fsu.fr\/hdf\/ccp-regionale-des-hauts-de-france\/#breadcrumb"},"inLanguage":"fr-FR","potentialAction":[{"@type":"ReadAction","target":["https:\/\/regions-snetap-fsu.fr\/hdf\/ccp-regionale-des-hauts-de-france\/"]}]},{"@type":"ImageObject","inLanguage":"fr-FR","@id":"https:\/\/regions-snetap-fsu.fr\/hdf\/ccp-regionale-des-hauts-de-france\/#primaryimage","url":"https:\/\/regions-snetap-fsu.fr\/hdf\/wp-content\/uploads\/sites\/5\/2022\/12\/logo-elancommun.png","contentUrl":"https:\/\/regions-snetap-fsu.fr\/hdf\/wp-content\/uploads\/sites\/5\/2022\/12\/logo-elancommun.png","width":2814,"height":1544},{"@type":"BreadcrumbList","@id":"https:\/\/regions-snetap-fsu.fr\/hdf\/ccp-regionale-des-hauts-de-france\/#breadcrumb","itemListElement":[{"@type":"ListItem","position":1,"name":"Accueil","item":"https:\/\/regions-snetap-fsu.fr\/hdf\/"},{"@type":"ListItem","position":2,"name":"CCP R\u00e9gionale des Hauts-de-France"}]},{"@type":"WebSite","@id":"https:\/\/regions-snetap-fsu.fr\/hdf\/#website","url":"https:\/\/regions-snetap-fsu.fr\/hdf\/","name":"HAUTS-DE-FRANCE","description":"Section r\u00e9gionale","publisher":{"@id":"https:\/\/regions-snetap-fsu.fr\/hdf\/#organization"},"potentialAction":[{"@type":"SearchAction","target":{"@type":"EntryPoint","urlTemplate":"https:\/\/regions-snetap-fsu.fr\/hdf\/?s={search_term_string}"},"query-input":{"@type":"PropertyValueSpecification","valueRequired":true,"valueName":"search_term_string"}}],"inLanguage":"fr-FR"},{"@type":"Organization","@id":"https:\/\/regions-snetap-fsu.fr\/hdf\/#organization","name":"SNETAP-FSU - HAUTS-DE-FRANCE","url":"https:\/\/regions-snetap-fsu.fr\/hdf\/","logo":{"@type":"ImageObject","inLanguage":"fr-FR","@id":"https:\/\/regions-snetap-fsu.fr\/hdf\/#\/schema\/logo\/image\/","url":"https:\/\/regions-snetap-fsu.fr\/hdf\/wp-content\/uploads\/sites\/5\/2020\/12\/SNETAP-Logo.jpg","contentUrl":"https:\/\/regions-snetap-fsu.fr\/hdf\/wp-content\/uploads\/sites\/5\/2020\/12\/SNETAP-Logo.jpg","width":464,"height":334,"caption":"SNETAP-FSU - HAUTS-DE-FRANCE"},"image":{"@id":"https:\/\/regions-snetap-fsu.fr\/hdf\/#\/schema\/logo\/image\/"},"sameAs":["https:\/\/x.com\/MartinageSnetap"]}]}},"_links":{"self":[{"href":"https:\/\/regions-snetap-fsu.fr\/hdf\/wp-json\/wp\/v2\/pages\/1764","targetHints":{"allow":["GET"]}}],"collection":[{"href":"https:\/\/regions-snetap-fsu.fr\/hdf\/wp-json\/wp\/v2\/pages"}],"about":[{"href":"https:\/\/regions-snetap-fsu.fr\/hdf\/wp-json\/wp\/v2\/types\/page"}],"author":[{"embeddable":true,"href":"https:\/\/regions-snetap-fsu.fr\/hdf\/wp-json\/wp\/v2\/users\/88"}],"replies":[{"embeddable":true,"href":"https:\/\/regions-snetap-fsu.fr\/hdf\/wp-json\/wp\/v2\/comments?post=1764"}],"version-history":[{"count":16,"href":"https:\/\/regions-snetap-fsu.fr\/hdf\/wp-json\/wp\/v2\/pages\/1764\/revisions"}],"predecessor-version":[{"id":8792,"href":"https:\/\/regions-snetap-fsu.fr\/hdf\/wp-json\/wp\/v2\/pages\/1764\/revisions\/8792"}],"wp:attachment":[{"href":"https:\/\/regions-snetap-fsu.fr\/hdf\/wp-json\/wp\/v2\/media?parent=1764"}],"wp:term":[{"taxonomy":"folder","embeddable":true,"href":"https:\/\/regions-snetap-fsu.fr\/hdf\/wp-json\/wp\/v2\/folder?post=1764"}],"curies":[{"name":"wp","href":"https:\/\/api.w.org\/{rel}","templated":true}]}}