{"id":10410,"date":"2025-10-23T11:56:28","date_gmt":"2025-10-23T09:56:28","guid":{"rendered":"https:\/\/regions-snetap-fsu.fr\/hdf\/?page_id=10410"},"modified":"2025-10-23T12:04:13","modified_gmt":"2025-10-23T10:04:13","slug":"conseil-medical-hauts-de-france","status":"publish","type":"page","link":"https:\/\/regions-snetap-fsu.fr\/hdf\/conseil-medical-hauts-de-france\/","title":{"rendered":"Conseil m\u00e9dical Hauts-de-France"},"content":{"rendered":"<h2 style=\"text-align: center\"><span style=\"font-family: tahoma, arial, helvetica, sans-serif;color: #ff0000\">Repr\u00e9sentant\u00b7e\u00b7s du Conseil m\u00e9dical<\/span><\/h2>\n<h2 style=\"text-align: center\"><span style=\"font-family: tahoma, arial, helvetica, sans-serif;color: #ff0000\">des Hauts-de-France<\/span><\/h2>\n<div id=\"primary\" class=\"content-area clr\">\n<div id=\"content\" class=\"site-content clr\">\n<article class=\"single-page-article clr\">\n<div class=\"entry clr\">\n<p style=\"text-align: justify\"><img decoding=\"async\" class=\"size-medium wp-image-8131 aligncenter\" src=\"https:\/\/regions-snetap-fsu.fr\/hdf\/wp-content\/uploads\/sites\/5\/2022\/12\/logo-elancommun-300x165.png\" alt=\"\" width=\"300\" height=\"165\" srcset=\"https:\/\/regions-snetap-fsu.fr\/hdf\/wp-content\/uploads\/sites\/5\/2022\/12\/logo-elancommun-300x165.png 300w, https:\/\/regions-snetap-fsu.fr\/hdf\/wp-content\/uploads\/sites\/5\/2022\/12\/logo-elancommun-1024x562.png 1024w, https:\/\/regions-snetap-fsu.fr\/hdf\/wp-content\/uploads\/sites\/5\/2022\/12\/logo-elancommun-768x421.png 768w, https:\/\/regions-snetap-fsu.fr\/hdf\/wp-content\/uploads\/sites\/5\/2022\/12\/logo-elancommun-1536x843.png 1536w, https:\/\/regions-snetap-fsu.fr\/hdf\/wp-content\/uploads\/sites\/5\/2022\/12\/logo-elancommun-2048x1124.png 2048w\" sizes=\"(max-width: 300px) 100vw, 300px\" \/><\/p>\n<h2 style=\"text-align: center\">Repr\u00e9sentant\u00b7e\u00b7s du Conseil m\u00e9dical<\/h2>\n<p style=\"text-align: justify\"><span style=\"font-family: tahoma, arial, helvetica, sans-serif;color: #129447\">Le conseil m\u00e9dical est une <strong>instance consultative<\/strong> que votre administration employeur doit <strong>obligatoirement<\/strong> consulter <strong>avant<\/strong> de prendre certaines d\u00e9cisions concernant votre situation administrative <strong>en cas de maladie<\/strong>.<\/span><\/p>\n<p style=\"text-align: justify\"><span style=\"font-family: tahoma, arial, helvetica, sans-serif;color: #129447\">Le conseil m\u00e9dical d\u00e9partemental est institu\u00e9 aupr\u00e8s du pr\u00e9fet dans chaque d\u00e9partement.<\/span><\/p>\n<p style=\"text-align: justify\"><span style=\"font-family: tahoma, arial, helvetica, sans-serif;color: #129447\"><strong>En formation pl\u00e9ni\u00e8re<\/strong>, le conseil m\u00e9dical est compos\u00e9 des m\u00e9decins si\u00e9geant en formation restreinte et de repr\u00e9sentants de l&rsquo;administration et du personnel.<\/span><\/p>\n<p style=\"text-align: justify\"><span style=\"font-family: tahoma, arial, helvetica, sans-serif;color: #129447\">Le conseil m\u00e9dical est pr\u00e9sid\u00e9 par un m\u00e9decin d\u00e9sign\u00e9 par le pr\u00e9fet parmi les m\u00e9decins titulaires.<\/span><\/p>\n<p style=\"text-align: justify\"><span style=\"font-family: tahoma, arial, helvetica, sans-serif;color: #129447\">Le conseil m\u00e9dical se r\u00e9unit <strong>en formation pl\u00e9ni\u00e8re<\/strong> pour se prononcer sur l&rsquo;imputabilit\u00e9 au service d&rsquo;un accident ou d&rsquo;une maladie lorsqu&rsquo;un fait commis par le fonctionnaire ou une circonstance \u00e9trang\u00e8re au service ne permet pas \u00e0 l\u2019administration d&rsquo;\u00e9tablir elle-m\u00eame le lien entre le service et la maladie et l&rsquo;accident.<\/span><\/p>\n<p style=\"text-align: justify\"><span style=\"font-family: tahoma, arial, helvetica, sans-serif;color: #129447\">Le conseil m\u00e9dical se r\u00e9unit \u00e9galement en formation pl\u00e9ni\u00e8re dans les situations suivantes\u00a0:<\/span><\/p>\n<ul style=\"text-align: justify\">\n<li><span style=\"font-family: tahoma, arial, helvetica, sans-serif;color: #129447\">D\u00e9termination du taux d&rsquo;incapacit\u00e9 permanente \u00e0 la suite d&rsquo;une maladie professionnelle ;<\/span><\/li>\n<li><span style=\"font-family: tahoma, arial, helvetica, sans-serif;color: #129447\">Attribution de l&rsquo;allocation temporaire d&rsquo;invalidit\u00e9 en cas d&rsquo;invalidit\u00e9 r\u00e9sultant d&rsquo;un accident de service ayant entra\u00een\u00e9 une incapacit\u00e9 permanente d&rsquo;au moins 10 % ou d&rsquo;une maladie professionnelle ;<\/span><\/li>\n<li><span style=\"font-family: tahoma, arial, helvetica, sans-serif;color: #129447\">Mise en cong\u00e9 de maladie en raison de blessures ou de maladie contract\u00e9es ou aggrav\u00e9es en accomplissant un acte de d\u00e9vouement dans un int\u00e9r\u00eat public ou en exposant ses jours pour sauver la vie d&rsquo;une ou plusieurs personnes ;<\/span><\/li>\n<li><span style=\"font-family: tahoma, arial, helvetica, sans-serif;color: #129447\">Mise \u00e0 la retraite pour invalidit\u00e9 ;<\/span><\/li>\n<li><span style=\"font-family: tahoma, arial, helvetica, sans-serif;color: #129447\">Attribution d&rsquo;une rente \u00e0 un fonctionnaire stagiaire licenci\u00e9 pour inaptitude physique.<\/span><\/li>\n<\/ul>\n<p style=\"text-align: justify\"><span style=\"font-family: tahoma, arial, helvetica, sans-serif;color: #129447\">Vous \u00eates inform\u00e9 <strong>au moins 10\u00a0jours ouvr\u00e9s \u00e0 l&rsquo;avance<\/strong> de la date de la r\u00e9union du conseil m\u00e9dical.<\/span><\/p>\n<p style=\"text-align: justify\"><span style=\"font-family: tahoma, arial, helvetica, sans-serif;color: #129447\">Vous avez le droit de consulter votre dossier m\u00e9dical, de pr\u00e9senter des observations \u00e9crites et de fournir des certificats m\u00e9dicaux.<\/span><\/p>\n<p style=\"text-align: justify\"><span style=\"font-family: tahoma, arial, helvetica, sans-serif;color: #129447\">Vous avez aussi le droit d&rsquo;\u00eatre accompagn\u00e9 ou repr\u00e9sent\u00e9 par une personne de votre choix \u00e0 toutes les \u00e9tapes de la proc\u00e9dure.<\/span><\/p>\n<p style=\"text-align: justify\"><span style=\"font-family: tahoma, arial, helvetica, sans-serif;color: #129447\">Les avis rendus par le conseil m\u00e9dical et \u00e9ventuellement par le conseil m\u00e9dical sup\u00e9rieur <strong>ne s&rsquo;imposent pas \u00e0 l&rsquo;administration.<\/strong><\/span><\/p>\n<p style=\"text-align: justify\"><span style=\"font-family: tahoma, arial, helvetica, sans-serif;color: #129447\">L&rsquo;administration peut prendre une d\u00e9cision diff\u00e9rente de l&rsquo;avis rendu.<\/span><\/p>\n<p style=\"text-align: justify\"><span style=\"font-family: tahoma, arial, helvetica, sans-serif;color: #129447\">L&rsquo;avis du conseil m\u00e9dical ne peut en cons\u00e9quence <strong>pas<\/strong> faire l&rsquo;objet d&rsquo;un <strong>recours devant le juge administratif.<\/strong><\/span><\/p>\n<p style=\"text-align: justify\"><span style=\"font-family: tahoma, arial, helvetica, sans-serif;color: #129447\">En revanche, <strong>en cas de proc\u00e9dure irr\u00e9guli\u00e8re<\/strong> (absence de consultation du conseil m\u00e9dical, consultation irr\u00e9guli\u00e8re), cette irr\u00e9gularit\u00e9 peut \u00eatre invoqu\u00e9e devant le tribunal administratif lors d&rsquo;une <strong>demande d&rsquo;annulation<\/strong> d&rsquo;une d\u00e9cision de l&rsquo;administration.<\/span><\/p>\n<h3 style=\"text-align: justify\"><strong><span style=\"font-family: tahoma, arial, helvetica, sans-serif;color: #129447\">Ci-dessous vos repr\u00e9sentant\u00b7e\u00b7s<\/span><\/strong><\/h3>\n<div id=\"accordion-chapter-5\" class=\"fiche-item-content fr-collapse fr-collapse--expanded\" data-chapter-btn=\"accordion-chapter-btn-5\" aria-labelledby=\"accordion-chapter-btn-5\" data-fr-js-collapse=\"true\" data-fr-js-accordion-actionee=\"true\">\n<div class=\"sp-chapter-content\">\n<table>\n<tbody>\n<tr>\n<td><span style=\"color: #129447\">Ordre<\/span><\/td>\n<td><span style=\"color: #129447\">Titulaires<\/span><\/td>\n<td><span style=\"color: #129447\">Statut<\/span><\/td>\n<td><span style=\"color: #129447\">\u00c9tablissements<\/span><\/td>\n<td><span style=\"color: #129447\">OS<\/span><\/td>\n<\/tr>\n<tr>\n<td><span style=\"color: #129447\">1<\/span><\/td>\n<td><span style=\"color: #129447\">R\u00e9gis Martinage<\/span><\/td>\n<td><span style=\"color: #129447\">PLPA<\/span><\/td>\n<td><span style=\"color: #129447\">Radinghem<\/span><\/td>\n<td><span style=\"color: #129447\">SNETAP-FSU<\/span><\/td>\n<\/tr>\n<tr>\n<td><span style=\"color: #129447\">2<\/span><\/td>\n<td><span style=\"color: #129447\">Sylvain Gu\u00e9nard<\/span><\/td>\n<td><span style=\"color: #129447\">PCEA<\/span><\/td>\n<td><span style=\"color: #129447\">Amiens<\/span><\/td>\n<td><span style=\"color: #129447\">SNETAP-FSU<\/span><\/td>\n<\/tr>\n<tr>\n<td><span style=\"color: #129447\">3<\/span><\/td>\n<td><span style=\"color: #129447\">Vincent Fouque<\/span><\/td>\n<td><span style=\"color: #129447\">PLPA<\/span><\/td>\n<td><span style=\"color: #129447\">Radinghem<\/span><\/td>\n<td><span style=\"color: #129447\">SNETAP-FSU<\/span><\/td>\n<\/tr>\n<tr>\n<td><span style=\"color: #129447\">4<\/span><\/td>\n<td><span style=\"color: #129447\">Olivier Devillers<\/span><\/td>\n<td><span style=\"color: #129447\">PLPA<\/span><\/td>\n<td><span style=\"color: #129447\">Amiens<\/span><\/td>\n<td><span style=\"color: #129447\">SNETAP-FSU<\/span><\/td>\n<\/tr>\n<tr>\n<td><span style=\"color: #129447\">5<\/span><\/td>\n<td><span style=\"color: #129447\">Marc Versepuech<\/span><\/td>\n<td><span style=\"color: #129447\">TFR<\/span><\/td>\n<td><span style=\"color: #129447\">Douai<\/span><\/td>\n<td><span style=\"color: #129447\">SNETAP-FSU<\/span><\/td>\n<\/tr>\n<tr>\n<td><span style=\"color: #129447\">6<\/span><\/td>\n<td><span style=\"color: #129447\">Christophe Delattre<\/span><\/td>\n<td><span style=\"color: #129447\">PLPA<\/span><\/td>\n<td><span style=\"color: #129447\">Raismes<\/span><\/td>\n<td><span style=\"color: #129447\">SNETAP-FSU<\/span><\/td>\n<\/tr>\n<tr>\n<td><span style=\"color: #129447\">7<\/span><\/td>\n<td><span style=\"color: #129447\">Lise Touret<\/span><\/td>\n<td><span style=\"color: #129447\">TFR Labo<\/span><\/td>\n<td><span style=\"color: #129447\">Cr\u00e9zancy<\/span><\/td>\n<td><span style=\"color: #129447\">SNETAP-FSU<\/span><\/td>\n<\/tr>\n<\/tbody>\n<\/table>\n<\/div>\n<\/div>\n<\/div>\n<\/article>\n<\/div>\n<\/div>\n","protected":false},"excerpt":{"rendered":"<p>Repr\u00e9sentant\u00b7e\u00b7s du Conseil m\u00e9dical des Hauts-de-France Repr\u00e9sentant\u00b7e\u00b7s du Conseil m\u00e9dical Le conseil m\u00e9dical est une instance consultative que votre administration employeur doit obligatoirement consulter avant de prendre certaines d\u00e9cisions concernant votre situation administrative en cas de maladie. Le conseil m\u00e9dical d\u00e9partemental est institu\u00e9 aupr\u00e8s du pr\u00e9fet dans chaque d\u00e9partement. En formation pl\u00e9ni\u00e8re, le conseil m\u00e9dical [&hellip;]<\/p>\n","protected":false},"author":88,"featured_media":0,"parent":0,"menu_order":0,"comment_status":"closed","ping_status":"closed","template":"","meta":{"ocean_post_layout":"","ocean_both_sidebars_style":"","ocean_both_sidebars_content_width":0,"ocean_both_sidebars_sidebars_width":0,"ocean_sidebar":"0","ocean_second_sidebar":"0","ocean_disable_margins":"enable","ocean_add_body_class":"","ocean_shortcode_before_top_bar":"","ocean_shortcode_after_top_bar":"","ocean_shortcode_before_header":"","ocean_shortcode_after_header":"","ocean_has_shortcode":"","ocean_shortcode_after_title":"","ocean_shortcode_before_footer_widgets":"","ocean_shortcode_after_footer_widgets":"","ocean_shortcode_before_footer_bottom":"","ocean_shortcode_after_footer_bottom":"","ocean_display_top_bar":"default","ocean_display_header":"default","ocean_header_style":"","ocean_center_header_left_menu":"0","ocean_custom_header_template":"0","ocean_custom_logo":0,"ocean_custom_retina_logo":0,"ocean_custom_logo_max_width":0,"ocean_custom_logo_tablet_max_width":0,"ocean_custom_logo_mobile_max_width":0,"ocean_custom_logo_max_height":0,"ocean_custom_logo_tablet_max_height":0,"ocean_custom_logo_mobile_max_height":0,"ocean_header_custom_menu":"0","ocean_menu_typo_font_family":"0","ocean_menu_typo_font_subset":"","ocean_menu_typo_font_size":0,"ocean_menu_typo_font_size_tablet":0,"ocean_menu_typo_font_size_mobile":0,"ocean_menu_typo_font_size_unit":"px","ocean_menu_typo_font_weight":"","ocean_menu_typo_font_weight_tablet":"","ocean_menu_typo_font_weight_mobile":"","ocean_menu_typo_transform":"","ocean_menu_typo_transform_tablet":"","ocean_menu_typo_transform_mobile":"","ocean_menu_typo_line_height":0,"ocean_menu_typo_line_height_tablet":0,"ocean_menu_typo_line_height_mobile":0,"ocean_menu_typo_line_height_unit":"","ocean_menu_typo_spacing":0,"ocean_menu_typo_spacing_tablet":0,"ocean_menu_typo_spacing_mobile":0,"ocean_menu_typo_spacing_unit":"","ocean_menu_link_color":"","ocean_menu_link_color_hover":"","ocean_menu_link_color_active":"","ocean_menu_link_background":"","ocean_menu_link_hover_background":"","ocean_menu_link_active_background":"","ocean_menu_social_links_bg":"","ocean_menu_social_hover_links_bg":"","ocean_menu_social_links_color":"","ocean_menu_social_hover_links_color":"","ocean_disable_title":"default","ocean_disable_heading":"default","ocean_post_title":"","ocean_post_subheading":"","ocean_post_title_style":"","ocean_post_title_background_color":"","ocean_post_title_background":0,"ocean_post_title_bg_image_position":"","ocean_post_title_bg_image_attachment":"","ocean_post_title_bg_image_repeat":"","ocean_post_title_bg_image_size":"","ocean_post_title_height":0,"ocean_post_title_bg_overlay":0.5,"ocean_post_title_bg_overlay_color":"","ocean_disable_breadcrumbs":"default","ocean_breadcrumbs_color":"","ocean_breadcrumbs_separator_color":"","ocean_breadcrumbs_links_color":"","ocean_breadcrumbs_links_hover_color":"","ocean_display_footer_widgets":"default","ocean_display_footer_bottom":"default","ocean_custom_footer_template":"0","footnotes":""},"folder":[],"class_list":["post-10410","page","type-page","status-publish","hentry","entry"],"yoast_head":"<!-- This site is optimized with the Yoast SEO plugin v27.4 - https:\/\/yoast.com\/product\/yoast-seo-wordpress\/ -->\n<title>Conseil m\u00e9dical Hauts-de-France - HAUTS-DE-FRANCE<\/title>\n<meta name=\"robots\" content=\"index, follow, max-snippet:-1, max-image-preview:large, max-video-preview:-1\" \/>\n<link rel=\"canonical\" href=\"https:\/\/regions-snetap-fsu.fr\/hdf\/conseil-medical-hauts-de-france\/\" \/>\n<meta property=\"og:locale\" content=\"fr_FR\" \/>\n<meta property=\"og:type\" content=\"article\" \/>\n<meta property=\"og:title\" content=\"Conseil m\u00e9dical Hauts-de-France - HAUTS-DE-FRANCE\" \/>\n<meta property=\"og:description\" content=\"Repr\u00e9sentant\u00b7e\u00b7s du Conseil m\u00e9dical des Hauts-de-France Repr\u00e9sentant\u00b7e\u00b7s du Conseil m\u00e9dical Le conseil m\u00e9dical est une instance consultative que votre administration employeur doit obligatoirement consulter avant de prendre certaines d\u00e9cisions concernant votre situation administrative en cas de maladie. Le conseil m\u00e9dical d\u00e9partemental est institu\u00e9 aupr\u00e8s du pr\u00e9fet dans chaque d\u00e9partement. En formation pl\u00e9ni\u00e8re, le conseil m\u00e9dical [&hellip;]\" \/>\n<meta property=\"og:url\" content=\"https:\/\/regions-snetap-fsu.fr\/hdf\/conseil-medical-hauts-de-france\/\" \/>\n<meta property=\"og:site_name\" content=\"HAUTS-DE-FRANCE\" \/>\n<meta property=\"article:modified_time\" content=\"2025-10-23T10:04:13+00:00\" \/>\n<meta property=\"og:image\" content=\"https:\/\/regions-snetap-fsu.fr\/hdf\/wp-content\/uploads\/sites\/5\/2022\/12\/logo-elancommun-300x165.png\" \/>\n<meta name=\"twitter:card\" content=\"summary_large_image\" \/>\n<meta name=\"twitter:site\" content=\"@MartinageSnetap\" \/>\n<meta name=\"twitter:label1\" content=\"Dur\u00e9e de lecture estim\u00e9e\" \/>\n\t<meta name=\"twitter:data1\" content=\"3 minutes\" \/>\n<script type=\"application\/ld+json\" class=\"yoast-schema-graph\">{\"@context\":\"https:\\\/\\\/schema.org\",\"@graph\":[{\"@type\":\"WebPage\",\"@id\":\"https:\\\/\\\/regions-snetap-fsu.fr\\\/hdf\\\/conseil-medical-hauts-de-france\\\/\",\"url\":\"https:\\\/\\\/regions-snetap-fsu.fr\\\/hdf\\\/conseil-medical-hauts-de-france\\\/\",\"name\":\"Conseil m\u00e9dical Hauts-de-France - HAUTS-DE-FRANCE\",\"isPartOf\":{\"@id\":\"https:\\\/\\\/regions-snetap-fsu.fr\\\/hdf\\\/#website\"},\"primaryImageOfPage\":{\"@id\":\"https:\\\/\\\/regions-snetap-fsu.fr\\\/hdf\\\/conseil-medical-hauts-de-france\\\/#primaryimage\"},\"image\":{\"@id\":\"https:\\\/\\\/regions-snetap-fsu.fr\\\/hdf\\\/conseil-medical-hauts-de-france\\\/#primaryimage\"},\"thumbnailUrl\":\"https:\\\/\\\/regions-snetap-fsu.fr\\\/hdf\\\/wp-content\\\/uploads\\\/sites\\\/5\\\/2022\\\/12\\\/logo-elancommun-300x165.png\",\"datePublished\":\"2025-10-23T09:56:28+00:00\",\"dateModified\":\"2025-10-23T10:04:13+00:00\",\"breadcrumb\":{\"@id\":\"https:\\\/\\\/regions-snetap-fsu.fr\\\/hdf\\\/conseil-medical-hauts-de-france\\\/#breadcrumb\"},\"inLanguage\":\"fr-FR\",\"potentialAction\":[{\"@type\":\"ReadAction\",\"target\":[\"https:\\\/\\\/regions-snetap-fsu.fr\\\/hdf\\\/conseil-medical-hauts-de-france\\\/\"]}]},{\"@type\":\"ImageObject\",\"inLanguage\":\"fr-FR\",\"@id\":\"https:\\\/\\\/regions-snetap-fsu.fr\\\/hdf\\\/conseil-medical-hauts-de-france\\\/#primaryimage\",\"url\":\"https:\\\/\\\/regions-snetap-fsu.fr\\\/hdf\\\/wp-content\\\/uploads\\\/sites\\\/5\\\/2022\\\/12\\\/logo-elancommun.png\",\"contentUrl\":\"https:\\\/\\\/regions-snetap-fsu.fr\\\/hdf\\\/wp-content\\\/uploads\\\/sites\\\/5\\\/2022\\\/12\\\/logo-elancommun.png\",\"width\":2814,\"height\":1544},{\"@type\":\"BreadcrumbList\",\"@id\":\"https:\\\/\\\/regions-snetap-fsu.fr\\\/hdf\\\/conseil-medical-hauts-de-france\\\/#breadcrumb\",\"itemListElement\":[{\"@type\":\"ListItem\",\"position\":1,\"name\":\"Accueil\",\"item\":\"https:\\\/\\\/regions-snetap-fsu.fr\\\/hdf\\\/\"},{\"@type\":\"ListItem\",\"position\":2,\"name\":\"Conseil m\u00e9dical Hauts-de-France\"}]},{\"@type\":\"WebSite\",\"@id\":\"https:\\\/\\\/regions-snetap-fsu.fr\\\/hdf\\\/#website\",\"url\":\"https:\\\/\\\/regions-snetap-fsu.fr\\\/hdf\\\/\",\"name\":\"HAUTS-DE-FRANCE\",\"description\":\"Section r\u00e9gionale\",\"publisher\":{\"@id\":\"https:\\\/\\\/regions-snetap-fsu.fr\\\/hdf\\\/#organization\"},\"potentialAction\":[{\"@type\":\"SearchAction\",\"target\":{\"@type\":\"EntryPoint\",\"urlTemplate\":\"https:\\\/\\\/regions-snetap-fsu.fr\\\/hdf\\\/?s={search_term_string}\"},\"query-input\":{\"@type\":\"PropertyValueSpecification\",\"valueRequired\":true,\"valueName\":\"search_term_string\"}}],\"inLanguage\":\"fr-FR\"},{\"@type\":\"Organization\",\"@id\":\"https:\\\/\\\/regions-snetap-fsu.fr\\\/hdf\\\/#organization\",\"name\":\"SNETAP-FSU - HAUTS-DE-FRANCE\",\"url\":\"https:\\\/\\\/regions-snetap-fsu.fr\\\/hdf\\\/\",\"logo\":{\"@type\":\"ImageObject\",\"inLanguage\":\"fr-FR\",\"@id\":\"https:\\\/\\\/regions-snetap-fsu.fr\\\/hdf\\\/#\\\/schema\\\/logo\\\/image\\\/\",\"url\":\"https:\\\/\\\/regions-snetap-fsu.fr\\\/hdf\\\/wp-content\\\/uploads\\\/sites\\\/5\\\/2020\\\/12\\\/SNETAP-Logo.jpg\",\"contentUrl\":\"https:\\\/\\\/regions-snetap-fsu.fr\\\/hdf\\\/wp-content\\\/uploads\\\/sites\\\/5\\\/2020\\\/12\\\/SNETAP-Logo.jpg\",\"width\":464,\"height\":334,\"caption\":\"SNETAP-FSU - HAUTS-DE-FRANCE\"},\"image\":{\"@id\":\"https:\\\/\\\/regions-snetap-fsu.fr\\\/hdf\\\/#\\\/schema\\\/logo\\\/image\\\/\"},\"sameAs\":[\"https:\\\/\\\/x.com\\\/MartinageSnetap\"]}]}<\/script>\n<!-- \/ Yoast SEO plugin. -->","yoast_head_json":{"title":"Conseil m\u00e9dical Hauts-de-France - HAUTS-DE-FRANCE","robots":{"index":"index","follow":"follow","max-snippet":"max-snippet:-1","max-image-preview":"max-image-preview:large","max-video-preview":"max-video-preview:-1"},"canonical":"https:\/\/regions-snetap-fsu.fr\/hdf\/conseil-medical-hauts-de-france\/","og_locale":"fr_FR","og_type":"article","og_title":"Conseil m\u00e9dical Hauts-de-France - HAUTS-DE-FRANCE","og_description":"Repr\u00e9sentant\u00b7e\u00b7s du Conseil m\u00e9dical des Hauts-de-France Repr\u00e9sentant\u00b7e\u00b7s du Conseil m\u00e9dical Le conseil m\u00e9dical est une instance consultative que votre administration employeur doit obligatoirement consulter avant de prendre certaines d\u00e9cisions concernant votre situation administrative en cas de maladie. Le conseil m\u00e9dical d\u00e9partemental est institu\u00e9 aupr\u00e8s du pr\u00e9fet dans chaque d\u00e9partement. En formation pl\u00e9ni\u00e8re, le conseil m\u00e9dical [&hellip;]","og_url":"https:\/\/regions-snetap-fsu.fr\/hdf\/conseil-medical-hauts-de-france\/","og_site_name":"HAUTS-DE-FRANCE","article_modified_time":"2025-10-23T10:04:13+00:00","og_image":[{"url":"https:\/\/regions-snetap-fsu.fr\/hdf\/wp-content\/uploads\/sites\/5\/2022\/12\/logo-elancommun-300x165.png","type":"","width":"","height":""}],"twitter_card":"summary_large_image","twitter_site":"@MartinageSnetap","twitter_misc":{"Dur\u00e9e de lecture estim\u00e9e":"3 minutes"},"schema":{"@context":"https:\/\/schema.org","@graph":[{"@type":"WebPage","@id":"https:\/\/regions-snetap-fsu.fr\/hdf\/conseil-medical-hauts-de-france\/","url":"https:\/\/regions-snetap-fsu.fr\/hdf\/conseil-medical-hauts-de-france\/","name":"Conseil m\u00e9dical Hauts-de-France - HAUTS-DE-FRANCE","isPartOf":{"@id":"https:\/\/regions-snetap-fsu.fr\/hdf\/#website"},"primaryImageOfPage":{"@id":"https:\/\/regions-snetap-fsu.fr\/hdf\/conseil-medical-hauts-de-france\/#primaryimage"},"image":{"@id":"https:\/\/regions-snetap-fsu.fr\/hdf\/conseil-medical-hauts-de-france\/#primaryimage"},"thumbnailUrl":"https:\/\/regions-snetap-fsu.fr\/hdf\/wp-content\/uploads\/sites\/5\/2022\/12\/logo-elancommun-300x165.png","datePublished":"2025-10-23T09:56:28+00:00","dateModified":"2025-10-23T10:04:13+00:00","breadcrumb":{"@id":"https:\/\/regions-snetap-fsu.fr\/hdf\/conseil-medical-hauts-de-france\/#breadcrumb"},"inLanguage":"fr-FR","potentialAction":[{"@type":"ReadAction","target":["https:\/\/regions-snetap-fsu.fr\/hdf\/conseil-medical-hauts-de-france\/"]}]},{"@type":"ImageObject","inLanguage":"fr-FR","@id":"https:\/\/regions-snetap-fsu.fr\/hdf\/conseil-medical-hauts-de-france\/#primaryimage","url":"https:\/\/regions-snetap-fsu.fr\/hdf\/wp-content\/uploads\/sites\/5\/2022\/12\/logo-elancommun.png","contentUrl":"https:\/\/regions-snetap-fsu.fr\/hdf\/wp-content\/uploads\/sites\/5\/2022\/12\/logo-elancommun.png","width":2814,"height":1544},{"@type":"BreadcrumbList","@id":"https:\/\/regions-snetap-fsu.fr\/hdf\/conseil-medical-hauts-de-france\/#breadcrumb","itemListElement":[{"@type":"ListItem","position":1,"name":"Accueil","item":"https:\/\/regions-snetap-fsu.fr\/hdf\/"},{"@type":"ListItem","position":2,"name":"Conseil m\u00e9dical Hauts-de-France"}]},{"@type":"WebSite","@id":"https:\/\/regions-snetap-fsu.fr\/hdf\/#website","url":"https:\/\/regions-snetap-fsu.fr\/hdf\/","name":"HAUTS-DE-FRANCE","description":"Section r\u00e9gionale","publisher":{"@id":"https:\/\/regions-snetap-fsu.fr\/hdf\/#organization"},"potentialAction":[{"@type":"SearchAction","target":{"@type":"EntryPoint","urlTemplate":"https:\/\/regions-snetap-fsu.fr\/hdf\/?s={search_term_string}"},"query-input":{"@type":"PropertyValueSpecification","valueRequired":true,"valueName":"search_term_string"}}],"inLanguage":"fr-FR"},{"@type":"Organization","@id":"https:\/\/regions-snetap-fsu.fr\/hdf\/#organization","name":"SNETAP-FSU - HAUTS-DE-FRANCE","url":"https:\/\/regions-snetap-fsu.fr\/hdf\/","logo":{"@type":"ImageObject","inLanguage":"fr-FR","@id":"https:\/\/regions-snetap-fsu.fr\/hdf\/#\/schema\/logo\/image\/","url":"https:\/\/regions-snetap-fsu.fr\/hdf\/wp-content\/uploads\/sites\/5\/2020\/12\/SNETAP-Logo.jpg","contentUrl":"https:\/\/regions-snetap-fsu.fr\/hdf\/wp-content\/uploads\/sites\/5\/2020\/12\/SNETAP-Logo.jpg","width":464,"height":334,"caption":"SNETAP-FSU - HAUTS-DE-FRANCE"},"image":{"@id":"https:\/\/regions-snetap-fsu.fr\/hdf\/#\/schema\/logo\/image\/"},"sameAs":["https:\/\/x.com\/MartinageSnetap"]}]}},"_links":{"self":[{"href":"https:\/\/regions-snetap-fsu.fr\/hdf\/wp-json\/wp\/v2\/pages\/10410","targetHints":{"allow":["GET"]}}],"collection":[{"href":"https:\/\/regions-snetap-fsu.fr\/hdf\/wp-json\/wp\/v2\/pages"}],"about":[{"href":"https:\/\/regions-snetap-fsu.fr\/hdf\/wp-json\/wp\/v2\/types\/page"}],"author":[{"embeddable":true,"href":"https:\/\/regions-snetap-fsu.fr\/hdf\/wp-json\/wp\/v2\/users\/88"}],"replies":[{"embeddable":true,"href":"https:\/\/regions-snetap-fsu.fr\/hdf\/wp-json\/wp\/v2\/comments?post=10410"}],"version-history":[{"count":3,"href":"https:\/\/regions-snetap-fsu.fr\/hdf\/wp-json\/wp\/v2\/pages\/10410\/revisions"}],"predecessor-version":[{"id":10414,"href":"https:\/\/regions-snetap-fsu.fr\/hdf\/wp-json\/wp\/v2\/pages\/10410\/revisions\/10414"}],"wp:attachment":[{"href":"https:\/\/regions-snetap-fsu.fr\/hdf\/wp-json\/wp\/v2\/media?parent=10410"}],"wp:term":[{"taxonomy":"folder","embeddable":true,"href":"https:\/\/regions-snetap-fsu.fr\/hdf\/wp-json\/wp\/v2\/folder?post=10410"}],"curies":[{"name":"wp","href":"https:\/\/api.w.org\/{rel}","templated":true}]}}