{"id":8706,"date":"2023-04-25T18:40:51","date_gmt":"2023-04-25T16:40:51","guid":{"rendered":"https:\/\/regions-snetap-fsu.fr\/hdf\/?page_id=8706"},"modified":"2023-04-25T18:40:51","modified_gmt":"2023-04-25T16:40:51","slug":"formation-specialisee-du-csa-rea-hauts-de-france","status":"publish","type":"page","link":"https:\/\/regions-snetap-fsu.fr\/formation\/formation-specialisee-du-csa-rea-hauts-de-france\/","title":{"rendered":"Formation Sp\u00e9cialis\u00e9e du CSA REA (F3SCT) Hauts-de-France"},"content":{"rendered":"<h2 style=\"text-align: center\"><span style=\"font-family: tahoma, arial, helvetica, sans-serif;color: #ff0000\">Repr\u00e9sentant\u00b7e\u00b7s de la Formation Sp\u00e9cialis\u00e9e du\u00a0 CSA REA<\/span><br \/>\n<span style=\"font-family: tahoma, arial, helvetica, sans-serif;color: #ff0000\">(F3SCT) des Hauts-de-France<\/span><\/h2>\n<p><img decoding=\"async\" class=\"size-medium wp-image-8131 aligncenter\" src=\"https:\/\/regions-snetap-fsu.fr\/hdf\/wp-content\/uploads\/sites\/5\/2022\/12\/logo-elancommun-300x165.png\" alt=\"\" width=\"300\" height=\"165\" \/><\/p>\n<p style=\"text-align: justify\"><span style=\"font-family: tahoma, arial, helvetica, sans-serif;color: #129447\">La Formation Sp\u00e9cialis\u00e9e du CSA REA (F3SCT) est une instance consultative qui doit faire avancer les questions de sant\u00e9, de s\u00e9curit\u00e9 et de conditions de travail dans tous les \u00e9tablissements d&rsquo;enseignement technique agricole publics de sa r\u00e9gion.<\/span><\/p>\n<p><span style=\"font-family: tahoma, arial, helvetica, sans-serif\"><span style=\"color: #129447\"><strong>Secr\u00e9taire r\u00e9gional titulaire<\/strong> :<\/span> <span style=\"color: #129447\">Olivier Devillers.<\/span><\/span><\/p>\n<p><span style=\"font-family: tahoma, arial, helvetica, sans-serif\"><span style=\"color: #129447\"><strong>Secr\u00e9taire r\u00e9gional suppl\u00e9ant <\/strong>:<\/span> <span style=\"color: #129447\">Vincent Fouque.<\/span><br \/>\n<\/span><\/p>\n<p><span style=\"font-family: tahoma, arial, helvetica, sans-serif;color: #129447\"><strong>Ci-dessous vos repr\u00e9sentant\u00b7e\u00b7s titulaires<\/strong> :<\/span><\/p>\n<table style=\"width: 69.9595%\">\n<tbody>\n<tr>\n<td style=\"text-align: center;width: 9.35551%\"><span style=\"font-family: tahoma, arial, helvetica, sans-serif;color: #129447\">Ordre<\/span><\/td>\n<td style=\"text-align: center;width: 27.6507%\"><span style=\"font-family: tahoma, arial, helvetica, sans-serif;color: #129447\">Titulaires<\/span><\/td>\n<td style=\"text-align: center;width: 17.3477%\"><span style=\"font-family: tahoma, arial, helvetica, sans-serif;color: #129447\">Fonctions<\/span><\/td>\n<td style=\"text-align: center;width: 24.2375%\"><span style=\"font-family: tahoma, arial, helvetica, sans-serif;color: #129447\">\u00c9tablissements<\/span><\/td>\n<td style=\"text-align: center;width: 26.2062%\"><span style=\"font-family: tahoma, arial, helvetica, sans-serif;color: #129447\">OS<\/span><\/td>\n<\/tr>\n<tr>\n<td style=\"text-align: center;width: 9.35551%\"><span style=\"font-family: tahoma, arial, helvetica, sans-serif;color: #129447\">1<\/span><\/td>\n<td style=\"width: 27.6507%\"><span style=\"font-family: tahoma, arial, helvetica, sans-serif;color: #129447\">Olivier Devillers<\/span><\/td>\n<td style=\"width: 17.3477%\"><span style=\"font-family: tahoma, arial, helvetica, sans-serif;color: #129447\">Enseignant<\/span><\/td>\n<td style=\"width: 24.2375%\"><span style=\"font-family: tahoma, arial, helvetica, sans-serif;color: #129447\">Amiens<\/span><\/td>\n<td style=\"width: 26.2062%\"><span style=\"font-family: tahoma, arial, helvetica, sans-serif;color: #129447\">SNETAP-FSU<\/span><\/td>\n<\/tr>\n<tr>\n<td style=\"text-align: center;width: 9.35551%\"><span style=\"font-family: tahoma, arial, helvetica, sans-serif;color: #129447\">2<\/span><\/td>\n<td style=\"width: 27.6507%\"><span style=\"font-family: tahoma, arial, helvetica, sans-serif;color: #129447\">Vincent Fouque<\/span><\/td>\n<td style=\"width: 17.3477%\"><span style=\"font-family: tahoma, arial, helvetica, sans-serif;color: #129447\">Enseignant<\/span><\/td>\n<td style=\"width: 24.2375%\"><span style=\"font-family: tahoma, arial, helvetica, sans-serif;color: #129447\">Radinghem<\/span><\/td>\n<td style=\"width: 26.2062%\"><span style=\"font-family: tahoma, arial, helvetica, sans-serif;color: #129447\">SNETAP-FSU<\/span><\/td>\n<\/tr>\n<tr>\n<td style=\"text-align: center;width: 9.35551%\"><span style=\"font-family: tahoma, arial, helvetica, sans-serif;color: #129447\">3<\/span><\/td>\n<td style=\"width: 27.6507%\"><span style=\"font-family: tahoma, arial, helvetica, sans-serif;color: #129447\">Sylvain Gu\u00e9nard<\/span><\/td>\n<td style=\"width: 17.3477%\"><span style=\"font-family: tahoma, arial, helvetica, sans-serif;color: #129447\">Enseignant<\/span><\/td>\n<td style=\"width: 24.2375%\"><span style=\"font-family: tahoma, arial, helvetica, sans-serif;color: #129447\">Amiens<\/span><\/td>\n<td style=\"width: 26.2062%\"><span style=\"font-family: tahoma, arial, helvetica, sans-serif;color: #129447\">SNETAP-FSU<\/span><\/td>\n<\/tr>\n<tr>\n<td style=\"text-align: center;width: 9.35551%\"><span style=\"font-family: tahoma, arial, helvetica, sans-serif;color: #129447\">4<\/span><\/td>\n<td style=\"width: 27.6507%\"><span style=\"font-family: tahoma, arial, helvetica, sans-serif;color: #129447\">R\u00e9gis Martinage<\/span><\/td>\n<td style=\"width: 17.3477%\"><span style=\"font-family: tahoma, arial, helvetica, sans-serif;color: #129447\">Enseignant<\/span><\/td>\n<td style=\"width: 24.2375%\"><span style=\"font-family: tahoma, arial, helvetica, sans-serif;color: #129447\">Radinghem<\/span><\/td>\n<td style=\"width: 26.2062%\"><span style=\"font-family: tahoma, arial, helvetica, sans-serif;color: #129447\">SNETAP-FSU<\/span><\/td>\n<\/tr>\n<tr>\n<td style=\"text-align: center;width: 9.35551%\"><span style=\"font-family: tahoma, arial, helvetica, sans-serif;color: #129447\">5<\/span><\/td>\n<td style=\"width: 27.6507%\"><span style=\"font-family: tahoma, arial, helvetica, sans-serif;color: #129447\">Yannick Rouseau<\/span><\/td>\n<td style=\"width: 17.3477%\"><span style=\"font-family: tahoma, arial, helvetica, sans-serif;color: #129447\">Enseignant<\/span><\/td>\n<td style=\"width: 24.2375%\"><span style=\"font-family: tahoma, arial, helvetica, sans-serif;color: #129447\">Rib\u00e9court<\/span><\/td>\n<td style=\"width: 26.2062%\"><span style=\"font-family: tahoma, arial, helvetica, sans-serif;color: #129447\">SNETAP-FSU<\/span><\/td>\n<\/tr>\n<tr>\n<td style=\"text-align: center;width: 9.35551%\"><span style=\"font-family: tahoma, arial, helvetica, sans-serif;color: #129447\">6<\/span><\/td>\n<td style=\"width: 27.6507%\"><span style=\"font-family: tahoma, arial, helvetica, sans-serif;color: #129447\">Marc Versepuech<\/span><\/td>\n<td style=\"width: 17.3477%\"><span style=\"font-family: tahoma, arial, helvetica, sans-serif;color: #129447\">TFR<\/span><\/td>\n<td style=\"width: 24.2375%\"><span style=\"font-family: tahoma, arial, helvetica, sans-serif;color: #129447\">Douai<\/span><\/td>\n<td style=\"width: 26.2062%\"><span style=\"font-family: tahoma, arial, helvetica, sans-serif;color: #129447\">SNETAP-FSU<\/span><\/td>\n<\/tr>\n<tr>\n<td style=\"text-align: center;width: 9.35551%\"><span style=\"font-family: tahoma, arial, helvetica, sans-serif;color: #129447\">7<\/span><\/td>\n<td style=\"width: 27.6507%\"><span style=\"font-family: tahoma, arial, helvetica, sans-serif;color: #129447\">Pierre Baussart<\/span><\/td>\n<td style=\"width: 17.3477%\"><span style=\"font-family: tahoma, arial, helvetica, sans-serif;color: #129447\">Enseignant<\/span><\/td>\n<td style=\"width: 24.2375%\"><span style=\"font-family: tahoma, arial, helvetica, sans-serif;color: #129447\">P\u00e9ronne<\/span><\/td>\n<td style=\"width: 26.2062%\"><span style=\"font-family: tahoma, arial, helvetica, sans-serif;color: #129447\">Sud Rural<\/span><\/td>\n<\/tr>\n<\/tbody>\n<\/table>\n<p>&nbsp;<\/p>\n<p><span style=\"font-family: tahoma, arial, helvetica, sans-serif;color: #129447\"><strong>Ci-dessous vos repr\u00e9sentant\u00b7e\u00b7s supl\u00e9ant\u00b7e\u00b7s :<\/strong><\/span><\/p>\n<table style=\"width: 79.3567%\">\n<tbody>\n<tr>\n<td style=\"text-align: center;width: 7.65125%\"><span style=\"font-family: tahoma, arial, helvetica, sans-serif;color: #129447\">Ordre<\/span><\/td>\n<td style=\"text-align: center;width: 38.968%\"><span style=\"font-family: tahoma, arial, helvetica, sans-serif;color: #129447\">Suppl\u00e9ant\u00b7e\u00b7s<\/span><\/td>\n<td style=\"text-align: center;width: 17.4377%\"><span style=\"font-family: tahoma, arial, helvetica, sans-serif;color: #129447\">Fonctions<\/span><\/td>\n<td style=\"text-align: center;width: 16.9039%\"><span style=\"font-family: tahoma, arial, helvetica, sans-serif;color: #129447\">\u00c9tablissements<\/span><\/td>\n<td style=\"text-align: center;width: 20.9965%\"><span style=\"font-family: tahoma, arial, helvetica, sans-serif;color: #129447\">OS<\/span><\/td>\n<\/tr>\n<tr>\n<td style=\"text-align: center;width: 7.65125%\"><span style=\"font-family: tahoma, arial, helvetica, sans-serif;color: #129447\">1<\/span><\/td>\n<td style=\"width: 38.968%\"><span style=\"color: #129447;font-family: tahoma, arial, helvetica, sans-serif\">Ang\u00e9lique Lesueur<\/span><\/td>\n<td style=\"width: 17.4377%\"><span style=\"font-family: tahoma, arial, helvetica, sans-serif;color: #129447\">Enseignante<\/span><\/td>\n<td style=\"width: 16.9039%\"><span style=\"font-family: tahoma, arial, helvetica, sans-serif;color: #129447\">Amiens<\/span><\/td>\n<td style=\"width: 20.9965%\"><span style=\"color: #129447;font-family: tahoma, arial, helvetica, sans-serif\">SNETAP-FSU<\/span><\/td>\n<\/tr>\n<tr>\n<td style=\"text-align: center;width: 7.65125%\"><span style=\"font-family: tahoma, arial, helvetica, sans-serif;color: #129447\">2<\/span><\/td>\n<td style=\"width: 38.968%\"><span style=\"color: #129447;font-family: tahoma, arial, helvetica, sans-serif\">Matthieu Pillon<br \/>\n<\/span><\/td>\n<td style=\"width: 17.4377%\"><span style=\"font-family: tahoma, arial, helvetica, sans-serif;color: #129447\">Enseignant<\/span><\/td>\n<td style=\"width: 16.9039%\"><span style=\"color: #129447;font-family: tahoma, arial, helvetica, sans-serif\">Aumont<\/span><\/td>\n<td style=\"width: 20.9965%\"><span style=\"font-family: tahoma, arial, helvetica, sans-serif;color: #129447\">SNETAP-FSU<\/span><\/td>\n<\/tr>\n<tr>\n<td style=\"text-align: center;width: 7.65125%\"><span style=\"font-family: tahoma, arial, helvetica, sans-serif;color: #129447\">3<\/span><\/td>\n<td style=\"width: 38.968%\"><span style=\"color: #129447;font-family: tahoma, arial, helvetica, sans-serif\">Jean-Christophe Vanbreugel<\/span><\/td>\n<td style=\"width: 17.4377%\"><span style=\"color: #129447;font-family: tahoma, arial, helvetica, sans-serif\">Enseignant<\/span><\/td>\n<td style=\"width: 16.9039%\"><span style=\"color: #129447;font-family: tahoma, arial, helvetica, sans-serif\">Airion<\/span><\/td>\n<td style=\"width: 20.9965%\"><span style=\"font-family: tahoma, arial, helvetica, sans-serif;color: #129447\">SNETAP-FSU<\/span><\/td>\n<\/tr>\n<tr>\n<td style=\"text-align: center;width: 7.65125%\"><span style=\"font-family: tahoma, arial, helvetica, sans-serif;color: #129447\">4<\/span><\/td>\n<td style=\"width: 38.968%\"><span style=\"color: #129447;font-family: tahoma, arial, helvetica, sans-serif\">Christophe Delattre<\/span><\/td>\n<td style=\"width: 17.4377%\"><span style=\"font-family: tahoma, arial, helvetica, sans-serif;color: #129447\">Enseignant<\/span><\/td>\n<td style=\"width: 16.9039%\"><span style=\"color: #129447;font-family: tahoma, arial, helvetica, sans-serif\">Raismes<\/span><\/td>\n<td style=\"width: 20.9965%\"><span style=\"font-family: tahoma, arial, helvetica, sans-serif;color: #129447\">SNETAP-FSU<\/span><\/td>\n<\/tr>\n<tr>\n<td style=\"text-align: center;width: 7.65125%\"><span style=\"font-family: tahoma, arial, helvetica, sans-serif;color: #129447\">5<\/span><\/td>\n<td style=\"width: 38.968%\"><span style=\"color: #129447;font-family: tahoma, arial, helvetica, sans-serif\">Mehdi Benfrid<\/span><\/td>\n<td style=\"width: 17.4377%\"><span style=\"font-family: tahoma, arial, helvetica, sans-serif;color: #129447\">Enseignant<\/span><\/td>\n<td style=\"width: 16.9039%\"><span style=\"color: #129447;font-family: tahoma, arial, helvetica, sans-serif\">Ribecourt<\/span><\/td>\n<td style=\"width: 20.9965%\"><span style=\"font-family: tahoma, arial, helvetica, sans-serif;color: #129447\">SNETAP-FSU<\/span><\/td>\n<\/tr>\n<tr>\n<td style=\"text-align: center;width: 7.65125%\"><span style=\"font-family: tahoma, arial, helvetica, sans-serif;color: #129447\">6<\/span><\/td>\n<td style=\"width: 38.968%\"><span style=\"color: #129447;font-family: tahoma, arial, helvetica, sans-serif\">Pascal Letowski<\/span><\/td>\n<td style=\"width: 17.4377%\"><span style=\"font-family: tahoma, arial, helvetica, sans-serif;color: #129447\">Enseignant<\/span><\/td>\n<td style=\"width: 16.9039%\"><span style=\"font-family: tahoma, arial, helvetica, sans-serif;color: #129447\">Douai<\/span><\/td>\n<td style=\"width: 20.9965%\"><span style=\"font-family: tahoma, arial, helvetica, sans-serif;color: #129447\">SNETAP-FSU<\/span><\/td>\n<\/tr>\n<tr>\n<td style=\"text-align: center;width: 7.65125%\"><span style=\"font-family: tahoma, arial, helvetica, sans-serif;color: #129447\">7<\/span><\/td>\n<td style=\"width: 38.968%\"><span style=\"color: #129447;font-family: tahoma, arial, helvetica, sans-serif\">Jean-Yves Roger<\/span><\/td>\n<td style=\"width: 17.4377%\"><span style=\"font-family: tahoma, arial, helvetica, sans-serif;color: #129447\">Enseignant<\/span><\/td>\n<td style=\"width: 16.9039%\"><span style=\"color: #129447;font-family: tahoma, arial, helvetica, sans-serif\">Arras<\/span><\/td>\n<td style=\"width: 20.9965%\"><span style=\"color: #129447;font-family: tahoma, arial, helvetica, sans-serif\">Sud Rural<\/span><\/td>\n<\/tr>\n<\/tbody>\n<\/table>\n<p>&nbsp;<\/p>\n","protected":false},"excerpt":{"rendered":"<p>Repr\u00e9sentant\u00b7e\u00b7s de la Formation Sp\u00e9cialis\u00e9e du\u00a0 CSA REA (F3SCT) des Hauts-de-France La Formation Sp\u00e9cialis\u00e9e du CSA REA (F3SCT) est une instance consultative qui doit faire avancer les questions de sant\u00e9, de s\u00e9curit\u00e9 et de conditions de travail dans tous les \u00e9tablissements d&rsquo;enseignement technique agricole publics de sa r\u00e9gion. Secr\u00e9taire r\u00e9gional titulaire : Olivier Devillers. Secr\u00e9taire [&hellip;]<\/p>\n","protected":false},"author":138,"featured_media":0,"parent":0,"menu_order":0,"comment_status":"closed","ping_status":"closed","template":"","meta":{"ocean_post_layout":"","ocean_both_sidebars_style":"","ocean_both_sidebars_content_width":0,"ocean_both_sidebars_sidebars_width":0,"ocean_sidebar":"0","ocean_second_sidebar":"0","ocean_disable_margins":"enable","ocean_add_body_class":"","ocean_shortcode_before_top_bar":"","ocean_shortcode_after_top_bar":"","ocean_shortcode_before_header":"","ocean_shortcode_after_header":"","ocean_has_shortcode":"","ocean_shortcode_after_title":"","ocean_shortcode_before_footer_widgets":"","ocean_shortcode_after_footer_widgets":"","ocean_shortcode_before_footer_bottom":"","ocean_shortcode_after_footer_bottom":"","ocean_display_top_bar":"default","ocean_display_header":"default","ocean_header_style":"","ocean_center_header_left_menu":"0","ocean_custom_header_template":"0","ocean_custom_logo":0,"ocean_custom_retina_logo":0,"ocean_custom_logo_max_width":0,"ocean_custom_logo_tablet_max_width":0,"ocean_custom_logo_mobile_max_width":0,"ocean_custom_logo_max_height":0,"ocean_custom_logo_tablet_max_height":0,"ocean_custom_logo_mobile_max_height":0,"ocean_header_custom_menu":"0","ocean_menu_typo_font_family":"0","ocean_menu_typo_font_subset":"","ocean_menu_typo_font_size":0,"ocean_menu_typo_font_size_tablet":0,"ocean_menu_typo_font_size_mobile":0,"ocean_menu_typo_font_size_unit":"px","ocean_menu_typo_font_weight":"","ocean_menu_typo_font_weight_tablet":"","ocean_menu_typo_font_weight_mobile":"","ocean_menu_typo_transform":"","ocean_menu_typo_transform_tablet":"","ocean_menu_typo_transform_mobile":"","ocean_menu_typo_line_height":0,"ocean_menu_typo_line_height_tablet":0,"ocean_menu_typo_line_height_mobile":0,"ocean_menu_typo_line_height_unit":"","ocean_menu_typo_spacing":0,"ocean_menu_typo_spacing_tablet":0,"ocean_menu_typo_spacing_mobile":0,"ocean_menu_typo_spacing_unit":"","ocean_menu_link_color":"","ocean_menu_link_color_hover":"","ocean_menu_link_color_active":"","ocean_menu_link_background":"","ocean_menu_link_hover_background":"","ocean_menu_link_active_background":"","ocean_menu_social_links_bg":"","ocean_menu_social_hover_links_bg":"","ocean_menu_social_links_color":"","ocean_menu_social_hover_links_color":"","ocean_disable_title":"default","ocean_disable_heading":"default","ocean_post_title":"","ocean_post_subheading":"","ocean_post_title_style":"","ocean_post_title_background_color":"","ocean_post_title_background":0,"ocean_post_title_bg_image_position":"","ocean_post_title_bg_image_attachment":"","ocean_post_title_bg_image_repeat":"","ocean_post_title_bg_image_size":"","ocean_post_title_height":0,"ocean_post_title_bg_overlay":0.5,"ocean_post_title_bg_overlay_color":"","ocean_disable_breadcrumbs":"default","ocean_breadcrumbs_color":"","ocean_breadcrumbs_separator_color":"","ocean_breadcrumbs_links_color":"","ocean_breadcrumbs_links_hover_color":"","ocean_display_footer_widgets":"default","ocean_display_footer_bottom":"default","ocean_custom_footer_template":"0","footnotes":""},"folder":[],"class_list":["post-8706","page","type-page","status-publish","hentry","entry"],"yoast_head":"<!-- This site is optimized with the Yoast SEO plugin v27.4 - https:\/\/yoast.com\/product\/yoast-seo-wordpress\/ -->\n<title>Formation Sp\u00e9cialis\u00e9e du CSA REA (F3SCT) Hauts-de-France - Formation des sites R\u00e9gionaux du SNETAP-FSU<\/title>\n<meta name=\"robots\" content=\"index, follow, max-snippet:-1, max-image-preview:large, max-video-preview:-1\" \/>\n<link rel=\"canonical\" href=\"https:\/\/regions-snetap-fsu.fr\/formation\/formation-specialisee-du-csa-rea-hauts-de-france\/\" \/>\n<meta property=\"og:locale\" content=\"fr_FR\" \/>\n<meta property=\"og:type\" content=\"article\" \/>\n<meta property=\"og:title\" content=\"Formation Sp\u00e9cialis\u00e9e du CSA REA (F3SCT) Hauts-de-France - Formation des sites R\u00e9gionaux du SNETAP-FSU\" \/>\n<meta property=\"og:description\" content=\"Repr\u00e9sentant\u00b7e\u00b7s de la Formation Sp\u00e9cialis\u00e9e du\u00a0 CSA REA (F3SCT) des Hauts-de-France La Formation Sp\u00e9cialis\u00e9e du CSA REA (F3SCT) est une instance consultative qui doit faire avancer les questions de sant\u00e9, de s\u00e9curit\u00e9 et de conditions de travail dans tous les \u00e9tablissements d&rsquo;enseignement technique agricole publics de sa r\u00e9gion. Secr\u00e9taire r\u00e9gional titulaire : Olivier Devillers. Secr\u00e9taire [&hellip;]\" \/>\n<meta property=\"og:url\" content=\"https:\/\/regions-snetap-fsu.fr\/formation\/formation-specialisee-du-csa-rea-hauts-de-france\/\" \/>\n<meta property=\"og:site_name\" content=\"Formation des sites R\u00e9gionaux du SNETAP-FSU\" \/>\n<meta name=\"twitter:card\" content=\"summary_large_image\" \/>\n<meta name=\"twitter:label1\" content=\"Dur\u00e9e de lecture estim\u00e9e\" \/>\n\t<meta name=\"twitter:data1\" content=\"1 minute\" \/>\n<script type=\"application\/ld+json\" class=\"yoast-schema-graph\">{\"@context\":\"https:\\\/\\\/schema.org\",\"@graph\":[{\"@type\":\"WebPage\",\"@id\":\"https:\\\/\\\/regions-snetap-fsu.fr\\\/formation\\\/formation-specialisee-du-csa-rea-hauts-de-france\\\/\",\"url\":\"https:\\\/\\\/regions-snetap-fsu.fr\\\/formation\\\/formation-specialisee-du-csa-rea-hauts-de-france\\\/\",\"name\":\"Formation Sp\u00e9cialis\u00e9e du CSA REA (F3SCT) Hauts-de-France - Formation des sites R\u00e9gionaux du SNETAP-FSU\",\"isPartOf\":{\"@id\":\"https:\\\/\\\/regions-snetap-fsu.fr\\\/formation\\\/#website\"},\"primaryImageOfPage\":{\"@id\":\"https:\\\/\\\/regions-snetap-fsu.fr\\\/formation\\\/formation-specialisee-du-csa-rea-hauts-de-france\\\/#primaryimage\"},\"image\":{\"@id\":\"https:\\\/\\\/regions-snetap-fsu.fr\\\/formation\\\/formation-specialisee-du-csa-rea-hauts-de-france\\\/#primaryimage\"},\"thumbnailUrl\":\"https:\\\/\\\/regions-snetap-fsu.fr\\\/hdf\\\/wp-content\\\/uploads\\\/sites\\\/5\\\/2022\\\/12\\\/logo-elancommun-300x165.png\",\"datePublished\":\"2023-04-25T16:40:51+00:00\",\"breadcrumb\":{\"@id\":\"https:\\\/\\\/regions-snetap-fsu.fr\\\/formation\\\/formation-specialisee-du-csa-rea-hauts-de-france\\\/#breadcrumb\"},\"inLanguage\":\"fr-FR\",\"potentialAction\":[{\"@type\":\"ReadAction\",\"target\":[\"https:\\\/\\\/regions-snetap-fsu.fr\\\/formation\\\/formation-specialisee-du-csa-rea-hauts-de-france\\\/\"]}]},{\"@type\":\"ImageObject\",\"inLanguage\":\"fr-FR\",\"@id\":\"https:\\\/\\\/regions-snetap-fsu.fr\\\/formation\\\/formation-specialisee-du-csa-rea-hauts-de-france\\\/#primaryimage\",\"url\":\"https:\\\/\\\/regions-snetap-fsu.fr\\\/hdf\\\/wp-content\\\/uploads\\\/sites\\\/5\\\/2022\\\/12\\\/logo-elancommun-300x165.png\",\"contentUrl\":\"https:\\\/\\\/regions-snetap-fsu.fr\\\/hdf\\\/wp-content\\\/uploads\\\/sites\\\/5\\\/2022\\\/12\\\/logo-elancommun-300x165.png\"},{\"@type\":\"BreadcrumbList\",\"@id\":\"https:\\\/\\\/regions-snetap-fsu.fr\\\/formation\\\/formation-specialisee-du-csa-rea-hauts-de-france\\\/#breadcrumb\",\"itemListElement\":[{\"@type\":\"ListItem\",\"position\":1,\"name\":\"Accueil\",\"item\":\"https:\\\/\\\/regions-snetap-fsu.fr\\\/formation\\\/\"},{\"@type\":\"ListItem\",\"position\":2,\"name\":\"Formation Sp\u00e9cialis\u00e9e du CSA REA (F3SCT) Hauts-de-France\"}]},{\"@type\":\"WebSite\",\"@id\":\"https:\\\/\\\/regions-snetap-fsu.fr\\\/formation\\\/#website\",\"url\":\"https:\\\/\\\/regions-snetap-fsu.fr\\\/formation\\\/\",\"name\":\"Formation des sites R\u00e9gionaux du SNETAP-FSU\",\"description\":\"\",\"publisher\":{\"@id\":\"https:\\\/\\\/regions-snetap-fsu.fr\\\/formation\\\/#organization\"},\"potentialAction\":[{\"@type\":\"SearchAction\",\"target\":{\"@type\":\"EntryPoint\",\"urlTemplate\":\"https:\\\/\\\/regions-snetap-fsu.fr\\\/formation\\\/?s={search_term_string}\"},\"query-input\":{\"@type\":\"PropertyValueSpecification\",\"valueRequired\":true,\"valueName\":\"search_term_string\"}}],\"inLanguage\":\"fr-FR\"},{\"@type\":\"Organization\",\"@id\":\"https:\\\/\\\/regions-snetap-fsu.fr\\\/formation\\\/#organization\",\"name\":\"Formation des sites R\u00e9gionaux du SNETAP-FSU\",\"url\":\"https:\\\/\\\/regions-snetap-fsu.fr\\\/formation\\\/\",\"logo\":{\"@type\":\"ImageObject\",\"inLanguage\":\"fr-FR\",\"@id\":\"https:\\\/\\\/regions-snetap-fsu.fr\\\/formation\\\/#\\\/schema\\\/logo\\\/image\\\/\",\"url\":\"https:\\\/\\\/regions-snetap-fsu.fr\\\/formation\\\/wp-content\\\/uploads\\\/sites\\\/20\\\/2025\\\/04\\\/cropped-Logo_blanc_fond_transparent_1000x755.png\",\"contentUrl\":\"https:\\\/\\\/regions-snetap-fsu.fr\\\/formation\\\/wp-content\\\/uploads\\\/sites\\\/20\\\/2025\\\/04\\\/cropped-Logo_blanc_fond_transparent_1000x755.png\",\"width\":998,\"height\":689,\"caption\":\"Formation des sites R\u00e9gionaux du SNETAP-FSU\"},\"image\":{\"@id\":\"https:\\\/\\\/regions-snetap-fsu.fr\\\/formation\\\/#\\\/schema\\\/logo\\\/image\\\/\"}}]}<\/script>\n<!-- \/ Yoast SEO plugin. -->","yoast_head_json":{"title":"Formation Sp\u00e9cialis\u00e9e du CSA REA (F3SCT) Hauts-de-France - Formation des sites R\u00e9gionaux du SNETAP-FSU","robots":{"index":"index","follow":"follow","max-snippet":"max-snippet:-1","max-image-preview":"max-image-preview:large","max-video-preview":"max-video-preview:-1"},"canonical":"https:\/\/regions-snetap-fsu.fr\/formation\/formation-specialisee-du-csa-rea-hauts-de-france\/","og_locale":"fr_FR","og_type":"article","og_title":"Formation Sp\u00e9cialis\u00e9e du CSA REA (F3SCT) Hauts-de-France - Formation des sites R\u00e9gionaux du SNETAP-FSU","og_description":"Repr\u00e9sentant\u00b7e\u00b7s de la Formation Sp\u00e9cialis\u00e9e du\u00a0 CSA REA (F3SCT) des Hauts-de-France La Formation Sp\u00e9cialis\u00e9e du CSA REA (F3SCT) est une instance consultative qui doit faire avancer les questions de sant\u00e9, de s\u00e9curit\u00e9 et de conditions de travail dans tous les \u00e9tablissements d&rsquo;enseignement technique agricole publics de sa r\u00e9gion. Secr\u00e9taire r\u00e9gional titulaire : Olivier Devillers. Secr\u00e9taire [&hellip;]","og_url":"https:\/\/regions-snetap-fsu.fr\/formation\/formation-specialisee-du-csa-rea-hauts-de-france\/","og_site_name":"Formation des sites R\u00e9gionaux du SNETAP-FSU","twitter_card":"summary_large_image","twitter_misc":{"Dur\u00e9e de lecture estim\u00e9e":"1 minute"},"schema":{"@context":"https:\/\/schema.org","@graph":[{"@type":"WebPage","@id":"https:\/\/regions-snetap-fsu.fr\/formation\/formation-specialisee-du-csa-rea-hauts-de-france\/","url":"https:\/\/regions-snetap-fsu.fr\/formation\/formation-specialisee-du-csa-rea-hauts-de-france\/","name":"Formation Sp\u00e9cialis\u00e9e du CSA REA (F3SCT) Hauts-de-France - Formation des sites R\u00e9gionaux du SNETAP-FSU","isPartOf":{"@id":"https:\/\/regions-snetap-fsu.fr\/formation\/#website"},"primaryImageOfPage":{"@id":"https:\/\/regions-snetap-fsu.fr\/formation\/formation-specialisee-du-csa-rea-hauts-de-france\/#primaryimage"},"image":{"@id":"https:\/\/regions-snetap-fsu.fr\/formation\/formation-specialisee-du-csa-rea-hauts-de-france\/#primaryimage"},"thumbnailUrl":"https:\/\/regions-snetap-fsu.fr\/hdf\/wp-content\/uploads\/sites\/5\/2022\/12\/logo-elancommun-300x165.png","datePublished":"2023-04-25T16:40:51+00:00","breadcrumb":{"@id":"https:\/\/regions-snetap-fsu.fr\/formation\/formation-specialisee-du-csa-rea-hauts-de-france\/#breadcrumb"},"inLanguage":"fr-FR","potentialAction":[{"@type":"ReadAction","target":["https:\/\/regions-snetap-fsu.fr\/formation\/formation-specialisee-du-csa-rea-hauts-de-france\/"]}]},{"@type":"ImageObject","inLanguage":"fr-FR","@id":"https:\/\/regions-snetap-fsu.fr\/formation\/formation-specialisee-du-csa-rea-hauts-de-france\/#primaryimage","url":"https:\/\/regions-snetap-fsu.fr\/hdf\/wp-content\/uploads\/sites\/5\/2022\/12\/logo-elancommun-300x165.png","contentUrl":"https:\/\/regions-snetap-fsu.fr\/hdf\/wp-content\/uploads\/sites\/5\/2022\/12\/logo-elancommun-300x165.png"},{"@type":"BreadcrumbList","@id":"https:\/\/regions-snetap-fsu.fr\/formation\/formation-specialisee-du-csa-rea-hauts-de-france\/#breadcrumb","itemListElement":[{"@type":"ListItem","position":1,"name":"Accueil","item":"https:\/\/regions-snetap-fsu.fr\/formation\/"},{"@type":"ListItem","position":2,"name":"Formation Sp\u00e9cialis\u00e9e du CSA REA (F3SCT) Hauts-de-France"}]},{"@type":"WebSite","@id":"https:\/\/regions-snetap-fsu.fr\/formation\/#website","url":"https:\/\/regions-snetap-fsu.fr\/formation\/","name":"Formation des sites R\u00e9gionaux du SNETAP-FSU","description":"","publisher":{"@id":"https:\/\/regions-snetap-fsu.fr\/formation\/#organization"},"potentialAction":[{"@type":"SearchAction","target":{"@type":"EntryPoint","urlTemplate":"https:\/\/regions-snetap-fsu.fr\/formation\/?s={search_term_string}"},"query-input":{"@type":"PropertyValueSpecification","valueRequired":true,"valueName":"search_term_string"}}],"inLanguage":"fr-FR"},{"@type":"Organization","@id":"https:\/\/regions-snetap-fsu.fr\/formation\/#organization","name":"Formation des sites R\u00e9gionaux du SNETAP-FSU","url":"https:\/\/regions-snetap-fsu.fr\/formation\/","logo":{"@type":"ImageObject","inLanguage":"fr-FR","@id":"https:\/\/regions-snetap-fsu.fr\/formation\/#\/schema\/logo\/image\/","url":"https:\/\/regions-snetap-fsu.fr\/formation\/wp-content\/uploads\/sites\/20\/2025\/04\/cropped-Logo_blanc_fond_transparent_1000x755.png","contentUrl":"https:\/\/regions-snetap-fsu.fr\/formation\/wp-content\/uploads\/sites\/20\/2025\/04\/cropped-Logo_blanc_fond_transparent_1000x755.png","width":998,"height":689,"caption":"Formation des sites R\u00e9gionaux du SNETAP-FSU"},"image":{"@id":"https:\/\/regions-snetap-fsu.fr\/formation\/#\/schema\/logo\/image\/"}}]}},"_links":{"self":[{"href":"https:\/\/regions-snetap-fsu.fr\/formation\/wp-json\/wp\/v2\/pages\/8706","targetHints":{"allow":["GET"]}}],"collection":[{"href":"https:\/\/regions-snetap-fsu.fr\/formation\/wp-json\/wp\/v2\/pages"}],"about":[{"href":"https:\/\/regions-snetap-fsu.fr\/formation\/wp-json\/wp\/v2\/types\/page"}],"author":[{"embeddable":true,"href":"https:\/\/regions-snetap-fsu.fr\/formation\/wp-json\/wp\/v2\/users\/138"}],"replies":[{"embeddable":true,"href":"https:\/\/regions-snetap-fsu.fr\/formation\/wp-json\/wp\/v2\/comments?post=8706"}],"version-history":[{"count":0,"href":"https:\/\/regions-snetap-fsu.fr\/formation\/wp-json\/wp\/v2\/pages\/8706\/revisions"}],"wp:attachment":[{"href":"https:\/\/regions-snetap-fsu.fr\/formation\/wp-json\/wp\/v2\/media?parent=8706"}],"wp:term":[{"taxonomy":"folder","embeddable":true,"href":"https:\/\/regions-snetap-fsu.fr\/formation\/wp-json\/wp\/v2\/folder?post=8706"}],"curies":[{"name":"wp","href":"https:\/\/api.w.org\/{rel}","templated":true}]}}