{"version":"1.0","provider_name":"Formation des sites R\u00e9gionaux du SNETAP-FSU","provider_url":"https:\/\/regions-snetap-fsu.fr\/formation","author_name":"yoctavien","author_url":"https:\/\/regions-snetap-fsu.fr\/formation\/author\/yoctavien\/","title":"1er mai : F\u00eate du travail - Formation des sites R\u00e9gionaux du SNETAP-FSU","type":"rich","width":600,"height":338,"html":"<blockquote class=\"wp-embedded-content\" data-secret=\"JhKIhnGEF1\"><a href=\"https:\/\/regions-snetap-fsu.fr\/formation\/2020\/04\/30\/1er-mai-fete-du-travail\/\">1er mai : F\u00eate du travail<\/a><\/blockquote><iframe sandbox=\"allow-scripts\" security=\"restricted\" src=\"https:\/\/regions-snetap-fsu.fr\/formation\/2020\/04\/30\/1er-mai-fete-du-travail\/embed\/#?secret=JhKIhnGEF1\" width=\"600\" height=\"338\" title=\"\u00ab\u00a01er mai : F\u00eate du travail\u00a0\u00bb &#8212; Formation des sites R\u00e9gionaux du SNETAP-FSU\" data-secret=\"JhKIhnGEF1\" frameborder=\"0\" marginwidth=\"0\" marginheight=\"0\" scrolling=\"no\" class=\"wp-embedded-content\"><\/iframe><script>\n\/*! This file is auto-generated *\/\n!function(d,l){\"use strict\";l.querySelector&&d.addEventListener&&\"undefined\"!=typeof URL&&(d.wp=d.wp||{},d.wp.receiveEmbedMessage||(d.wp.receiveEmbedMessage=function(e){var t=e.data;if((t||t.secret||t.message||t.value)&&!\/[^a-zA-Z0-9]\/.test(t.secret)){for(var s,r,n,a=l.querySelectorAll('iframe[data-secret=\"'+t.secret+'\"]'),o=l.querySelectorAll('blockquote[data-secret=\"'+t.secret+'\"]'),c=new RegExp(\"^https?:$\",\"i\"),i=0;i<o.length;i++)o[i].style.display=\"none\";for(i=0;i<a.length;i++)s=a[i],e.source===s.contentWindow&&(s.removeAttribute(\"style\"),\"height\"===t.message?(1e3<(r=parseInt(t.value,10))?r=1e3:~~r<200&&(r=200),s.height=r):\"link\"===t.message&&(r=new URL(s.getAttribute(\"src\")),n=new URL(t.value),c.test(n.protocol))&&n.host===r.host&&l.activeElement===s&&(d.top.location.href=t.value))}},d.addEventListener(\"message\",d.wp.receiveEmbedMessage,!1),l.addEventListener(\"DOMContentLoaded\",function(){for(var e,t,s=l.querySelectorAll(\"iframe.wp-embedded-content\"),r=0;r<s.length;r++)(t=(e=s[r]).getAttribute(\"data-secret\"))||(t=Math.random().toString(36).substring(2,12),e.src+=\"#?secret=\"+t,e.setAttribute(\"data-secret\",t)),e.contentWindow.postMessage({message:\"ready\",secret:t},\"*\")},!1)))}(window,document);\n\/\/# sourceURL=https:\/\/regions-snetap-fsu.fr\/formation\/wp-includes\/js\/wp-embed.min.js\n<\/script>\n","description":"1er mai : F\u00eate des travailleur\u00b7ses Aussi une histoire sociale du Nord Le congr\u00e8s international socialiste, r\u00e9uni le 21 juillet 1889 \u00e0 l&rsquo;occasion du lendemain de la R\u00e9volution Fran\u00e7aise, prit la r\u00e9solution de faire du 1er mai une journ\u00e9e internationale de revendications sociales. En France, le 1er mai 1890 ne remporte pas le succ\u00e8s escompt\u00e9 [&hellip;]"}