{"version":"1.0","provider_name":"Formation des sites R\u00e9gionaux du SNETAP-FSU","provider_url":"https:\/\/regions-snetap-fsu.fr\/formation","author_name":"yoctavien","author_url":"https:\/\/regions-snetap-fsu.fr\/formation\/author\/yoctavien\/","title":"Journ\u00e9e national d'action unitaire retrait\u00e9s - Formation des sites R\u00e9gionaux du SNETAP-FSU","type":"rich","width":600,"height":338,"html":"<blockquote class=\"wp-embedded-content\" data-secret=\"Lg42prvqvz\"><a href=\"https:\/\/regions-snetap-fsu.fr\/formation\/2018\/10\/13\/journee-national-daction-unitaire-retraites\/\">Journ\u00e9e national d&rsquo;action unitaire retrait\u00e9s<\/a><\/blockquote><iframe sandbox=\"allow-scripts\" security=\"restricted\" src=\"https:\/\/regions-snetap-fsu.fr\/formation\/2018\/10\/13\/journee-national-daction-unitaire-retraites\/embed\/#?secret=Lg42prvqvz\" width=\"600\" height=\"338\" title=\"\u00ab\u00a0Journ\u00e9e national d&rsquo;action unitaire retrait\u00e9s\u00a0\u00bb &#8212; Formation des sites R\u00e9gionaux du SNETAP-FSU\" data-secret=\"Lg42prvqvz\" frameborder=\"0\" marginwidth=\"0\" marginheight=\"0\" scrolling=\"no\" class=\"wp-embedded-content\"><\/iframe><script>\n\/*! This file is auto-generated *\/\n!function(d,l){\"use strict\";l.querySelector&&d.addEventListener&&\"undefined\"!=typeof URL&&(d.wp=d.wp||{},d.wp.receiveEmbedMessage||(d.wp.receiveEmbedMessage=function(e){var t=e.data;if((t||t.secret||t.message||t.value)&&!\/[^a-zA-Z0-9]\/.test(t.secret)){for(var s,r,n,a=l.querySelectorAll('iframe[data-secret=\"'+t.secret+'\"]'),o=l.querySelectorAll('blockquote[data-secret=\"'+t.secret+'\"]'),c=new RegExp(\"^https?:$\",\"i\"),i=0;i<o.length;i++)o[i].style.display=\"none\";for(i=0;i<a.length;i++)s=a[i],e.source===s.contentWindow&&(s.removeAttribute(\"style\"),\"height\"===t.message?(1e3<(r=parseInt(t.value,10))?r=1e3:~~r<200&&(r=200),s.height=r):\"link\"===t.message&&(r=new URL(s.getAttribute(\"src\")),n=new URL(t.value),c.test(n.protocol))&&n.host===r.host&&l.activeElement===s&&(d.top.location.href=t.value))}},d.addEventListener(\"message\",d.wp.receiveEmbedMessage,!1),l.addEventListener(\"DOMContentLoaded\",function(){for(var e,t,s=l.querySelectorAll(\"iframe.wp-embedded-content\"),r=0;r<s.length;r++)(t=(e=s[r]).getAttribute(\"data-secret\"))||(t=Math.random().toString(36).substring(2,12),e.src+=\"#?secret=\"+t,e.setAttribute(\"data-secret\",t)),e.contentWindow.postMessage({message:\"ready\",secret:t},\"*\")},!1)))}(window,document);\n\/\/# sourceURL=https:\/\/regions-snetap-fsu.fr\/formation\/wp-includes\/js\/wp-embed.min.js\n<\/script>\n","description":"Les Organisations Syndicales et Associations de Retrait\u00e9s du groupe des 9 du Nord, du Pas-de-Calais et de l&rsquo;Oise appellent les Retrait\u00e9s le jeudi 18 Octobre 2018 \u00e0 LA JOURN\u00c9E NATIONALE D\u2019ACTION UNITAIRE RETRAIT\u00c9S \u00e0 se rassembler devant le conseil d\u00e9partemental \u00e0 Arras \u00e0 10h30 pour intervention en pr\u00e9fecture, au rassemblement \u00e0 partir de 14h00 devant [&hellip;]"}