{"id":278,"date":"2018-09-12T20:58:57","date_gmt":"2018-09-12T18:58:57","guid":{"rendered":"https:\/\/regions-snetap-fsu.fr\/cvdl\/?page_id=278"},"modified":"2025-12-17T16:51:22","modified_gmt":"2025-12-17T15:51:22","slug":"vos-elus-a-la-chsctrea","status":"publish","type":"page","link":"https:\/\/regions-snetap-fsu.fr\/cvdl\/vos-elus-a-la-chsctrea\/","title":{"rendered":"Vos repr\u00e9sentants \u00e0 la F3SCT"},"content":{"rendered":"<p style=\"text-align: left\" align=\"center\"><span style=\"font-family: arial, helvetica, sans-serif;font-size: 20px\">La <\/span><span style=\"font-family: arial, helvetica, sans-serif;font-size: 20px\"><b>Formation <\/b><b>S<\/b><b>p\u00e9cialis\u00e9e <\/b><b>en <\/b><b>Sant\u00e9 S\u00e9curit\u00e9 et Conditions de Travail (F3SCT) <\/b><span style=\"font-size: 16px\"><em>ex CHSCT-REA\u00a0 <\/em><span style=\"font-size: 20px\">est d<\/span><\/span><\/span><span style=\"font-family: arial, helvetica, sans-serif;font-size: 20px\">epuis le 1<sup>er<\/sup> janvier 2023 la nouvelle instance pour d\u00e9fendre la sant\u00e9, la s\u00e9curit\u00e9 et les conditions de travail des agents des EPLEFPA.<\/span><\/p>\n<p align=\"justify\"><span style=\"font-family: arial, helvetica, sans-serif;font-size: 20px\">Le r\u00f4le de la F3SCT est de contribuer <span style=\"color: #000000\">\u00e0 l&rsquo;<\/span><span style=\"color: #000000\"><b>am\u00e9lioration des conditions de travail<\/b><\/span> <span style=\"color: #000000\">et <\/span>\u00e0 la <b>p<\/b><span style=\"color: #000000\"><b>r\u00e9ve<\/b><\/span><span style=\"color: #000000\"><b>ntion d<\/b><\/span><span style=\"color: #000000\"><b>es risques professionnels<\/b><\/span> <span style=\"color: #000000\">auxquels sont expos\u00e9s les agents des EPLEFPA. <\/span><\/span><span style=\"font-family: arial, helvetica, sans-serif;font-size: 20px\"><span style=\"color: #000000\">La F3SCT r\u00e9gionale est <\/span><span style=\"color: #000000\">issue du C<\/span><span style=\"color: #000000\">omit\u00e9<\/span><span style=\"color: #000000\"> Social d&rsquo;Administration <\/span><span style=\"color: #000000\">r\u00e9gional <\/span><span style=\"color: #000000\">(CSA).<\/span><\/span><\/p>\n<p align=\"justify\"><span style=\"color: #000000;font-family: arial, helvetica, sans-serif;font-size: 20px\">La F3sCT dispose :<br \/>\n<\/span><span style=\"font-family: arial, helvetica, sans-serif;font-size: 20px\"><span style=\"color: #000000\">\u00a0 \u00a0 \u00a0&#8211; d&rsquo;un <\/span><span style=\"color: #000000\"><b>droit d&rsquo;alerte<\/b><\/span><span style=\"color: #000000\"> lors <\/span><span style=\"color: #000000\">de la survenue <\/span><span style=\"color: #000000\">d&rsquo;un danger grave et imminent ;<br \/>\n<\/span><\/span><span style=\"font-family: arial, helvetica, sans-serif;font-size: 20px\"><span style=\"color: #000000\">\u00a0 \u00a0 \u00a0&#8211; d&rsquo;un <\/span><span style=\"color: #000000\"><b>droit d&rsquo;enqu\u00eate<\/b><\/span><span style=\"color: #000000\"> \u00e0 la suite de tout accident ayant <\/span><span style=\"color: #000000\">entra\u00een\u00e9<\/span><span style=\"color: #000000\"> des cons\u00e9quences graves ;<br \/>\n<\/span><\/span><span style=\"font-family: arial, helvetica, sans-serif;font-size: 20px\"><span style=\"color: #000000\">\u00a0 \u00a0 \u00a0&#8211; d<\/span><span style=\"color: #000000\">&lsquo;un <\/span><span style=\"color: #000000\"><b>droit de visite<\/b><\/span><span style=\"color: #000000\"> des services.<\/span><\/span><\/p>\n<p align=\"justify\"><span style=\"font-family: arial, helvetica, sans-serif;font-size: 20px\"><span style=\"color: #000000\"><b>En r\u00e9gion Centre-Val<\/b><\/span><span style=\"color: #000000\"> de Loire, la F3SCT est compos\u00e9e de :<br \/>\n<\/span><\/span><span style=\"font-family: arial, helvetica, sans-serif;font-size: 20px\"><span style=\"color: #000000\">\u00a0 \u00a0 \u00a0&#8211; <b>10 membres titulaires<\/b><\/span><span style=\"color: #000000\"> d\u00e9sign\u00e9.<\/span><span style=\"color: #000000\">e.<\/span><span style=\"color: #000000\">s parmi les 20 membres du CSA r\u00e9gional<br \/>\n<\/span><\/span><span style=\"font-family: arial, helvetica, sans-serif;font-size: 20px\"><span style=\"color: #000000\">\u00a0 \u00a0 &#8211;<b> 10 membres suppl\u00e9ant.<\/b><\/span><span style=\"color: #000000\"><b>e.<\/b><\/span><span style=\"color: #000000\"><b>s<\/b><\/span><span style=\"color: #000000\"> d\u00e9sign\u00e9.<\/span><span style=\"color: #000000\">e.<\/span><span style=\"color: #000000\">s parmi les membres actifs de la section syndicale r\u00e9gionale SNETAP-FSU<br \/>\n<\/span><\/span><span style=\"font-family: arial, helvetica, sans-serif;font-size: 20px\"><span style=\"color: #000000\">La dur\u00e9e du mandat d&rsquo;un.<\/span><span style=\"color: #000000\">e<\/span><span style=\"color: #000000\"> repr\u00e9sentant.<\/span><span style=\"color: #000000\">e<\/span><span style=\"color: #000000\"> est fix\u00e9e \u00e0 4 ans.<br \/>\n<\/span><\/span><span style=\"font-family: arial, helvetica, sans-serif;font-size: 20px\"><span style=\"color: #000000\">Un.<\/span><span style=\"color: #000000\">e<\/span><span style=\"color: #000000\"> secr\u00e9taire est d\u00e9sign\u00e9.<\/span><span style=\"color: #000000\">e <\/span><span style=\"color: #000000\">par les repr\u00e9sentant.<\/span><span style=\"color: #000000\">e.<\/span><span style=\"color: #000000\">s des personnels ainsi que la dur\u00e9e de son mandat.<br \/>\n<\/span><\/span><span style=\"color: #000000;font-family: arial, helvetica, sans-serif;font-size: 20px\">La F3SCT r\u00e9gionale est pr\u00e9sid\u00e9e par la DRAAF et se r\u00e9unit au minimum une fois par an<\/span><\/p>\n<p align=\"justify\"><a name=\"page107R_mcid0\"><\/a><span style=\"font-family: arial, helvetica, sans-serif;font-size: 20px\">Les repr\u00e9sentant.e.s du personnel b\u00e9n\u00e9ficient\u00a0:<br \/>\n<\/span><span style=\"font-family: arial, helvetica, sans-serif;font-size: 20px\">\u00a0 \u00a0 &#8211; d\u2019une <b>formation<\/b> en mati\u00e8re d\u2019hygi\u00e8ne, de s\u00e9curit\u00e9 et de conditions de travail d\u2019une dur\u00e9e minimale <b>de cinq jours<\/b> au cours de leur mandat ;<br \/>\n<\/span><span style=\"font-family: arial, helvetica, sans-serif;font-size: 20px\">\u00a0 \u00a0 &#8211; d\u2019un <b>contingent annuel d\u2019autorisations d\u2019absence<\/b> pour assurer leurs missions.<\/span><\/p>\n<p align=\"justify\"><span style=\"font-family: arial, helvetica, sans-serif;font-size: 20px\">Le SNETAP-FSU Centre-Val de Loire va d\u00e9fendre toutes les pr\u00e9rogatives de cette nouvelle instance et continuer de porter les dossiers sant\u00e9 et s\u00e9curit\u00e9 en cours : visites de site, m\u00e9decine de pr\u00e9vention, conditions de travail des IBA, risque chimique, formation des repr\u00e9sentant.e.s, chantiers forestiers et paysagers, etc&#8230;<\/span><\/p>\n<p align=\"justify\"><em><span style=\"font-family: arial, helvetica, sans-serif;font-size: 20px\">Texte de r\u00e9f\u00e9rence\u00a0: D\u00e9cret N\u00b0 2020-1427 du 20 novembre 2020 relatif aux comit\u00e9s sociaux d\u2019administration dans les administrations et les \u00e9tablissements publics de l\u2019Etat<\/span><\/em><\/p>\n<p><span style=\"font-family: arial, helvetica, sans-serif;font-size: 20px\"><strong><span style=\"text-decoration: underline\">Titulaires :<\/span><br \/>\n&#8211; Fr\u00e9d\u00e9ric CHASSAGNETTE <\/strong><em>LEGTA Tours-Fondettes<\/em><strong><br \/>\n&#8211; Sophie DRIEUX <\/strong><em>LEGTA de Ch\u00e2teauroux<\/em><strong><br \/>\n&#8211; Richard LE MOING <\/strong><em>LEGTA du Vend\u00f4me<\/em><strong><br \/>\n&#8211; Marie-Lise Fournier <\/strong> <em>CFA du Loir-et-Cher<\/em><strong><br \/>\n&#8211; Oscar MATEOS<\/strong><em> LEGTA de Chartres<\/em><strong><br \/>\n&#8211; Jackie COUDRAY <\/strong><em>LEGTA Montargis-Le Chesnoy<\/em><strong><br \/>\n&#8211; Franc PUGNET <\/strong><em>LEGTA de Bourges<\/em><strong><br \/>\n<\/strong><strong>&#8211; C\u00e9cilia AGIER<\/strong>\u00a0<em>LEGTA Montargis-Le Chesnoy<br \/>\n<\/em><strong>&#8211; <\/strong><strong>Sarah BEDU<\/strong> <em>LEGTA de Ch\u00e2teauroux<br \/>\n<\/em><strong>&#8211; Baptiste Borde<\/strong><em> LPA Amboise<\/em><\/span><\/p>\n<p>&nbsp;<\/p>\n<p><span style=\"text-decoration: underline\"><span style=\"font-family: arial, helvetica, sans-serif;font-size: 20px\"><strong>Supp<\/strong><\/span><\/span><span style=\"font-family: arial, helvetica, sans-serif;font-size: 20px\"><strong><span style=\"text-decoration: underline\">l\u00e9ant.e.s :<\/span><\/strong><strong><br \/>\n&#8211; Florence ANDRES <\/strong><em>LEGTA Tours Fondettes<\/em><strong><br \/>\n&#8211; \u00c9lodie BOUTARD <\/strong><em>LEGTA du Vend\u00f4me<\/em><\/span><span style=\"font-family: arial, helvetica, sans-serif;font-size: 20px\"><strong><br \/>\n&#8211; C\u00e9sar PALLUEAU<\/strong><em> LEGTA de Chartres<\/em><strong><br \/>\n&#8211; Adrien PLOUCHARD <\/strong><em>LPA de Montoire-sur-le-Loir<\/em><strong><br \/>\n&#8211; Yveline MENORET<\/strong><em>LEGTA Tours-Fondettes<\/em><strong><br \/>\n&#8211; Fr\u00e9d\u00e9ric STAPINATI <\/strong><em>CFA du Loiret<\/em><strong><br \/>\n&#8211; Val\u00e9rie SUBRA<\/strong><em> CFA du Loir-et-Cher<\/em><strong><br \/>\n&#8211; Pascale GOUX <\/strong><em>LPA de Chambray-les-Tours<\/em><strong><br \/>\n<\/strong><\/span><\/p>\n","protected":false},"excerpt":{"rendered":"<p>La Formation Sp\u00e9cialis\u00e9e en Sant\u00e9 S\u00e9curit\u00e9 et Conditions de Travail (F3SCT) ex CHSCT-REA\u00a0 est depuis le 1er janvier 2023 la nouvelle instance pour d\u00e9fendre la sant\u00e9, la s\u00e9curit\u00e9 et les conditions de travail des agents des EPLEFPA. Le r\u00f4le de la F3SCT est de contribuer \u00e0 l&rsquo;am\u00e9lioration des conditions de travail et \u00e0 la pr\u00e9vention [&hellip;]<\/p>\n","protected":false},"author":129,"featured_media":0,"parent":0,"menu_order":0,"comment_status":"closed","ping_status":"closed","template":"","meta":{"ocean_post_layout":"","ocean_both_sidebars_style":"","ocean_both_sidebars_content_width":0,"ocean_both_sidebars_sidebars_width":0,"ocean_sidebar":"0","ocean_second_sidebar":"0","ocean_disable_margins":"enable","ocean_add_body_class":"","ocean_shortcode_before_top_bar":"","ocean_shortcode_after_top_bar":"","ocean_shortcode_before_header":"","ocean_shortcode_after_header":"","ocean_has_shortcode":"","ocean_shortcode_after_title":"","ocean_shortcode_before_footer_widgets":"","ocean_shortcode_after_footer_widgets":"","ocean_shortcode_before_footer_bottom":"","ocean_shortcode_after_footer_bottom":"","ocean_display_top_bar":"default","ocean_display_header":"default","ocean_header_style":"","ocean_center_header_left_menu":"0","ocean_custom_header_template":"0","ocean_custom_logo":0,"ocean_custom_retina_logo":0,"ocean_custom_logo_max_width":0,"ocean_custom_logo_tablet_max_width":0,"ocean_custom_logo_mobile_max_width":0,"ocean_custom_logo_max_height":0,"ocean_custom_logo_tablet_max_height":0,"ocean_custom_logo_mobile_max_height":0,"ocean_header_custom_menu":"0","ocean_menu_typo_font_family":"0","ocean_menu_typo_font_subset":"","ocean_menu_typo_font_size":0,"ocean_menu_typo_font_size_tablet":0,"ocean_menu_typo_font_size_mobile":0,"ocean_menu_typo_font_size_unit":"px","ocean_menu_typo_font_weight":"","ocean_menu_typo_font_weight_tablet":"","ocean_menu_typo_font_weight_mobile":"","ocean_menu_typo_transform":"","ocean_menu_typo_transform_tablet":"","ocean_menu_typo_transform_mobile":"","ocean_menu_typo_line_height":0,"ocean_menu_typo_line_height_tablet":0,"ocean_menu_typo_line_height_mobile":0,"ocean_menu_typo_line_height_unit":"","ocean_menu_typo_spacing":0,"ocean_menu_typo_spacing_tablet":0,"ocean_menu_typo_spacing_mobile":0,"ocean_menu_typo_spacing_unit":"","ocean_menu_link_color":"","ocean_menu_link_color_hover":"","ocean_menu_link_color_active":"","ocean_menu_link_background":"","ocean_menu_link_hover_background":"","ocean_menu_link_active_background":"","ocean_menu_social_links_bg":"","ocean_menu_social_hover_links_bg":"","ocean_menu_social_links_color":"","ocean_menu_social_hover_links_color":"","ocean_disable_title":"default","ocean_disable_heading":"default","ocean_post_title":"","ocean_post_subheading":"","ocean_post_title_style":"","ocean_post_title_background_color":"","ocean_post_title_background":0,"ocean_post_title_bg_image_position":"","ocean_post_title_bg_image_attachment":"","ocean_post_title_bg_image_repeat":"","ocean_post_title_bg_image_size":"","ocean_post_title_height":0,"ocean_post_title_bg_overlay":0.5,"ocean_post_title_bg_overlay_color":"","ocean_disable_breadcrumbs":"default","ocean_breadcrumbs_color":"","ocean_breadcrumbs_separator_color":"","ocean_breadcrumbs_links_color":"","ocean_breadcrumbs_links_hover_color":"","ocean_display_footer_widgets":"default","ocean_display_footer_bottom":"default","ocean_custom_footer_template":"0","footnotes":""},"folder":[],"class_list":["post-278","page","type-page","status-publish","hentry","entry"],"yoast_head":"<!-- This site is optimized with the Yoast SEO plugin v27.4 - https:\/\/yoast.com\/product\/yoast-seo-wordpress\/ -->\n<title>Vos repr\u00e9sentants \u00e0 la F3SCT - CENTRE-VAL DE LOIRE<\/title>\n<meta name=\"robots\" content=\"index, follow, max-snippet:-1, max-image-preview:large, max-video-preview:-1\" \/>\n<link rel=\"canonical\" href=\"https:\/\/regions-snetap-fsu.fr\/cvdl\/vos-elus-a-la-chsctrea\/\" \/>\n<meta property=\"og:locale\" content=\"fr_FR\" \/>\n<meta property=\"og:type\" content=\"article\" \/>\n<meta property=\"og:title\" content=\"Vos repr\u00e9sentants \u00e0 la F3SCT - CENTRE-VAL DE LOIRE\" \/>\n<meta property=\"og:description\" content=\"La Formation Sp\u00e9cialis\u00e9e en Sant\u00e9 S\u00e9curit\u00e9 et Conditions de Travail (F3SCT) ex CHSCT-REA\u00a0 est depuis le 1er janvier 2023 la nouvelle instance pour d\u00e9fendre la sant\u00e9, la s\u00e9curit\u00e9 et les conditions de travail des agents des EPLEFPA. Le r\u00f4le de la F3SCT est de contribuer \u00e0 l&rsquo;am\u00e9lioration des conditions de travail et \u00e0 la pr\u00e9vention [&hellip;]\" \/>\n<meta property=\"og:url\" content=\"https:\/\/regions-snetap-fsu.fr\/cvdl\/vos-elus-a-la-chsctrea\/\" \/>\n<meta property=\"og:site_name\" content=\"CENTRE-VAL DE LOIRE\" \/>\n<meta property=\"article:modified_time\" content=\"2025-12-17T15:51:22+00:00\" \/>\n<meta name=\"twitter:card\" content=\"summary_large_image\" \/>\n<meta name=\"twitter:label1\" content=\"Dur\u00e9e de lecture estim\u00e9e\" \/>\n\t<meta name=\"twitter:data1\" content=\"3 minutes\" \/>\n<script type=\"application\/ld+json\" class=\"yoast-schema-graph\">{\"@context\":\"https:\\\/\\\/schema.org\",\"@graph\":[{\"@type\":\"WebPage\",\"@id\":\"https:\\\/\\\/regions-snetap-fsu.fr\\\/cvdl\\\/vos-elus-a-la-chsctrea\\\/\",\"url\":\"https:\\\/\\\/regions-snetap-fsu.fr\\\/cvdl\\\/vos-elus-a-la-chsctrea\\\/\",\"name\":\"Vos repr\u00e9sentants \u00e0 la F3SCT - CENTRE-VAL DE LOIRE\",\"isPartOf\":{\"@id\":\"https:\\\/\\\/regions-snetap-fsu.fr\\\/cvdl\\\/#website\"},\"datePublished\":\"2018-09-12T18:58:57+00:00\",\"dateModified\":\"2025-12-17T15:51:22+00:00\",\"breadcrumb\":{\"@id\":\"https:\\\/\\\/regions-snetap-fsu.fr\\\/cvdl\\\/vos-elus-a-la-chsctrea\\\/#breadcrumb\"},\"inLanguage\":\"fr-FR\",\"potentialAction\":[{\"@type\":\"ReadAction\",\"target\":[\"https:\\\/\\\/regions-snetap-fsu.fr\\\/cvdl\\\/vos-elus-a-la-chsctrea\\\/\"]}]},{\"@type\":\"BreadcrumbList\",\"@id\":\"https:\\\/\\\/regions-snetap-fsu.fr\\\/cvdl\\\/vos-elus-a-la-chsctrea\\\/#breadcrumb\",\"itemListElement\":[{\"@type\":\"ListItem\",\"position\":1,\"name\":\"Accueil\",\"item\":\"https:\\\/\\\/regions-snetap-fsu.fr\\\/cvdl\\\/\"},{\"@type\":\"ListItem\",\"position\":2,\"name\":\"Vos repr\u00e9sentants \u00e0 la F3SCT\"}]},{\"@type\":\"WebSite\",\"@id\":\"https:\\\/\\\/regions-snetap-fsu.fr\\\/cvdl\\\/#website\",\"url\":\"https:\\\/\\\/regions-snetap-fsu.fr\\\/cvdl\\\/\",\"name\":\"SNETAP-FSU - CENTRE-VAL DE LOIRE\",\"description\":\"Le blog de la Section R\u00e9gionale\",\"publisher\":{\"@id\":\"https:\\\/\\\/regions-snetap-fsu.fr\\\/cvdl\\\/#organization\"},\"potentialAction\":[{\"@type\":\"SearchAction\",\"target\":{\"@type\":\"EntryPoint\",\"urlTemplate\":\"https:\\\/\\\/regions-snetap-fsu.fr\\\/cvdl\\\/?s={search_term_string}\"},\"query-input\":{\"@type\":\"PropertyValueSpecification\",\"valueRequired\":true,\"valueName\":\"search_term_string\"}}],\"inLanguage\":\"fr-FR\"},{\"@type\":\"Organization\",\"@id\":\"https:\\\/\\\/regions-snetap-fsu.fr\\\/cvdl\\\/#organization\",\"name\":\"SNETAP-FSU - Centre Val de Loire\",\"url\":\"https:\\\/\\\/regions-snetap-fsu.fr\\\/cvdl\\\/\",\"logo\":{\"@type\":\"ImageObject\",\"inLanguage\":\"fr-FR\",\"@id\":\"https:\\\/\\\/regions-snetap-fsu.fr\\\/cvdl\\\/#\\\/schema\\\/logo\\\/image\\\/\",\"url\":\"https:\\\/\\\/regions-snetap-fsu.fr\\\/cvdl\\\/wp-content\\\/uploads\\\/sites\\\/10\\\/2020\\\/09\\\/logo-SNETAP.png\",\"contentUrl\":\"https:\\\/\\\/regions-snetap-fsu.fr\\\/cvdl\\\/wp-content\\\/uploads\\\/sites\\\/10\\\/2020\\\/09\\\/logo-SNETAP.png\",\"width\":380,\"height\":290,\"caption\":\"SNETAP-FSU - Centre Val de Loire\"},\"image\":{\"@id\":\"https:\\\/\\\/regions-snetap-fsu.fr\\\/cvdl\\\/#\\\/schema\\\/logo\\\/image\\\/\"}}]}<\/script>\n<!-- \/ Yoast SEO plugin. -->","yoast_head_json":{"title":"Vos repr\u00e9sentants \u00e0 la F3SCT - CENTRE-VAL DE LOIRE","robots":{"index":"index","follow":"follow","max-snippet":"max-snippet:-1","max-image-preview":"max-image-preview:large","max-video-preview":"max-video-preview:-1"},"canonical":"https:\/\/regions-snetap-fsu.fr\/cvdl\/vos-elus-a-la-chsctrea\/","og_locale":"fr_FR","og_type":"article","og_title":"Vos repr\u00e9sentants \u00e0 la F3SCT - CENTRE-VAL DE LOIRE","og_description":"La Formation Sp\u00e9cialis\u00e9e en Sant\u00e9 S\u00e9curit\u00e9 et Conditions de Travail (F3SCT) ex CHSCT-REA\u00a0 est depuis le 1er janvier 2023 la nouvelle instance pour d\u00e9fendre la sant\u00e9, la s\u00e9curit\u00e9 et les conditions de travail des agents des EPLEFPA. Le r\u00f4le de la F3SCT est de contribuer \u00e0 l&rsquo;am\u00e9lioration des conditions de travail et \u00e0 la pr\u00e9vention [&hellip;]","og_url":"https:\/\/regions-snetap-fsu.fr\/cvdl\/vos-elus-a-la-chsctrea\/","og_site_name":"CENTRE-VAL DE LOIRE","article_modified_time":"2025-12-17T15:51:22+00:00","twitter_card":"summary_large_image","twitter_misc":{"Dur\u00e9e de lecture estim\u00e9e":"3 minutes"},"schema":{"@context":"https:\/\/schema.org","@graph":[{"@type":"WebPage","@id":"https:\/\/regions-snetap-fsu.fr\/cvdl\/vos-elus-a-la-chsctrea\/","url":"https:\/\/regions-snetap-fsu.fr\/cvdl\/vos-elus-a-la-chsctrea\/","name":"Vos repr\u00e9sentants \u00e0 la F3SCT - CENTRE-VAL DE LOIRE","isPartOf":{"@id":"https:\/\/regions-snetap-fsu.fr\/cvdl\/#website"},"datePublished":"2018-09-12T18:58:57+00:00","dateModified":"2025-12-17T15:51:22+00:00","breadcrumb":{"@id":"https:\/\/regions-snetap-fsu.fr\/cvdl\/vos-elus-a-la-chsctrea\/#breadcrumb"},"inLanguage":"fr-FR","potentialAction":[{"@type":"ReadAction","target":["https:\/\/regions-snetap-fsu.fr\/cvdl\/vos-elus-a-la-chsctrea\/"]}]},{"@type":"BreadcrumbList","@id":"https:\/\/regions-snetap-fsu.fr\/cvdl\/vos-elus-a-la-chsctrea\/#breadcrumb","itemListElement":[{"@type":"ListItem","position":1,"name":"Accueil","item":"https:\/\/regions-snetap-fsu.fr\/cvdl\/"},{"@type":"ListItem","position":2,"name":"Vos repr\u00e9sentants \u00e0 la F3SCT"}]},{"@type":"WebSite","@id":"https:\/\/regions-snetap-fsu.fr\/cvdl\/#website","url":"https:\/\/regions-snetap-fsu.fr\/cvdl\/","name":"SNETAP-FSU - CENTRE-VAL DE LOIRE","description":"Le blog de la Section R\u00e9gionale","publisher":{"@id":"https:\/\/regions-snetap-fsu.fr\/cvdl\/#organization"},"potentialAction":[{"@type":"SearchAction","target":{"@type":"EntryPoint","urlTemplate":"https:\/\/regions-snetap-fsu.fr\/cvdl\/?s={search_term_string}"},"query-input":{"@type":"PropertyValueSpecification","valueRequired":true,"valueName":"search_term_string"}}],"inLanguage":"fr-FR"},{"@type":"Organization","@id":"https:\/\/regions-snetap-fsu.fr\/cvdl\/#organization","name":"SNETAP-FSU - Centre Val de Loire","url":"https:\/\/regions-snetap-fsu.fr\/cvdl\/","logo":{"@type":"ImageObject","inLanguage":"fr-FR","@id":"https:\/\/regions-snetap-fsu.fr\/cvdl\/#\/schema\/logo\/image\/","url":"https:\/\/regions-snetap-fsu.fr\/cvdl\/wp-content\/uploads\/sites\/10\/2020\/09\/logo-SNETAP.png","contentUrl":"https:\/\/regions-snetap-fsu.fr\/cvdl\/wp-content\/uploads\/sites\/10\/2020\/09\/logo-SNETAP.png","width":380,"height":290,"caption":"SNETAP-FSU - Centre Val de Loire"},"image":{"@id":"https:\/\/regions-snetap-fsu.fr\/cvdl\/#\/schema\/logo\/image\/"}}]}},"_links":{"self":[{"href":"https:\/\/regions-snetap-fsu.fr\/cvdl\/wp-json\/wp\/v2\/pages\/278","targetHints":{"allow":["GET"]}}],"collection":[{"href":"https:\/\/regions-snetap-fsu.fr\/cvdl\/wp-json\/wp\/v2\/pages"}],"about":[{"href":"https:\/\/regions-snetap-fsu.fr\/cvdl\/wp-json\/wp\/v2\/types\/page"}],"author":[{"embeddable":true,"href":"https:\/\/regions-snetap-fsu.fr\/cvdl\/wp-json\/wp\/v2\/users\/129"}],"replies":[{"embeddable":true,"href":"https:\/\/regions-snetap-fsu.fr\/cvdl\/wp-json\/wp\/v2\/comments?post=278"}],"version-history":[{"count":22,"href":"https:\/\/regions-snetap-fsu.fr\/cvdl\/wp-json\/wp\/v2\/pages\/278\/revisions"}],"predecessor-version":[{"id":2605,"href":"https:\/\/regions-snetap-fsu.fr\/cvdl\/wp-json\/wp\/v2\/pages\/278\/revisions\/2605"}],"wp:attachment":[{"href":"https:\/\/regions-snetap-fsu.fr\/cvdl\/wp-json\/wp\/v2\/media?parent=278"}],"wp:term":[{"taxonomy":"folder","embeddable":true,"href":"https:\/\/regions-snetap-fsu.fr\/cvdl\/wp-json\/wp\/v2\/folder?post=278"}],"curies":[{"name":"wp","href":"https:\/\/api.w.org\/{rel}","templated":true}]}}