{"version":"1.0","provider_name":"CENTRE-VAL DE LOIRE","provider_url":"https:\/\/regions-snetap-fsu.fr\/cvdl","author_name":"amasson","author_url":"https:\/\/regions-snetap-fsu.fr\/cvdl\/author\/amasson\/","title":"Congr\u00e8s R\u00e9gional - CENTRE-VAL DE LOIRE","type":"rich","width":600,"height":338,"html":"<blockquote class=\"wp-embedded-content\" data-secret=\"sQCrVJNib1\"><a href=\"https:\/\/regions-snetap-fsu.fr\/cvdl\/2023\/04\/08\/congres-regional-2\/\">Congr\u00e8s R\u00e9gional<\/a><\/blockquote><iframe sandbox=\"allow-scripts\" security=\"restricted\" src=\"https:\/\/regions-snetap-fsu.fr\/cvdl\/2023\/04\/08\/congres-regional-2\/embed\/#?secret=sQCrVJNib1\" width=\"600\" height=\"338\" title=\"\u00ab\u00a0Congr\u00e8s R\u00e9gional\u00a0\u00bb &#8212; CENTRE-VAL DE LOIRE\" data-secret=\"sQCrVJNib1\" frameborder=\"0\" marginwidth=\"0\" marginheight=\"0\" scrolling=\"no\" class=\"wp-embedded-content\"><\/iframe><script>\n\/*! This file is auto-generated *\/\n!function(d,l){\"use strict\";l.querySelector&&d.addEventListener&&\"undefined\"!=typeof URL&&(d.wp=d.wp||{},d.wp.receiveEmbedMessage||(d.wp.receiveEmbedMessage=function(e){var t=e.data;if((t||t.secret||t.message||t.value)&&!\/[^a-zA-Z0-9]\/.test(t.secret)){for(var s,r,n,a=l.querySelectorAll('iframe[data-secret=\"'+t.secret+'\"]'),o=l.querySelectorAll('blockquote[data-secret=\"'+t.secret+'\"]'),c=new RegExp(\"^https?:$\",\"i\"),i=0;i<o.length;i++)o[i].style.display=\"none\";for(i=0;i<a.length;i++)s=a[i],e.source===s.contentWindow&&(s.removeAttribute(\"style\"),\"height\"===t.message?(1e3<(r=parseInt(t.value,10))?r=1e3:~~r<200&&(r=200),s.height=r):\"link\"===t.message&&(r=new URL(s.getAttribute(\"src\")),n=new URL(t.value),c.test(n.protocol))&&n.host===r.host&&l.activeElement===s&&(d.top.location.href=t.value))}},d.addEventListener(\"message\",d.wp.receiveEmbedMessage,!1),l.addEventListener(\"DOMContentLoaded\",function(){for(var e,t,s=l.querySelectorAll(\"iframe.wp-embedded-content\"),r=0;r<s.length;r++)(t=(e=s[r]).getAttribute(\"data-secret\"))||(t=Math.random().toString(36).substring(2,12),e.src+=\"#?secret=\"+t,e.setAttribute(\"data-secret\",t)),e.contentWindow.postMessage({message:\"ready\",secret:t},\"*\")},!1)))}(window,document);\n\/\/# sourceURL=https:\/\/regions-snetap-fsu.fr\/cvdl\/wp-includes\/js\/wp-embed.min.js\n<\/script>\n","thumbnail_url":"https:\/\/regions-snetap-fsu.fr\/cvdl\/wp-content\/uploads\/sites\/10\/2023\/03\/logo-snetap-cvl.png","thumbnail_width":870,"thumbnail_height":400,"description":"Ce congr\u00e8s a permis aux d\u00e9l\u00e9gu\u00e9s des sections de la r\u00e9gion de pr\u00e9parer le Congr\u00e8s National de Dax (40). 5 mandats seront port\u00e9s \u00e0 Dax et soumis \u00e0 tous les congressistes venus de toute la France. Les prochains bulletins nationaux vous donneront les grandes orientations d\u00e9cid\u00e9es \u00e0 Dax pour les trois ann\u00e9es \u00e0 venir. Tous [&hellip;]"}