{"version":"1.0","provider_name":"AUVERGNE RH\u00d4NE-ALPES","provider_url":"https:\/\/regions-snetap-fsu.fr\/ara","author_name":"fmelin","author_url":"https:\/\/regions-snetap-fsu.fr\/ara\/author\/fmelin\/","title":"Calendrier - AUVERGNE RH\u00d4NE-ALPES","type":"rich","width":600,"height":338,"html":"<blockquote class=\"wp-embedded-content\" data-secret=\"Q3XffnE3Tr\"><a href=\"https:\/\/regions-snetap-fsu.fr\/ara\/2017\/11\/23\/calendrier\/\">Calendrier<\/a><\/blockquote><iframe sandbox=\"allow-scripts\" security=\"restricted\" src=\"https:\/\/regions-snetap-fsu.fr\/ara\/2017\/11\/23\/calendrier\/embed\/#?secret=Q3XffnE3Tr\" width=\"600\" height=\"338\" title=\"\u00ab\u00a0Calendrier\u00a0\u00bb &#8212; AUVERGNE RH\u00d4NE-ALPES\" data-secret=\"Q3XffnE3Tr\" frameborder=\"0\" marginwidth=\"0\" marginheight=\"0\" scrolling=\"no\" class=\"wp-embedded-content\"><\/iframe><script>\n\/*! This file is auto-generated *\/\n!function(d,l){\"use strict\";l.querySelector&&d.addEventListener&&\"undefined\"!=typeof URL&&(d.wp=d.wp||{},d.wp.receiveEmbedMessage||(d.wp.receiveEmbedMessage=function(e){var t=e.data;if((t||t.secret||t.message||t.value)&&!\/[^a-zA-Z0-9]\/.test(t.secret)){for(var s,r,n,a=l.querySelectorAll('iframe[data-secret=\"'+t.secret+'\"]'),o=l.querySelectorAll('blockquote[data-secret=\"'+t.secret+'\"]'),c=new RegExp(\"^https?:$\",\"i\"),i=0;i<o.length;i++)o[i].style.display=\"none\";for(i=0;i<a.length;i++)s=a[i],e.source===s.contentWindow&&(s.removeAttribute(\"style\"),\"height\"===t.message?(1e3<(r=parseInt(t.value,10))?r=1e3:~~r<200&&(r=200),s.height=r):\"link\"===t.message&&(r=new URL(s.getAttribute(\"src\")),n=new URL(t.value),c.test(n.protocol))&&n.host===r.host&&l.activeElement===s&&(d.top.location.href=t.value))}},d.addEventListener(\"message\",d.wp.receiveEmbedMessage,!1),l.addEventListener(\"DOMContentLoaded\",function(){for(var e,t,s=l.querySelectorAll(\"iframe.wp-embedded-content\"),r=0;r<s.length;r++)(t=(e=s[r]).getAttribute(\"data-secret\"))||(t=Math.random().toString(36).substring(2,12),e.src+=\"#?secret=\"+t,e.setAttribute(\"data-secret\",t)),e.contentWindow.postMessage({message:\"ready\",secret:t},\"*\")},!1)))}(window,document);\n\/\/# sourceURL=https:\/\/regions-snetap-fsu.fr\/ara\/wp-includes\/js\/wp-embed.min.js\n<\/script>\n","description":"Les prochaines dates \u00e0 retenir &#8211; 9 au 13 d\u00e9cembre 2019 : Congr\u00e8s f\u00e9d\u00e9ral de la FSU \u00e0 Clermont-Ferrand &#8211; 23 janvier 2020 : R\u00e9union du bureau r\u00e9gional &#8211; 6 f\u00e9vrier 2020 : CTREA -20 f\u00e9vrier 2020 : Congr\u00e8s r\u00e9gional -1er au 4 avril 2020 : Congr\u00e8s national du SNETAP-FSU \u00e0 Dax &nbsp; \u00a0","thumbnail_url":"https:\/\/regions-snetap-fsu.fr\/ara\/wp-content\/uploads\/sites\/12\/2017\/11\/image-agenda-300x200.jpg"}